{"id":33329,"date":"2025-07-09T06:06:07","date_gmt":"2025-07-09T06:06:07","guid":{"rendered":"https:\/\/mediterra.group\/kuzey-kibris-hakkinda\/"},"modified":"2025-10-08T08:34:08","modified_gmt":"2025-10-08T08:34:08","slug":"kuzey-kibris-hakkinda","status":"publish","type":"page","link":"https:\/\/mediterra.group\/tr\/kuzey-kibris-hakkinda\/","title":{"rendered":"Kuzey K\u0131br\u0131s Hakk\u0131nda"},"content":{"rendered":"\t\t<div data-elementor-type=\"wp-page\" data-elementor-id=\"33329\" class=\"elementor elementor-33329 elementor-21319\" data-elementor-post-type=\"page\">\n\t\t\t\t<div class=\"elementor-element elementor-element-46145ce animated-slow e-flex e-con-boxed elementor-invisible e-con e-parent\" data-id=\"46145ce\" data-element_type=\"container\" data-e-type=\"container\" data-settings=\"{&quot;background_background&quot;:&quot;classic&quot;,&quot;animation&quot;:&quot;fadeIn&quot;}\">\n\t\t\t\t\t<div class=\"e-con-inner\">\n\t\t<div class=\"elementor-element elementor-element-6d44584 e-con-full e-flex e-con e-child\" data-id=\"6d44584\" data-element_type=\"container\" data-e-type=\"container\">\n\t\t\t\t<div class=\"elementor-element elementor-element-309235c elementor-widget elementor-widget-heading\" data-id=\"309235c\" data-element_type=\"widget\" data-e-type=\"widget\" data-widget_type=\"heading.default\">\n\t\t\t\t<div class=\"elementor-widget-container\">\n\t\t\t\t\t<h2 class=\"elementor-heading-title elementor-size-default\"><br>Kuzey K\u0131br\u0131s Hakk\u0131nda<\/h2>\t\t\t\t<\/div>\n\t\t\t\t<\/div>\n\t\t\t\t<\/div>\n\t\t<div class=\"elementor-element elementor-element-eb47e6b e-con-full e-flex e-con e-child\" data-id=\"eb47e6b\" data-element_type=\"container\" data-e-type=\"container\">\n\t\t\t\t<\/div>\n\t\t\t\t\t<\/div>\n\t\t\t\t<\/div>\n\t\t<div class=\"elementor-element elementor-element-6135d44 e-flex e-con-boxed e-con e-parent\" data-id=\"6135d44\" data-element_type=\"container\" data-e-type=\"container\">\n\t\t\t\t\t<div class=\"e-con-inner\">\n\t\t\t\t<div class=\"elementor-element elementor-element-1231357 elementor-widget elementor-widget-heading\" data-id=\"1231357\" data-element_type=\"widget\" data-e-type=\"widget\" data-widget_type=\"heading.default\">\n\t\t\t\t<div class=\"elementor-widget-container\">\n\t\t\t\t\t<h2 class=\"elementor-heading-title elementor-size-default\">Kuzey K\u0131br\u0131s  <\/h2>\t\t\t\t<\/div>\n\t\t\t\t<\/div>\n\t\t\t\t<div class=\"elementor-element elementor-element-f6f99cb elementor-widget elementor-widget-text-editor\" data-id=\"f6f99cb\" data-element_type=\"widget\" data-e-type=\"widget\" data-widget_type=\"text-editor.default\">\n\t\t\t\t<div class=\"elementor-widget-container\">\n\t\t\t\t\t\t\t\t\t<p data-start=\"46\" data-end=\"388\">Do\u011fan\u0131n ya\u015fam tarz\u0131yla nazik\u00e7e bulu\u015ftu\u011fu yerdir. U\u00e7suz bucaks\u0131z alt\u0131n kumsallar\u0131, kristal berrakl\u0131\u011f\u0131ndaki sular\u0131 ve el de\u011fmemi\u015f manzaralar\u0131yla ada, modern ya\u015fam\u0131n h\u0131zl\u0131 temposundan huzurlu bir ka\u00e7\u0131\u015f sunuyor. \u0130ster sessiz da\u011f patikalar\u0131nda y\u00fcr\u00fcyor ister deniz kenar\u0131nda dinleniyor olun, buradaki do\u011fal g\u00fczellik s\u00fcrekli ve sakinle\u015ftiricidir.  <\/p><p data-start=\"46\" data-end=\"388\">Akdeniz iklimi y\u0131lda 300&#8217;den fazla g\u00fcne\u015fli g\u00fcn getirerek her evi ve soka\u011f\u0131 s\u0131cak \u0131\u015f\u0131k ve enerjiyle doldurur. Geleneksel mimari, ta\u015f evler ve tarihi k\u00f6yler, tarihi konforla harmanlayarak manzaraya cazibe katar G\u00fczel g\u00fcn do\u011fumlar\u0131ndan deniz kenar\u0131ndaki sessiz ye\u015fil noktalara kadar, Kuzey K\u0131br\u0131s rahatlaman\u0131za, yava\u015flaman\u0131za ve g\u00fcnl\u00fck anlar\u0131n tad\u0131n\u0131 \u00e7\u0131karman\u0131za yard\u0131mc\u0131 olacak t\u00fcrden bir yerdir. <\/p>\t\t\t\t\t\t\t\t<\/div>\n\t\t\t\t<\/div>\n\t\t\t\t\t<\/div>\n\t\t\t\t<\/div>\n\t\t<div class=\"elementor-element elementor-element-a69093a e-flex e-con-boxed e-con e-parent\" data-id=\"a69093a\" data-element_type=\"container\" data-e-type=\"container\" data-settings=\"{&quot;background_background&quot;:&quot;classic&quot;}\">\n\t\t\t\t\t<div class=\"e-con-inner\">\n\t\t\t\t<div class=\"elementor-element elementor-element-b07968f elementor-widget elementor-widget-heading\" data-id=\"b07968f\" data-element_type=\"widget\" data-e-type=\"widget\" data-widget_type=\"heading.default\">\n\t\t\t\t<div class=\"elementor-widget-container\">\n\t\t\t\t\t<h2 class=\"elementor-heading-title elementor-size-default\">G\u00fczellik ve Do\u011fa<\/h2>\t\t\t\t<\/div>\n\t\t\t\t<\/div>\n\t\t\t\t\t<\/div>\n\t\t\t\t<\/div>\n\t\t<div class=\"elementor-element elementor-element-ac345ca e-flex e-con-boxed e-con e-parent\" data-id=\"ac345ca\" data-element_type=\"container\" data-e-type=\"container\">\n\t\t\t\t\t<div class=\"e-con-inner\">\n\t\t\t\t<div class=\"elementor-element elementor-element-534c742 elementor-widget elementor-widget-text-editor\" data-id=\"534c742\" data-element_type=\"widget\" data-e-type=\"widget\" data-widget_type=\"text-editor.default\">\n\t\t\t\t<div class=\"elementor-widget-container\">\n\t\t\t\t\t\t\t\t\t<p>Kuzey K\u0131br\u0131s nefes kesici bir do\u011fa, huzurlu bir atmosfer ve hem g\u00fcnl\u00fck ya\u015fam hem de ko\u015fu\u015fturmadan ka\u00e7mak i\u00e7in ideal olan yava\u015f, Akdenizli bir ya\u015fam ritmi sunmaktad\u0131r.<\/p><div class=\"page\" title=\"Sayfa 2\"><div class=\"section\"><div class=\"layoutArea\"><div class=\"column\"><p>Kuzey K\u0131br\u0131s, do\u011fan\u0131n ya\u015fam tarz\u0131yla nazik\u00e7e bulu\u015ftu\u011fu yerdir. U\u00e7suz bucaks\u0131z alt\u0131n kumsallar\u0131, kristal berrakl\u0131\u011f\u0131ndaki sular\u0131 ve el de\u011fmemi\u015f manzaralar\u0131yla ada, modern ya\u015fam\u0131n h\u0131zl\u0131 temposundan huzurlu bir ka\u00e7\u0131\u015f sunmaktad\u0131r. \u0130ster sessiz da\u011f patikalar\u0131nda y\u00fcr\u00fcyor ister deniz kenar\u0131nda dinleniyor olun, buradaki do\u011fal g\u00fczellik s\u00fcrekli ve sakinle\u015ftiricidir.  <\/p><p>Akdeniz iklimi y\u0131lda 300&#8217;den fazla g\u00fcne\u015fli g\u00fcn getirerek her evi ve soka\u011f\u0131 s\u0131cak \u0131\u015f\u0131k ve enerjiyle doldurur. Geleneksel mimari, ta\u015f evler ve Bellapais veya Girne gibi tarihi k\u00f6yler manzaraya cazibe katarak tarihi konforla harmanl\u0131yor. G\u00fczel g\u00fcn do\u011fumlar\u0131ndan deniz kenar\u0131ndaki sessiz ye\u015fil noktalara kadar, Kuzey K\u0131br\u0131s rahatlaman\u0131za, yava\u015flaman\u0131za ve g\u00fcnl\u00fck anlar\u0131n tad\u0131n\u0131 \u00e7\u0131karman\u0131za yard\u0131mc\u0131 olacak t\u00fcrden bir yerdir. <\/p><\/div><\/div><\/div><\/div>\t\t\t\t\t\t\t\t<\/div>\n\t\t\t\t<\/div>\n\t\t\t\t\t<\/div>\n\t\t\t\t<\/div>\n\t\t<div class=\"elementor-element elementor-element-f4526be e-flex e-con-boxed e-con e-parent\" data-id=\"f4526be\" data-element_type=\"container\" data-e-type=\"container\" data-settings=\"{&quot;background_background&quot;:&quot;classic&quot;}\">\n\t\t\t\t\t<div class=\"e-con-inner\">\n\t\t\t\t<div class=\"elementor-element elementor-element-11854bf elementor-widget elementor-widget-heading\" data-id=\"11854bf\" data-element_type=\"widget\" data-e-type=\"widget\" data-widget_type=\"heading.default\">\n\t\t\t\t<div class=\"elementor-widget-container\">\n\t\t\t\t\t<h2 class=\"elementor-heading-title elementor-size-default\">Kuzey K\u0131br\u0131s Plajlar\u0131<\/h2>\t\t\t\t<\/div>\n\t\t\t\t<\/div>\n\t\t\t\t\t<\/div>\n\t\t\t\t<\/div>\n\t\t<div class=\"elementor-element elementor-element-6e02e7c e-flex e-con-boxed e-con e-parent\" data-id=\"6e02e7c\" data-element_type=\"container\" data-e-type=\"container\">\n\t\t\t\t\t<div class=\"e-con-inner\">\n\t\t\t\t<div class=\"elementor-element elementor-element-d44479b elementor-widget elementor-widget-text-editor\" data-id=\"d44479b\" data-element_type=\"widget\" data-e-type=\"widget\" data-widget_type=\"text-editor.default\">\n\t\t\t\t<div class=\"elementor-widget-container\">\n\t\t\t\t\t\t\t\t\t<div class=\"page\" title=\"Sayfa 2\"><div class=\"section\"><div class=\"layoutArea\"><div class=\"column\"><div class=\"page\" title=\"Sayfa 2\"><div class=\"section\"><div class=\"layoutArea\"><div class=\"column\"><p>Kuzey K\u0131br\u0131s, Akdeniz&#8217;in en g\u00fczel ve huzurlu plajlar\u0131ndan baz\u0131lar\u0131na ev sahipli\u011fi yapmaktad\u0131r. Uzun, vah\u015fi sahil \u015feritlerinden masmavi sulara sahip sakin koylara kadar ada y\u00fczmek, g\u00fcne\u015flenmek ya da sadece dinlenip manzaran\u0131n tad\u0131n\u0131 \u00e7\u0131karmak i\u00e7in m\u00fckemmel bir ortam sunmaktad\u0131r. <\/p><p>Karpaz Yar\u0131madas\u0131 gibi b\u00f6lgelerde do\u011fa, geni\u015f a\u00e7\u0131k alanlar, alt\u0131n sar\u0131s\u0131 kumlar ve sessiz, dinlendirici bir atmosferle el de\u011fmeden kal\u0131r.<\/p><p>En iyi k\u0131sm\u0131 m\u0131? Buradaki plajlar\u0131n \u00e7o\u011fu asla kalabal\u0131k de\u011fildir, bu da onlar\u0131 aileler, \u00f6\u011frenciler veya sakin ve do\u011fal bir ortamda denizin tad\u0131n\u0131 \u00e7\u0131karmak isteyen herkes i\u00e7in ideal k\u0131lar. <\/p><ul><li>  Belirli plaj isimleri (\u00f6rne\u011fin, Alt\u0131n Kumsal, Alagadi, Ka\u00e7\u0131\u015f Plaj\u0131) proje konumuna veya oda\u011f\u0131na ba\u011fl\u0131 olarak daha sonra buraya eklenebilir.<\/li><\/ul><\/div><\/div><\/div><\/div><\/div><\/div><\/div><\/div>\t\t\t\t\t\t\t\t<\/div>\n\t\t\t\t<\/div>\n\t\t\t\t\t<\/div>\n\t\t\t\t<\/div>\n\t\t<div class=\"elementor-element elementor-element-6fb6e47 e-flex e-con-boxed e-con e-parent\" data-id=\"6fb6e47\" data-element_type=\"container\" data-e-type=\"container\" data-settings=\"{&quot;background_background&quot;:&quot;classic&quot;}\">\n\t\t\t\t\t<div class=\"e-con-inner\">\n\t\t\t\t<div class=\"elementor-element elementor-element-ed2a7a9 elementor-widget elementor-widget-heading\" data-id=\"ed2a7a9\" data-element_type=\"widget\" data-e-type=\"widget\" data-widget_type=\"heading.default\">\n\t\t\t\t<div class=\"elementor-widget-container\">\n\t\t\t\t\t<h2 class=\"elementor-heading-title elementor-size-default\">Manzara ve Do\u011fa<\/h2>\t\t\t\t<\/div>\n\t\t\t\t<\/div>\n\t\t\t\t\t<\/div>\n\t\t\t\t<\/div>\n\t\t<div class=\"elementor-element elementor-element-bd685d2 e-flex e-con-boxed e-con e-parent\" data-id=\"bd685d2\" data-element_type=\"container\" data-e-type=\"container\">\n\t\t\t\t\t<div class=\"e-con-inner\">\n\t\t\t\t<div class=\"elementor-element elementor-element-b7e3979 elementor-widget elementor-widget-text-editor\" data-id=\"b7e3979\" data-element_type=\"widget\" data-e-type=\"widget\" data-widget_type=\"text-editor.default\">\n\t\t\t\t<div class=\"elementor-widget-container\">\n\t\t\t\t\t\t\t\t\t<div class=\"page\" title=\"Sayfa 2\"><div class=\"section\"><div class=\"layoutArea\"><div class=\"column\"><p>Kuzey K\u0131br\u0131s \u00e7ok \u00e7e\u015fitli ve bozulmam\u0131\u015f bir do\u011fal \u00e7evreye ev sahipli\u011fi yapmaktad\u0131r. \u0130ni\u015fli \u00e7\u0131k\u0131\u015fl\u0131 tepeler ve sessiz da\u011flardan huzurlu ye\u015fil vadilere ve manzaral\u0131 k\u0131rsal alanlara kadar b\u00f6lge, g\u00fcnl\u00fck ya\u015fam i\u00e7in g\u00fczel bir zemin sunmaktad\u0131r. Sakin ve a\u00e7\u0131k manzaralar\u0131 y\u00fcr\u00fcy\u00fc\u015f, bisiklet ve foto\u011fraf\u00e7\u0131l\u0131k gibi a\u00e7\u0131k hava etkinliklerini davet ederken, daha yava\u015f ve dikkatli bir ya\u015fam tarz\u0131n\u0131 da desteklemektedir.  <\/p><\/div><\/div><\/div><\/div><div class=\"page\" title=\"Sayfa 3\"><div class=\"section\"><div class=\"layoutArea\"><div class=\"column\"><p>\u0130ster do\u011fada bir y\u00fcr\u00fcy\u00fc\u015f\u00fcn tad\u0131n\u0131 \u00e7\u0131kar\u0131n ister sadece manzaray\u0131 seyredin, adan\u0131n manzaras\u0131 denge, ba\u011flant\u0131 ve esenli\u011fi te\u015fvik eder.<\/p><\/div><\/div><\/div><\/div>\t\t\t\t\t\t\t\t<\/div>\n\t\t\t\t<\/div>\n\t\t\t\t\t<\/div>\n\t\t\t\t<\/div>\n\t\t<div class=\"elementor-element elementor-element-d2befb6 e-flex e-con-boxed e-con e-parent\" data-id=\"d2befb6\" data-element_type=\"container\" data-e-type=\"container\" data-settings=\"{&quot;background_background&quot;:&quot;classic&quot;}\">\n\t\t\t\t\t<div class=\"e-con-inner\">\n\t\t\t\t<div class=\"elementor-element elementor-element-1fb1283 elementor-widget elementor-widget-heading\" data-id=\"1fb1283\" data-element_type=\"widget\" data-e-type=\"widget\" data-widget_type=\"heading.default\">\n\t\t\t\t<div class=\"elementor-widget-container\">\n\t\t\t\t\t<h2 class=\"elementor-heading-title elementor-size-default\">Mimarl\u0131k<\/h2>\t\t\t\t<\/div>\n\t\t\t\t<\/div>\n\t\t\t\t\t<\/div>\n\t\t\t\t<\/div>\n\t\t<div class=\"elementor-element elementor-element-3bf140c e-flex e-con-boxed e-con e-parent\" data-id=\"3bf140c\" data-element_type=\"container\" data-e-type=\"container\">\n\t\t\t\t\t<div class=\"e-con-inner\">\n\t\t\t\t<div class=\"elementor-element elementor-element-27ee84b elementor-widget elementor-widget-text-editor\" data-id=\"27ee84b\" data-element_type=\"widget\" data-e-type=\"widget\" data-widget_type=\"text-editor.default\">\n\t\t\t\t<div class=\"elementor-widget-container\">\n\t\t\t\t\t\t\t\t\t<div class=\"page\" title=\"Sayfa 3\"><div class=\"section\"><div class=\"layoutArea\"><div class=\"column\"><p>Bu do\u011fal parlakl\u0131k yerel mimaride g\u00fczel bir \u015fekilde yank\u0131lanmaktad\u0131r. Evler ve binalar genellikle do\u011fal ta\u015f, a\u00e7\u0131k renkli cepheler, kemerli detaylar ve a\u00e7\u0131k teraslar i\u00e7eren geleneksel Akdeniz cazibesini modern tasar\u0131mla harmanlamaktad\u0131r. Kuzey K\u0131br\u0131s kontrastlarla doludur: k\u0131y\u0131daki sadelikten yama\u00e7taki zarafete kadar her b\u00f6lge farkl\u0131 bir g\u00fczellik sunar. Kuzey K\u0131br\u0131s&#8217;\u0131 \u00f6zel k\u0131lan da budur; ki\u015fili\u011finizi ve ritminizi ger\u00e7ekten yans\u0131tan ya\u015fam tarz\u0131n\u0131 ve evinizi se\u00e7ebilirsiniz.   <\/p><\/div><\/div><\/div><\/div>\t\t\t\t\t\t\t\t<\/div>\n\t\t\t\t<\/div>\n\t\t\t\t\t<\/div>\n\t\t\t\t<\/div>\n\t\t<div class=\"elementor-element elementor-element-6e27bf1 e-flex e-con-boxed e-con e-parent\" data-id=\"6e27bf1\" data-element_type=\"container\" data-e-type=\"container\" data-settings=\"{&quot;background_background&quot;:&quot;classic&quot;}\">\n\t\t\t\t\t<div class=\"e-con-inner\">\n\t\t\t\t<div class=\"elementor-element elementor-element-2c9b095 elementor-widget elementor-widget-heading\" data-id=\"2c9b095\" data-element_type=\"widget\" data-e-type=\"widget\" data-widget_type=\"heading.default\">\n\t\t\t\t<div class=\"elementor-widget-container\">\n\t\t\t\t\t<h2 class=\"elementor-heading-title elementor-size-default\">E\u011fitim ve Aile Hayat\u0131<\/h2>\t\t\t\t<\/div>\n\t\t\t\t<\/div>\n\t\t\t\t\t<\/div>\n\t\t\t\t<\/div>\n\t\t<div class=\"elementor-element elementor-element-475854f e-flex e-con-boxed e-con e-parent\" data-id=\"475854f\" data-element_type=\"container\" data-e-type=\"container\">\n\t\t\t\t\t<div class=\"e-con-inner\">\n\t\t\t\t<div class=\"elementor-element elementor-element-b19b2bc elementor-widget elementor-widget-text-editor\" data-id=\"b19b2bc\" data-element_type=\"widget\" data-e-type=\"widget\" data-widget_type=\"text-editor.default\">\n\t\t\t\t<div class=\"elementor-widget-container\">\n\t\t\t\t\t\t\t\t\t<div class=\"page\" title=\"Sayfa 3\"><div class=\"section\"><div class=\"layoutArea\"><div class=\"column\"><div class=\"page\" title=\"Sayfa 3\"><div class=\"section\"><div class=\"layoutArea\"><div class=\"column\"><p>Kuzey K\u0131br\u0131s, kaliteli e\u011fitimi g\u00fcvenli ve rahat bir ya\u015fam tarz\u0131yla birle\u015ftirmek isteyen aileler i\u00e7in ideal bir yerdir. B\u00f6lge, \u0130ngilizce temelli m\u00fcfredatlar\u0131, modern tesisleri ve deneyimli \u00f6\u011fretmenleri ile giderek artan say\u0131da uluslararas\u0131 okul sunmaktad\u0131r &#8211; bu da buray\u0131 \u00e7ocuklar\u0131yla ta\u015f\u0131nanlar i\u00e7in m\u00fckemmel bir se\u00e7im haline getirmektedir. Aileler ayr\u0131ca uygun fiyatl\u0131 konut se\u00e7eneklerinden ve dengeli bir g\u00fcnl\u00fck rutini destekleyen huzurlu mahallelerden de yararlanmaktad\u0131r.  <\/p><p>Samimi ortam, k\u00fc\u00e7\u00fck s\u0131n\u0131flar ve toplum odakl\u0131 okullar, \u00e7ocuklar\u0131n h\u0131zl\u0131 bir \u015fekilde uyum sa\u011flamas\u0131na ve hem akademik hem de sosyal olarak geli\u015fmesine yard\u0131mc\u0131 olur. Ayn\u0131 zamanda ada, \u0130ngilizce y\u00fcksek \u00f6\u011frenim ve destekleyici, \u00e7ok k\u00fclt\u00fcrl\u00fc bir atmosfer sunarak uluslararas\u0131 \u00fcniversite \u00f6\u011frencileri i\u00e7in cazibesini korumaktad\u0131r. <\/p><\/div><\/div><\/div><\/div><\/div><\/div><\/div><\/div>\t\t\t\t\t\t\t\t<\/div>\n\t\t\t\t<\/div>\n\t\t\t\t\t<\/div>\n\t\t\t\t<\/div>\n\t\t<div class=\"elementor-element elementor-element-2718495 e-flex e-con-boxed e-con e-parent\" data-id=\"2718495\" data-element_type=\"container\" data-e-type=\"container\" data-settings=\"{&quot;background_background&quot;:&quot;classic&quot;}\">\n\t\t\t\t\t<div class=\"e-con-inner\">\n\t\t\t\t<div class=\"elementor-element elementor-element-766af8d elementor-widget elementor-widget-heading\" data-id=\"766af8d\" data-element_type=\"widget\" data-e-type=\"widget\" data-widget_type=\"heading.default\">\n\t\t\t\t<div class=\"elementor-widget-container\">\n\t\t\t\t\t<h2 class=\"elementor-heading-title elementor-size-default\">G\u00fcvenlik ve Hukuk<\/h2>\t\t\t\t<\/div>\n\t\t\t\t<\/div>\n\t\t\t\t\t<\/div>\n\t\t\t\t<\/div>\n\t\t<div class=\"elementor-element elementor-element-e2367d2 e-flex e-con-boxed e-con e-parent\" data-id=\"e2367d2\" data-element_type=\"container\" data-e-type=\"container\">\n\t\t\t\t\t<div class=\"e-con-inner\">\n\t\t\t\t<div class=\"elementor-element elementor-element-54ba436 elementor-widget elementor-widget-text-editor\" data-id=\"54ba436\" data-element_type=\"widget\" data-e-type=\"widget\" data-widget_type=\"text-editor.default\">\n\t\t\t\t<div class=\"elementor-widget-container\">\n\t\t\t\t\t\t\t\t\t<div class=\"page\" title=\"Sayfa 3\"><div class=\"section\"><div class=\"layoutArea\"><div class=\"column\"><div class=\"page\" title=\"Sayfa 3\"><div class=\"section\"><div class=\"layoutArea\"><div class=\"column\"><div class=\"page\" title=\"Sayfa 3\"><div class=\"section\"><div class=\"layoutArea\"><div class=\"column\"><p>Kuzey K\u0131br\u0131s, g\u00fcvenli\u011fi ve huzurlu ya\u015fam tarz\u0131yla tan\u0131n\u0131r. D\u00fc\u015f\u00fck su\u00e7 oranlar\u0131 ve g\u00fc\u00e7l\u00fc bir topluluk duygusu ile aileler, \u00f6\u011frenciler ve ya\u015famak i\u00e7in sakin ve istikrarl\u0131 bir yer arayan herkes i\u00e7in g\u00fcvenli bir ortam sunmaktad\u0131r. <\/p><p>Buradaki hukuk sistemi yap\u0131land\u0131r\u0131lm\u0131\u015f ve g\u00fcvenilirdir; m\u00fclk sahipli\u011fini, yer de\u011fi\u015ftirmeyi ve g\u00fcnl\u00fck ya\u015fam\u0131 destekleyen net d\u00fczenlemelere sahiptir. Yeni gelen bir\u00e7ok ki\u015fi, bu s\u00fcre\u00e7 boyunca profesyonel rehberli\u011fe eri\u015febilmeyi takdir etmekte ve yerle\u015fmeden yat\u0131r\u0131m yapmaya kadar her yasal ad\u0131m\u0131n \u00f6zenle ve a\u00e7\u0131kl\u0131kla ele al\u0131nmas\u0131n\u0131 sa\u011flamaktad\u0131r. <\/p><\/div><\/div><\/div><\/div><\/div><\/div><\/div><\/div><\/div><\/div><\/div><\/div>\t\t\t\t\t\t\t\t<\/div>\n\t\t\t\t<\/div>\n\t\t\t\t\t<\/div>\n\t\t\t\t<\/div>\n\t\t<div class=\"elementor-element elementor-element-c31223c e-flex e-con-boxed e-con e-parent\" data-id=\"c31223c\" data-element_type=\"container\" data-e-type=\"container\" data-settings=\"{&quot;background_background&quot;:&quot;classic&quot;}\">\n\t\t\t\t\t<div class=\"e-con-inner\">\n\t\t\t\t<div class=\"elementor-element elementor-element-6da9c73 elementor-widget elementor-widget-heading\" data-id=\"6da9c73\" data-element_type=\"widget\" data-e-type=\"widget\" data-widget_type=\"heading.default\">\n\t\t\t\t<div class=\"elementor-widget-container\">\n\t\t\t\t\t<h2 class=\"elementor-heading-title elementor-size-default\">K\u00fclt\u00fcr ve Miras<\/h2>\t\t\t\t<\/div>\n\t\t\t\t<\/div>\n\t\t\t\t\t<\/div>\n\t\t\t\t<\/div>\n\t\t<div class=\"elementor-element elementor-element-f58f936 e-flex e-con-boxed e-con e-parent\" data-id=\"f58f936\" data-element_type=\"container\" data-e-type=\"container\">\n\t\t\t\t\t<div class=\"e-con-inner\">\n\t\t\t\t<div class=\"elementor-element elementor-element-32ca7fd elementor-widget elementor-widget-text-editor\" data-id=\"32ca7fd\" data-element_type=\"widget\" data-e-type=\"widget\" data-widget_type=\"text-editor.default\">\n\t\t\t\t<div class=\"elementor-widget-container\">\n\t\t\t\t\t\t\t\t\t<div class=\"page\" title=\"Sayfa 3\"><div class=\"section\"><div class=\"layoutArea\"><div class=\"column\"><div class=\"page\" title=\"Sayfa 3\"><div class=\"section\"><div class=\"layoutArea\"><div class=\"column\"><div class=\"page\" title=\"Sayfa 3\"><div class=\"section\"><div class=\"layoutArea\"><div class=\"column\"><div class=\"page\" title=\"Sayfa 4\"><div class=\"section\"><div class=\"layoutArea\"><div class=\"column\"><p>Kuzey K\u0131br\u0131s, y\u00fczy\u0131llar s\u00fcren Akdeniz tarihinin \u015fekillendirdi\u011fi bir\u00e7ok k\u00fclt\u00fcr\u00fcn bir araya geldi\u011fi bir yerdir. Burada, yerel yemek, m\u00fczik ve festivallerde hayat bulan T\u00fcrk, Yunan ve Avrupa geleneklerinin g\u00fczel bir kar\u0131\u015f\u0131m\u0131n\u0131 bulacaks\u0131n\u0131z. <\/p><p>Bu zengin kar\u0131\u015f\u0131m, Do\u011fu&#8217;nun Bat\u0131 ile ger\u00e7ek anlamda bulu\u015ftu\u011fu s\u0131cak ve birbirine s\u0131k\u0131 s\u0131k\u0131ya ba\u011fl\u0131 bir topluluk yaratmaktad\u0131r. Burada hayat, aileyle bir yeme\u011fi payla\u015fmak, canl\u0131 m\u00fczik dinlemek ve kom\u015fularla kutlama yapmak gibi basit zevklerin tad\u0131n\u0131 \u00e7\u0131karmakla ilgilidir. Geleneksel el sanatlar\u0131, canl\u0131 pazarlar ve as\u0131rl\u0131k gelenekler g\u00fcnl\u00fck ya\u015famda hala b\u00fcy\u00fck bir rol oynamakta ve adan\u0131n tarihini canl\u0131 ve kalbe yak\u0131n tutmaktad\u0131r.  <\/p><p>K\u00fclt\u00fcr ayn\u0131 zamanda do\u011fal \u00e7evreyle de derinden ba\u011flant\u0131l\u0131d\u0131r; festivaller genellikle mevsimler, hasatlar ve deniz etraf\u0131nda \u015fekillenir. Bu, herkesi evinde hissetmeye davet etmek i\u00e7in s\u0131cakl\u0131\u011fa, misafirperverli\u011fe ve toprak ve denizle derin bir ba\u011flant\u0131ya de\u011fer veren daha yava\u015f bir ya\u015fam temposudur. <\/p><\/div><\/div><\/div><\/div><\/div><\/div><\/div><\/div><\/div><\/div><\/div><\/div><\/div><\/div><\/div><\/div>\t\t\t\t\t\t\t\t<\/div>\n\t\t\t\t<\/div>\n\t\t\t\t\t<\/div>\n\t\t\t\t<\/div>\n\t\t<div class=\"elementor-element elementor-element-e496222 e-flex e-con-boxed e-con e-parent\" data-id=\"e496222\" data-element_type=\"container\" data-e-type=\"container\" data-settings=\"{&quot;background_background&quot;:&quot;classic&quot;}\">\n\t\t\t\t\t<div class=\"e-con-inner\">\n\t\t\t\t<div class=\"elementor-element elementor-element-0ade2a5 elementor-widget elementor-widget-heading\" data-id=\"0ade2a5\" data-element_type=\"widget\" data-e-type=\"widget\" data-widget_type=\"heading.default\">\n\t\t\t\t<div class=\"elementor-widget-container\">\n\t\t\t\t\t<h2 class=\"elementor-heading-title elementor-size-default\">G\u00fcnl\u00fck Ya\u015fam<\/h2>\t\t\t\t<\/div>\n\t\t\t\t<\/div>\n\t\t\t\t\t<\/div>\n\t\t\t\t<\/div>\n\t\t<div class=\"elementor-element elementor-element-3f9c22a e-flex e-con-boxed e-con e-parent\" data-id=\"3f9c22a\" data-element_type=\"container\" data-e-type=\"container\">\n\t\t\t\t\t<div class=\"e-con-inner\">\n\t\t\t\t<div class=\"elementor-element elementor-element-5a31a80 elementor-widget elementor-widget-text-editor\" data-id=\"5a31a80\" data-element_type=\"widget\" data-e-type=\"widget\" data-widget_type=\"text-editor.default\">\n\t\t\t\t<div class=\"elementor-widget-container\">\n\t\t\t\t\t\t\t\t\t<div class=\"page\" title=\"Sayfa 3\"><div class=\"section\"><div class=\"layoutArea\"><div class=\"column\"><div class=\"page\" title=\"Sayfa 3\"><div class=\"section\"><div class=\"layoutArea\"><div class=\"column\"><div class=\"page\" title=\"Sayfa 3\"><div class=\"section\"><div class=\"layoutArea\"><div class=\"column\"><div class=\"page\" title=\"Sayfa 4\"><div class=\"section\"><div class=\"layoutArea\"><div class=\"column\"><div class=\"page\" title=\"Sayfa 4\"><div class=\"section\"><div class=\"layoutArea\"><div class=\"column\"><p>Kuzey K\u0131br\u0131s, rahat k\u00f6y cazibesi ile canl\u0131 \u015fehir enerjisinin e\u015fsiz bir kar\u0131\u015f\u0131m\u0131n\u0131 sunar. Burada geleneksel pazarlar ve samimi mahalleler, modern kafeler, ma\u011fazalar ve k\u00fclt\u00fcrel noktalar\u0131n yan\u0131nda yer alarak sakinlere her iki d\u00fcnyan\u0131n da en iyisini sunar. <\/p><p>Kuzey K\u0131br\u0131s&#8217;ta ya\u015fam, sosyalle\u015fme ve e\u011flence se\u00e7eneklerini ke\u015ffetme f\u0131rsatlar\u0131 a\u00e7\u0131s\u0131ndan zengindir. \u0130ster kahve i\u00e7erken arkada\u015flar\u0131n\u0131zla bulu\u015fun, ister yerel etkinliklere kat\u0131l\u0131n ya da \u00e7e\u015fitli yemek deneyimlerinin tad\u0131n\u0131 \u00e7\u0131kar\u0131n, her zaman bir \u015feyler olur. Toplulu\u011fun s\u0131cak ve misafirperver havas\u0131, kendinizi \u00e7abucak evinizde hissetmenizi kolayla\u015ft\u0131r\u0131r.  <\/p><p>Uygun ya\u015fam maliyetleri ve canl\u0131 atmosferiyle Kuzey K\u0131br\u0131s, birbirine ba\u011fl\u0131, aktif ve olas\u0131l\u0131klarla dolu dengeli bir ya\u015fam kurabilece\u011finiz bir yerdir.<\/p><\/div><\/div><\/div><\/div><\/div><\/div><\/div><\/div><\/div><\/div><\/div><\/div><\/div><\/div><\/div><\/div><\/div><\/div><\/div><\/div>\t\t\t\t\t\t\t\t<\/div>\n\t\t\t\t<\/div>\n\t\t\t\t\t<\/div>\n\t\t\t\t<\/div>\n\t\t<div class=\"elementor-element elementor-element-7833e56 e-flex e-con-boxed e-con e-parent\" data-id=\"7833e56\" data-element_type=\"container\" data-e-type=\"container\" data-settings=\"{&quot;background_background&quot;:&quot;classic&quot;}\">\n\t\t\t\t\t<div class=\"e-con-inner\">\n\t\t\t\t<div class=\"elementor-element elementor-element-8ff438c elementor-widget elementor-widget-heading\" data-id=\"8ff438c\" data-element_type=\"widget\" data-e-type=\"widget\" data-widget_type=\"heading.default\">\n\t\t\t\t<div class=\"elementor-widget-container\">\n\t\t\t\t\t<h2 class=\"elementor-heading-title elementor-size-default\">Sa\u011fl\u0131k Hizmetleri &amp; T\u0131p<\/h2>\t\t\t\t<\/div>\n\t\t\t\t<\/div>\n\t\t\t\t\t<\/div>\n\t\t\t\t<\/div>\n\t\t<div class=\"elementor-element elementor-element-f682337 e-flex e-con-boxed e-con e-parent\" data-id=\"f682337\" data-element_type=\"container\" data-e-type=\"container\">\n\t\t\t\t\t<div class=\"e-con-inner\">\n\t\t\t\t<div class=\"elementor-element elementor-element-e50d75a elementor-widget elementor-widget-text-editor\" data-id=\"e50d75a\" data-element_type=\"widget\" data-e-type=\"widget\" data-widget_type=\"text-editor.default\">\n\t\t\t\t<div class=\"elementor-widget-container\">\n\t\t\t\t\t\t\t\t\t<div class=\"page\" title=\"Sayfa 4\"><div class=\"section\"><div class=\"layoutArea\"><div class=\"column\"><p>Kuzey K\u0131br\u0131s, \u0130ngiliz t\u0131p standartlar\u0131ndan etkilenen modern ve g\u00fcvenilir bir sa\u011fl\u0131k sistemi sunmaktad\u0131r. B\u00f6lge sakinleri ve ziyaret\u00e7iler, iyi donan\u0131ml\u0131 \u00f6zel klinikler ve kamu tesisleri taraf\u0131ndan sa\u011flanan eri\u015filebilir, uygun fiyatl\u0131 ve y\u00fcksek kaliteli t\u0131bbi hizmetlerden yararlanmaktad\u0131r. Bir\u00e7ok sa\u011fl\u0131k \u00e7al\u0131\u015fan\u0131 uluslararas\u0131 e\u011fitime sahiptir ve k\u00fcresel standartlar\u0131 kar\u015f\u0131layan bak\u0131m sa\u011flar. Acil servisler etkin ve yayg\u0131nd\u0131r ve buradaki sa\u011fl\u0131k hizmeti sa\u011flay\u0131c\u0131lar\u0131 her zaman yard\u0131ma haz\u0131rd\u0131r; bu da Kuzey K\u0131br\u0131s&#8217;\u0131 t\u00fcm t\u0131bbi ihtiya\u00e7lar\u0131n\u0131z i\u00e7in g\u00fcvenli ve destekleyici bir yer haline getirmektedir.   <\/p><\/div><\/div><\/div><\/div>\t\t\t\t\t\t\t\t<\/div>\n\t\t\t\t<\/div>\n\t\t\t\t\t<\/div>\n\t\t\t\t<\/div>\n\t\t<div class=\"elementor-element elementor-element-5a3d0dd e-flex e-con-boxed e-con e-parent\" data-id=\"5a3d0dd\" data-element_type=\"container\" data-e-type=\"container\" data-settings=\"{&quot;background_background&quot;:&quot;classic&quot;}\">\n\t\t\t\t\t<div class=\"e-con-inner\">\n\t\t\t\t<div class=\"elementor-element elementor-element-f1ade7f elementor-widget elementor-widget-heading\" data-id=\"f1ade7f\" data-element_type=\"widget\" data-e-type=\"widget\" data-widget_type=\"heading.default\">\n\t\t\t\t<div class=\"elementor-widget-container\">\n\t\t\t\t\t<h2 class=\"elementor-heading-title elementor-size-default\">Yerel B\u00f6lgede \u00d6ne \u00c7\u0131kanlar<\/h2>\t\t\t\t<\/div>\n\t\t\t\t<\/div>\n\t\t\t\t\t<\/div>\n\t\t\t\t<\/div>\n\t\t<div class=\"elementor-element elementor-element-59db63b e-flex e-con-boxed e-con e-parent\" data-id=\"59db63b\" data-element_type=\"container\" data-e-type=\"container\">\n\t\t\t\t\t<div class=\"e-con-inner\">\n\t\t\t\t<div class=\"elementor-element elementor-element-e03ccd9 elementor-widget elementor-widget-text-editor\" data-id=\"e03ccd9\" data-element_type=\"widget\" data-e-type=\"widget\" data-widget_type=\"text-editor.default\">\n\t\t\t\t<div class=\"elementor-widget-container\">\n\t\t\t\t\t\t\t\t\t<div class=\"page\" title=\"Sayfa 5\"><div class=\"section\"><div class=\"layoutArea\"><div class=\"column\"><p>M\u00fclklerimizi \u00e7evreleyen alanlar, rahatl\u0131k ve ya\u015fam tarz\u0131n\u0131n m\u00fckemmel bir kar\u0131\u015f\u0131m\u0131n\u0131 sunar. Yak\u0131nlarda kaliteli okullar, iyi donan\u0131ml\u0131 spor salonlar\u0131 ve g\u00fcnl\u00fck ihtiya\u00e7lar\u0131n\u0131z\u0131 kar\u015f\u0131layacak \u00e7ok say\u0131da ma\u011faza bulacaks\u0131n\u0131z. Parklar ve ye\u015fil alanlar dinlendirici a\u00e7\u0131k hava alanlar\u0131 sa\u011flarken, bir\u00e7ok konum do\u011fal g\u00fczelli\u011fi kap\u0131n\u0131za kadar getiren muhte\u015fem deniz manzaralar\u0131na sahiptir. Modern altyap\u0131 ve yak\u0131nlardaki \u00e7e\u015fitli aktivitelerle bu mahalleler hem aktif ya\u015fam\u0131 hem de rahat dinlenmeyi desteklemek i\u00e7in tasarlanm\u0131\u015ft\u0131r.   <\/p><\/div><\/div><\/div><\/div>\t\t\t\t\t\t\t\t<\/div>\n\t\t\t\t<\/div>\n\t\t\t\t\t<\/div>\n\t\t\t\t<\/div>\n\t\t<div class=\"elementor-element elementor-element-79d4e17 e-flex e-con-boxed e-con e-parent\" data-id=\"79d4e17\" data-element_type=\"container\" data-e-type=\"container\" data-settings=\"{&quot;background_background&quot;:&quot;classic&quot;}\">\n\t\t\t\t\t<div class=\"e-con-inner\">\n\t\t\t\t<div class=\"elementor-element elementor-element-1f9ff08 elementor-widget elementor-widget-heading\" data-id=\"1f9ff08\" data-element_type=\"widget\" data-e-type=\"widget\" data-widget_type=\"heading.default\">\n\t\t\t\t<div class=\"elementor-widget-container\">\n\t\t\t\t\t<h2 class=\"elementor-heading-title elementor-size-default\">Kuzey K\u0131br\u0131s Ekonomisi<\/h2>\t\t\t\t<\/div>\n\t\t\t\t<\/div>\n\t\t\t\t\t<\/div>\n\t\t\t\t<\/div>\n\t\t<div class=\"elementor-element elementor-element-9ed8cfb e-flex e-con-boxed e-con e-parent\" data-id=\"9ed8cfb\" data-element_type=\"container\" data-e-type=\"container\">\n\t\t\t\t\t<div class=\"e-con-inner\">\n\t\t\t\t<div class=\"elementor-element elementor-element-5c3c553 elementor-widget elementor-widget-text-editor\" data-id=\"5c3c553\" data-element_type=\"widget\" data-e-type=\"widget\" data-widget_type=\"text-editor.default\">\n\t\t\t\t<div class=\"elementor-widget-container\">\n\t\t\t\t\t\t\t\t\t<div class=\"page\" title=\"Sayfa 5\"><div class=\"section\"><div class=\"layoutArea\"><div class=\"column\"><p>B\u00fcy\u00fcyen f\u0131rsatlarla geli\u015fen bir ekonomi.<\/p><p>Kuzey K\u0131br\u0131s, stratejik konumu, geni\u015fleyen altyap\u0131s\u0131 ve yat\u0131r\u0131mc\u0131 dostu politikalar\u0131 sayesinde istikrarl\u0131 bir \u015fekilde b\u00fcy\u00fcmektedir. Geli\u015fmeye devam etmekle birlikte, turizm, emlak, e\u011fitim, in\u015faat ve sa\u011fl\u0131k gibi kilit sekt\u00f6rlerde g\u00fc\u00e7l\u00fc bir performans g\u00f6stermi\u015f ve t\u00fcm bunlar hem yerel hem de uluslararas\u0131 ilgiyi \u00e7ekmeye devam etmektedir. <\/p><p>\u00dclke, ekonomik potansiyel ve ya\u015fam kalitesinin nadir bir kombinasyonunu sunmaktad\u0131r. \u0130ster emlak yat\u0131r\u0131m\u0131 yapmak, ister bir i\u015f kurmak ya da sadece huzurlu ve iyi ba\u011flant\u0131lara sahip bir ya\u015fam tarz\u0131n\u0131n tad\u0131n\u0131 \u00e7\u0131karmak isteyin, Kuzey K\u0131br\u0131s istikrarl\u0131 ve uygun fiyatl\u0131 bir ortamda ger\u00e7ek f\u0131rsatlar sunmaktad\u0131r. <\/p><p>Mediterra Group, m\u00fc\u015fterilerimizin ister yat\u0131r\u0131m ister ta\u015f\u0131nma ama\u00e7l\u0131 olsun, gelece\u011fe y\u00f6nelik g\u00fcvenli kararlar almalar\u0131na yard\u0131mc\u0131 olmak i\u00e7in yerel pazar e\u011filimlerini ve ekonomik geli\u015fmeleri yak\u0131ndan takip etmektedir.<\/p><\/div><\/div><\/div><\/div>\t\t\t\t\t\t\t\t<\/div>\n\t\t\t\t<\/div>\n\t\t\t\t\t<\/div>\n\t\t\t\t<\/div>\n\t\t<div class=\"elementor-element elementor-element-8b64179 e-flex e-con-boxed e-con e-parent\" data-id=\"8b64179\" data-element_type=\"container\" data-e-type=\"container\" id=\"contactform\">\n\t\t\t\t\t<div class=\"e-con-inner\">\n\t\t\t\t<div class=\"elementor-element elementor-element-4105824 elementor-widget elementor-widget-template\" data-id=\"4105824\" data-element_type=\"widget\" data-e-type=\"widget\" data-widget_type=\"template.default\">\n\t\t\t\t<div class=\"elementor-widget-container\">\n\t\t\t\t\t\t\t<div class=\"elementor-template\">\n\t\t\t\t\t<div data-elementor-type=\"section\" data-elementor-id=\"33743\" class=\"elementor elementor-33743 elementor-19580 elementor-19580\" data-elementor-post-type=\"elementor_library\">\n\t\t\t\t\t<section class=\"elementor-section elementor-top-section elementor-element elementor-element-272ed5fd elementor-section-boxed elementor-section-height-default elementor-section-height-default\" data-id=\"272ed5fd\" data-element_type=\"section\" data-e-type=\"section\" data-settings=\"{&quot;background_background&quot;:&quot;classic&quot;}\">\n\t\t\t\t\t\t<div class=\"elementor-container elementor-column-gap-default\">\n\t\t\t\t\t<div class=\"elementor-column elementor-col-100 elementor-top-column elementor-element elementor-element-2c7d0895\" data-id=\"2c7d0895\" data-element_type=\"column\" data-e-type=\"column\" data-settings=\"{&quot;background_background&quot;:&quot;classic&quot;}\">\n\t\t\t<div class=\"elementor-widget-wrap elementor-element-populated\">\n\t\t\t\t\t\t<div class=\"elementor-element elementor-element-4cf4f201 animated-slow elementor-invisible elementor-widget elementor-widget-houzez_elementor_section_title\" data-id=\"4cf4f201\" data-element_type=\"widget\" data-e-type=\"widget\" data-settings=\"{&quot;_animation&quot;:&quot;fadeIn&quot;}\" data-widget_type=\"houzez_elementor_section_title.default\">\n\t\t\t\t<div class=\"elementor-widget-container\">\n\t\t\t\t\t            <div class=\"houzez_section_title_wrap section-title-module\">\n                                    <h2 class=\"houzez_section_title\">\u0130leti\u015fim Formu<\/h2>\n                \n                                    <p class=\"houzez_section_subtitle\">Formu doldurun. Size en k\u0131sa s\u00fcrede geri d\u00f6n\u00fc\u015f yapaca\u011f\u0131z. <\/p>\n                            <\/div>\n            \t\t\t\t<\/div>\n\t\t\t\t<\/div>\n\t\t\t\t<div class=\"elementor-element elementor-element-4ae9bb50 elementor-widget__width-initial elementor-widget-mobile__width-inherit elementor-button-align-stretch elementor-widget elementor-widget-form\" data-id=\"4ae9bb50\" data-element_type=\"widget\" data-e-type=\"widget\" data-settings=\"{&quot;step_next_label&quot;:&quot;Sonraki&quot;,&quot;step_previous_label&quot;:&quot;\\u00d6nceki&quot;,&quot;button_width&quot;:&quot;100&quot;,&quot;step_type&quot;:&quot;number_text&quot;,&quot;step_icon_shape&quot;:&quot;circle&quot;}\" data-widget_type=\"form.default\">\n\t\t\t\t<div class=\"elementor-widget-container\">\n\t\t\t\t\t\t\t<form class=\"elementor-form\" method=\"post\" name=\"Yeni Form\" aria-label=\"Yeni Form\">\n\t\t\t<input type=\"hidden\" name=\"post_id\" value=\"33743\"\/>\n\t\t\t<input type=\"hidden\" name=\"form_id\" value=\"4ae9bb50\"\/>\n\t\t\t<input type=\"hidden\" name=\"referer_title\" value=\"Mediterra Hakk\u0131nda - Mediterra Group\" \/>\n\n\t\t\t\t\t\t\t<input type=\"hidden\" name=\"queried_id\" value=\"33377\"\/>\n\t\t\t\n\t\t\t<div class=\"elementor-form-fields-wrapper elementor-labels-above\">\n\t\t\t\t\t\t\t\t<div class=\"elementor-field-type-text elementor-field-group elementor-column elementor-field-group-name elementor-col-50 elementor-field-required\">\n\t\t\t\t\t\t\t\t\t\t\t\t<label for=\"form-field-name\" class=\"elementor-field-label\">\n\t\t\t\t\t\t\t\t\u0130lk \u0130sim *\t\t\t\t\t\t\t<\/label>\n\t\t\t\t\t\t\t\t\t\t\t\t\t\t<input size=\"1\" type=\"text\" name=\"form_fields[name]\" id=\"form-field-name\" class=\"elementor-field elementor-size-sm  elementor-field-textual\" placeholder=\"Ad\u0131n\u0131z\u0131 girin\" required=\"required\">\n\t\t\t\t\t\t\t\t\t\t\t<\/div>\n\t\t\t\t\t\t\t\t<div class=\"elementor-field-type-text elementor-field-group elementor-column elementor-field-group-field_0c959ec elementor-col-50 elementor-field-required\">\n\t\t\t\t\t\t\t\t\t\t\t\t<label for=\"form-field-field_0c959ec\" class=\"elementor-field-label\">\n\t\t\t\t\t\t\t\tSoyad\u0131 *\t\t\t\t\t\t\t<\/label>\n\t\t\t\t\t\t\t\t\t\t\t\t\t\t<input size=\"1\" type=\"text\" name=\"form_fields[field_0c959ec]\" id=\"form-field-field_0c959ec\" class=\"elementor-field elementor-size-sm  elementor-field-textual\" placeholder=\"Soyad\u0131n\u0131z\u0131 girin\" required=\"required\">\n\t\t\t\t\t\t\t\t\t\t\t<\/div>\n\t\t\t\t\t\t\t\t<div class=\"elementor-field-type-email elementor-field-group elementor-column elementor-field-group-email elementor-col-100 elementor-field-required\">\n\t\t\t\t\t\t\t\t\t\t\t\t<label for=\"form-field-email\" class=\"elementor-field-label\">\n\t\t\t\t\t\t\t\tE-posta *\t\t\t\t\t\t\t<\/label>\n\t\t\t\t\t\t\t\t\t\t\t\t\t\t<input size=\"1\" type=\"email\" name=\"form_fields[email]\" id=\"form-field-email\" class=\"elementor-field elementor-size-sm  elementor-field-textual\" placeholder=\"E-posta\" required=\"required\">\n\t\t\t\t\t\t\t\t\t\t\t<\/div>\n\t\t\t\t\t\t\t\t<div class=\"elementor-field-type-tel elementor-field-group elementor-column elementor-field-group-field_e9281b0 elementor-col-100 elementor-field-required\">\n\t\t\t\t\t\t\t\t\t\t\t\t<label for=\"form-field-field_e9281b0\" class=\"elementor-field-label\">\n\t\t\t\t\t\t\t\tTelefon *\t\t\t\t\t\t\t<\/label>\n\t\t\t\t\t\t\t\t<input size=\"1\" type=\"tel\" name=\"form_fields[field_e9281b0]\" id=\"form-field-field_e9281b0\" class=\"elementor-field elementor-size-sm  elementor-field-textual\" placeholder=\"Telefon\" required=\"required\" pattern=\"[0-9()#&amp;+*-=.]+\" title=\"Only numbers and phone characters (#, -, *, etc) are accepted.\">\n\n\t\t\t\t\t\t<\/div>\n\t\t\t\t\t\t\t\t<div class=\"elementor-field-type-select elementor-field-group elementor-column elementor-field-group-field_64902f0 elementor-col-100 elementor-field-required\">\n\t\t\t\t\t\t\t\t\t\t\t\t<label for=\"form-field-field_64902f0\" class=\"elementor-field-label\">\n\t\t\t\t\t\t\t\t\u0130lgileniyorum *\t\t\t\t\t\t\t<\/label>\n\t\t\t\t\t\t\t\t<div class=\"elementor-field elementor-select-wrapper remove-before \">\n\t\t\t<div class=\"select-caret-down-wrapper\">\n\t\t\t\t<svg aria-hidden=\"true\" class=\"e-font-icon-svg e-eicon-caret-down\" viewBox=\"0 0 571.4 571.4\" xmlns=\"http:\/\/www.w3.org\/2000\/svg\"><path d=\"M571 393Q571 407 561 418L311 668Q300 679 286 679T261 668L11 418Q0 407 0 393T11 368 36 357H536Q550 357 561 368T571 393Z\"><\/path><\/svg>\t\t\t<\/div>\n\t\t\t<select name=\"form_fields[field_64902f0]\" id=\"form-field-field_64902f0\" class=\"elementor-field-textual elementor-size-sm\" required=\"required\">\n\t\t\t\t\t\t\t\t\t<option value=\"\u0130lgileniyorum\">\u0130lgileniyorum<\/option>\n\t\t\t\t\t\t\t\t\t<option value=\"M\u00fclk Al\u0131m\u0131\/Dan\u0131\u015fmanl\u0131k\">M\u00fclk Al\u0131m\u0131\/Dan\u0131\u015fmanl\u0131k<\/option>\n\t\t\t\t\t\t\t\t\t<option value=\"M\u00fclk\u00fcm\u00fc Satmak\">M\u00fclk\u00fcm\u00fc Satmak<\/option>\n\t\t\t\t\t\t\t\t\t<option value=\"Vergi ve Hukuki Dan\u0131\u015fmanl\u0131k\">Vergi ve Hukuki Dan\u0131\u015fmanl\u0131k<\/option>\n\t\t\t\t\t\t\t\t\t<option value=\"\u015eirket Kurulumu\">\u015eirket Kurulumu<\/option>\n\t\t\t\t\t\t\t\t\t<option value=\"Proje Y\u00f6netimi\">Proje Y\u00f6netimi<\/option>\n\t\t\t\t\t\t\t\t\t<option value=\"Mediterra Group ile \u0130\u015fbirli\u011fi\">Mediterra Group ile \u0130\u015fbirli\u011fi<\/option>\n\t\t\t\t\t\t\t\t\t<option value=\"Broker Olmak \u0130stiyorum\">Broker Olmak \u0130stiyorum<\/option>\n\t\t\t\t\t\t\t<\/select>\n\t\t<\/div>\n\t\t\t\t\t\t<\/div>\n\t\t\t\t\t\t\t\t<div class=\"elementor-field-type-textarea elementor-field-group elementor-column elementor-field-group-message elementor-col-100 elementor-field-required\">\n\t\t\t\t\t\t\t\t\t\t\t\t<label for=\"form-field-message\" class=\"elementor-field-label\">\n\t\t\t\t\t\t\t\tMesaj *\t\t\t\t\t\t\t<\/label>\n\t\t\t\t\t\t<textarea class=\"elementor-field-textual elementor-field  elementor-size-sm\" name=\"form_fields[message]\" id=\"form-field-message\" rows=\"4\" placeholder=\"Mesaj\" required=\"required\"><\/textarea>\t\t\t\t<\/div>\n\t\t\t\t\t\t\t\t<div class=\"elementor-field-group elementor-column elementor-field-type-submit elementor-col-100 e-form__buttons\">\n\t\t\t\t\t<button class=\"elementor-button elementor-size-sm\" type=\"submit\">\n\t\t\t\t\t\t<span class=\"elementor-button-content-wrapper\">\n\t\t\t\t\t\t\t\t\t\t\t\t\t\t\t\t\t\t\t\t\t\t<span class=\"elementor-button-text\">G\u00f6nder<\/span>\n\t\t\t\t\t\t\t\t\t\t\t\t\t<\/span>\n\t\t\t\t\t<\/button>\n\t\t\t\t<\/div>\n\t\t\t<\/div>\n\t\t<\/form>\n\t\t\t\t\t\t<\/div>\n\t\t\t\t<\/div>\n\t\t\t\t\t<\/div>\n\t\t<\/div>\n\t\t\t\t\t<\/div>\n\t\t<\/section>\n\t\t\t\t<\/div>\n\t\t\t\t<\/div>\n\t\t\t\t\t\t<\/div>\n\t\t\t\t<\/div>\n\t\t\t\t\t<\/div>\n\t\t\t\t<\/div>\n\t\t\t\t<\/div>\n\t\t","protected":false},"excerpt":{"rendered":"<p>Kuzey K\u0131br\u0131s Hakk\u0131nda Kuzey K\u0131br\u0131s Do\u011fan\u0131n ya\u015fam tarz\u0131yla nazik\u00e7e bulu\u015ftu\u011fu yerdir. U\u00e7suz bucaks\u0131z alt\u0131n kumsallar\u0131, kristal berrakl\u0131\u011f\u0131ndaki sular\u0131 ve el de\u011fmemi\u015f manzaralar\u0131yla ada, modern ya\u015fam\u0131n h\u0131zl\u0131 temposundan huzurlu bir ka\u00e7\u0131\u015f sunuyor. \u0130ster sessiz da\u011f patikalar\u0131nda y\u00fcr\u00fcyor ister deniz kenar\u0131nda dinleniyor olun, buradaki do\u011fal g\u00fczellik s\u00fcrekli ve sakinle\u015ftiricidir. Akdeniz iklimi y\u0131lda 300&#8217;den fazla g\u00fcne\u015fli g\u00fcn getirerek [&hellip;]<\/p>\n","protected":false},"author":1,"featured_media":0,"parent":0,"menu_order":0,"comment_status":"closed","ping_status":"closed","template":"template\/template-homepage.php","meta":{"_acf_changed":false,"footnotes":""},"class_list":["post-33329","page","type-page","status-publish","hentry"],"acf":[],"yoast_head":"<!-- This site is optimized with the Yoast SEO plugin v27.5 - https:\/\/yoast.com\/product\/yoast-seo-wordpress\/ -->\n<title>Kuzey K\u0131br\u0131s Hakk\u0131nda - Mediterra Group<\/title>\n<meta name=\"robots\" content=\"index, follow, max-snippet:-1, max-image-preview:large, max-video-preview:-1\" \/>\n<link rel=\"canonical\" href=\"https:\/\/mediterra.group\/about-north-cyprus\/\" \/>\n<meta property=\"og:locale\" content=\"tr_TR\" \/>\n<meta property=\"og:type\" content=\"article\" \/>\n<meta property=\"og:title\" content=\"Kuzey K\u0131br\u0131s Hakk\u0131nda - Mediterra Group\" \/>\n<meta property=\"og:description\" content=\"Kuzey K\u0131br\u0131s Hakk\u0131nda Kuzey K\u0131br\u0131s Do\u011fan\u0131n ya\u015fam tarz\u0131yla nazik\u00e7e bulu\u015ftu\u011fu yerdir. U\u00e7suz bucaks\u0131z alt\u0131n kumsallar\u0131, kristal berrakl\u0131\u011f\u0131ndaki sular\u0131 ve el de\u011fmemi\u015f manzaralar\u0131yla ada, modern ya\u015fam\u0131n h\u0131zl\u0131 temposundan huzurlu bir ka\u00e7\u0131\u015f sunuyor. \u0130ster sessiz da\u011f patikalar\u0131nda y\u00fcr\u00fcyor ister deniz kenar\u0131nda dinleniyor olun, buradaki do\u011fal g\u00fczellik s\u00fcrekli ve sakinle\u015ftiricidir. Akdeniz iklimi y\u0131lda 300&#8217;den fazla g\u00fcne\u015fli g\u00fcn getirerek [&hellip;]\" \/>\n<meta property=\"og:url\" content=\"https:\/\/mediterra.group\/about-north-cyprus\/\" \/>\n<meta property=\"og:site_name\" content=\"Mediterra Group\" \/>\n<meta property=\"article:modified_time\" content=\"2025-10-08T08:34:08+00:00\" \/>\n<meta name=\"twitter:card\" content=\"summary_large_image\" \/>\n<meta name=\"twitter:label1\" content=\"Tahmini okuma s\u00fcresi\" \/>\n\t<meta name=\"twitter:data1\" content=\"9 dakika\" \/>\n<script type=\"application\/ld+json\" class=\"yoast-schema-graph\">{\"@context\":\"https:\\\/\\\/schema.org\",\"@graph\":[{\"@type\":\"WebPage\",\"@id\":\"https:\\\/\\\/mediterra.group\\\/about-north-cyprus\\\/\",\"url\":\"https:\\\/\\\/mediterra.group\\\/about-north-cyprus\\\/\",\"name\":\"Kuzey K\u0131br\u0131s Hakk\u0131nda - Mediterra Group\",\"isPartOf\":{\"@id\":\"https:\\\/\\\/mediterra.group\\\/ar\\\/#website\"},\"datePublished\":\"2025-07-09T06:06:07+00:00\",\"dateModified\":\"2025-10-08T08:34:08+00:00\",\"breadcrumb\":{\"@id\":\"https:\\\/\\\/mediterra.group\\\/about-north-cyprus\\\/#breadcrumb\"},\"inLanguage\":\"tr\",\"potentialAction\":[{\"@type\":\"ReadAction\",\"target\":[\"https:\\\/\\\/mediterra.group\\\/about-north-cyprus\\\/\"]}]},{\"@type\":\"BreadcrumbList\",\"@id\":\"https:\\\/\\\/mediterra.group\\\/about-north-cyprus\\\/#breadcrumb\",\"itemListElement\":[{\"@type\":\"ListItem\",\"position\":1,\"name\":\"Home\",\"item\":\"https:\\\/\\\/mediterra.group\\\/tr\\\/\"},{\"@type\":\"ListItem\",\"position\":2,\"name\":\"Kuzey K\u0131br\u0131s Hakk\u0131nda\"}]},{\"@type\":\"WebSite\",\"@id\":\"https:\\\/\\\/mediterra.group\\\/ar\\\/#website\",\"url\":\"https:\\\/\\\/mediterra.group\\\/ar\\\/\",\"name\":\"Mediterra Group\",\"description\":\"\",\"potentialAction\":[{\"@type\":\"SearchAction\",\"target\":{\"@type\":\"EntryPoint\",\"urlTemplate\":\"https:\\\/\\\/mediterra.group\\\/ar\\\/?s={search_term_string}\"},\"query-input\":{\"@type\":\"PropertyValueSpecification\",\"valueRequired\":true,\"valueName\":\"search_term_string\"}}],\"inLanguage\":\"tr\"}]}<\/script>\n<!-- \/ Yoast SEO plugin. -->","yoast_head_json":{"title":"Kuzey K\u0131br\u0131s Hakk\u0131nda - Mediterra Group","robots":{"index":"index","follow":"follow","max-snippet":"max-snippet:-1","max-image-preview":"max-image-preview:large","max-video-preview":"max-video-preview:-1"},"canonical":"https:\/\/mediterra.group\/about-north-cyprus\/","og_locale":"tr_TR","og_type":"article","og_title":"Kuzey K\u0131br\u0131s Hakk\u0131nda - Mediterra Group","og_description":"Kuzey K\u0131br\u0131s Hakk\u0131nda Kuzey K\u0131br\u0131s Do\u011fan\u0131n ya\u015fam tarz\u0131yla nazik\u00e7e bulu\u015ftu\u011fu yerdir. U\u00e7suz bucaks\u0131z alt\u0131n kumsallar\u0131, kristal berrakl\u0131\u011f\u0131ndaki sular\u0131 ve el de\u011fmemi\u015f manzaralar\u0131yla ada, modern ya\u015fam\u0131n h\u0131zl\u0131 temposundan huzurlu bir ka\u00e7\u0131\u015f sunuyor. \u0130ster sessiz da\u011f patikalar\u0131nda y\u00fcr\u00fcyor ister deniz kenar\u0131nda dinleniyor olun, buradaki do\u011fal g\u00fczellik s\u00fcrekli ve sakinle\u015ftiricidir. Akdeniz iklimi y\u0131lda 300&#8217;den fazla g\u00fcne\u015fli g\u00fcn getirerek [&hellip;]","og_url":"https:\/\/mediterra.group\/about-north-cyprus\/","og_site_name":"Mediterra Group","article_modified_time":"2025-10-08T08:34:08+00:00","twitter_card":"summary_large_image","twitter_misc":{"Tahmini okuma s\u00fcresi":"9 dakika"},"schema":{"@context":"https:\/\/schema.org","@graph":[{"@type":"WebPage","@id":"https:\/\/mediterra.group\/about-north-cyprus\/","url":"https:\/\/mediterra.group\/about-north-cyprus\/","name":"Kuzey K\u0131br\u0131s Hakk\u0131nda - Mediterra Group","isPartOf":{"@id":"https:\/\/mediterra.group\/ar\/#website"},"datePublished":"2025-07-09T06:06:07+00:00","dateModified":"2025-10-08T08:34:08+00:00","breadcrumb":{"@id":"https:\/\/mediterra.group\/about-north-cyprus\/#breadcrumb"},"inLanguage":"tr","potentialAction":[{"@type":"ReadAction","target":["https:\/\/mediterra.group\/about-north-cyprus\/"]}]},{"@type":"BreadcrumbList","@id":"https:\/\/mediterra.group\/about-north-cyprus\/#breadcrumb","itemListElement":[{"@type":"ListItem","position":1,"name":"Home","item":"https:\/\/mediterra.group\/tr\/"},{"@type":"ListItem","position":2,"name":"Kuzey K\u0131br\u0131s Hakk\u0131nda"}]},{"@type":"WebSite","@id":"https:\/\/mediterra.group\/ar\/#website","url":"https:\/\/mediterra.group\/ar\/","name":"Mediterra Group","description":"","potentialAction":[{"@type":"SearchAction","target":{"@type":"EntryPoint","urlTemplate":"https:\/\/mediterra.group\/ar\/?s={search_term_string}"},"query-input":{"@type":"PropertyValueSpecification","valueRequired":true,"valueName":"search_term_string"}}],"inLanguage":"tr"}]}},"_links":{"self":[{"href":"https:\/\/mediterra.group\/tr\/wp-json\/wp\/v2\/pages\/33329","targetHints":{"allow":["GET"]}}],"collection":[{"href":"https:\/\/mediterra.group\/tr\/wp-json\/wp\/v2\/pages"}],"about":[{"href":"https:\/\/mediterra.group\/tr\/wp-json\/wp\/v2\/types\/page"}],"author":[{"embeddable":true,"href":"https:\/\/mediterra.group\/tr\/wp-json\/wp\/v2\/users\/1"}],"replies":[{"embeddable":true,"href":"https:\/\/mediterra.group\/tr\/wp-json\/wp\/v2\/comments?post=33329"}],"version-history":[{"count":7,"href":"https:\/\/mediterra.group\/tr\/wp-json\/wp\/v2\/pages\/33329\/revisions"}],"predecessor-version":[{"id":35860,"href":"https:\/\/mediterra.group\/tr\/wp-json\/wp\/v2\/pages\/33329\/revisions\/35860"}],"wp:attachment":[{"href":"https:\/\/mediterra.group\/tr\/wp-json\/wp\/v2\/media?parent=33329"}],"curies":[{"name":"wp","href":"https:\/\/api.w.org\/{rel}","templated":true}]}}