{"version":"1.0","provider_name":"Mediterra Group","provider_url":"https:\/\/mediterra.group\/tr\/","author_name":"prfj","author_url":"https:\/\/mediterra.group\/tr\/author\/prfj\/","title":"Mediterra Topluluk Bulu\u015fmas\u0131 14 Haziran'da Girne Ofisimizde Ger\u00e7ekle\u015fti - Mediterra Group","type":"rich","width":600,"height":338,"html":"<blockquote class=\"wp-embedded-content\" data-secret=\"BL65aG9ol7\"><a href=\"https:\/\/mediterra.group\/tr\/mediterra-topluluk-bulusmasi-14-haziranda-girne-ofisimizde-gerceklesti\/\">Mediterra Topluluk Bulu\u015fmas\u0131 14 Haziran&#8217;da Girne Ofisimizde Ger\u00e7ekle\u015fti<\/a><\/blockquote><iframe sandbox=\"allow-scripts\" security=\"restricted\" src=\"https:\/\/mediterra.group\/tr\/mediterra-topluluk-bulusmasi-14-haziranda-girne-ofisimizde-gerceklesti\/embed\/#?secret=BL65aG9ol7\" width=\"600\" height=\"338\" title=\"&#8220;Mediterra Topluluk Bulu\u015fmas\u0131 14 Haziran&#8217;da Girne Ofisimizde Ger\u00e7ekle\u015fti&#8221; &#8212; Mediterra Group\" data-secret=\"BL65aG9ol7\" frameborder=\"0\" marginwidth=\"0\" marginheight=\"0\" scrolling=\"no\" class=\"wp-embedded-content\"><\/iframe><script type=\"text\/javascript\">\n\/* <![CDATA[ *\/\n\/*! This file is auto-generated *\/\n!function(d,l){\"use strict\";l.querySelector&&d.addEventListener&&\"undefined\"!=typeof URL&&(d.wp=d.wp||{},d.wp.receiveEmbedMessage||(d.wp.receiveEmbedMessage=function(e){var t=e.data;if((t||t.secret||t.message||t.value)&&!\/[^a-zA-Z0-9]\/.test(t.secret)){for(var s,r,n,a=l.querySelectorAll('iframe[data-secret=\"'+t.secret+'\"]'),o=l.querySelectorAll('blockquote[data-secret=\"'+t.secret+'\"]'),c=new RegExp(\"^https?:$\",\"i\"),i=0;i<o.length;i++)o[i].style.display=\"none\";for(i=0;i<a.length;i++)s=a[i],e.source===s.contentWindow&&(s.removeAttribute(\"style\"),\"height\"===t.message?(1e3<(r=parseInt(t.value,10))?r=1e3:~~r<200&&(r=200),s.height=r):\"link\"===t.message&&(r=new URL(s.getAttribute(\"src\")),n=new URL(t.value),c.test(n.protocol))&&n.host===r.host&&l.activeElement===s&&(d.top.location.href=t.value))}},d.addEventListener(\"message\",d.wp.receiveEmbedMessage,!1),l.addEventListener(\"DOMContentLoaded\",function(){for(var e,t,s=l.querySelectorAll(\"iframe.wp-embedded-content\"),r=0;r<s.length;r++)(t=(e=s[r]).getAttribute(\"data-secret\"))||(t=Math.random().toString(36).substring(2,12),e.src+=\"#?secret=\"+t,e.setAttribute(\"data-secret\",t)),e.contentWindow.postMessage({message:\"ready\",secret:t},\"*\")},!1)))}(window,document);\n\/\/# sourceURL=https:\/\/mediterra.group\/wp-includes\/js\/wp-embed.min.js\n\/* ]]> *\/\n<\/script>\n","thumbnail_url":"https:\/\/mediterra.group\/wp-content\/uploads\/2025\/06\/events-kapak17217356821617l4yj2.webp","thumbnail_width":416,"thumbnail_height":234,"description":"Mediterra Toplulu\u011fu yeni d\u00fczenli toplant\u0131 serisinin ilk etkinli\u011fini 14 Haziran Cuma g\u00fcn\u00fc Girne ofisimizin g\u00fczel bah\u00e7esinde ger\u00e7ekle\u015ftirdi. Bu s\u0131cak, enerjik ve b\u00fcy\u00fcleyici ortamdaki bulu\u015fmam\u0131za K\u0131br\u0131s&#8217;tan \u00e7ok say\u0131da kat\u0131l\u0131mc\u0131 i\u015ftirak etti. Y\u00f6netim Kurulu Ba\u015fkan\u0131m\u0131z Eylem \u015eakir ve Mediterra ekibinin \u00fcyeleri, yerli ve yabanc\u0131 yat\u0131r\u0131mc\u0131lar\u0131n Kuzey K\u0131br\u0131s ve emlak piyasas\u0131n\u0131n sundu\u011fu f\u0131rsatlar hakk\u0131ndaki sorular\u0131n\u0131 titizlikle yan\u0131tlad\u0131lar. Bundan [&hellip;]"}