{"version":"1.0","provider_name":"Mediterra Group","provider_url":"https:\/\/mediterra.group\/tr\/","author_name":"prfj","author_url":"https:\/\/mediterra.group\/tr\/author\/prfj\/","title":"Kuzey K\u0131br\u0131s'ta Denize S\u0131f\u0131r Dairelerin Kiralama Potansiyeli - Mediterra Group","type":"rich","width":600,"height":338,"html":"<blockquote class=\"wp-embedded-content\" data-secret=\"gU0I7TVv8W\"><a href=\"https:\/\/mediterra.group\/tr\/kuzey-kibrista-denize-sifir-dairelerin-kiralama-potansiyeli\/\">Kuzey K\u0131br\u0131s&#8217;ta Denize S\u0131f\u0131r Dairelerin Kiralama Potansiyeli<\/a><\/blockquote><iframe sandbox=\"allow-scripts\" security=\"restricted\" src=\"https:\/\/mediterra.group\/tr\/kuzey-kibrista-denize-sifir-dairelerin-kiralama-potansiyeli\/embed\/#?secret=gU0I7TVv8W\" width=\"600\" height=\"338\" title=\"&#8220;Kuzey K\u0131br\u0131s&#8217;ta Denize S\u0131f\u0131r Dairelerin Kiralama Potansiyeli&#8221; &#8212; Mediterra Group\" data-secret=\"gU0I7TVv8W\" frameborder=\"0\" marginwidth=\"0\" marginheight=\"0\" scrolling=\"no\" class=\"wp-embedded-content\"><\/iframe><script type=\"text\/javascript\">\n\/* <![CDATA[ *\/\n\/*! This file is auto-generated *\/\n!function(d,l){\"use strict\";l.querySelector&&d.addEventListener&&\"undefined\"!=typeof URL&&(d.wp=d.wp||{},d.wp.receiveEmbedMessage||(d.wp.receiveEmbedMessage=function(e){var t=e.data;if((t||t.secret||t.message||t.value)&&!\/[^a-zA-Z0-9]\/.test(t.secret)){for(var s,r,n,a=l.querySelectorAll('iframe[data-secret=\"'+t.secret+'\"]'),o=l.querySelectorAll('blockquote[data-secret=\"'+t.secret+'\"]'),c=new RegExp(\"^https?:$\",\"i\"),i=0;i<o.length;i++)o[i].style.display=\"none\";for(i=0;i<a.length;i++)s=a[i],e.source===s.contentWindow&&(s.removeAttribute(\"style\"),\"height\"===t.message?(1e3<(r=parseInt(t.value,10))?r=1e3:~~r<200&&(r=200),s.height=r):\"link\"===t.message&&(r=new URL(s.getAttribute(\"src\")),n=new URL(t.value),c.test(n.protocol))&&n.host===r.host&&l.activeElement===s&&(d.top.location.href=t.value))}},d.addEventListener(\"message\",d.wp.receiveEmbedMessage,!1),l.addEventListener(\"DOMContentLoaded\",function(){for(var e,t,s=l.querySelectorAll(\"iframe.wp-embedded-content\"),r=0;r<s.length;r++)(t=(e=s[r]).getAttribute(\"data-secret\"))||(t=Math.random().toString(36).substring(2,12),e.src+=\"#?secret=\"+t,e.setAttribute(\"data-secret\",t)),e.contentWindow.postMessage({message:\"ready\",secret:t},\"*\")},!1)))}(window,document);\n\/\/# sourceURL=https:\/\/mediterra.group\/wp-includes\/js\/wp-embed.min.js\n\/* ]]> *\/\n<\/script>\n","thumbnail_url":"https:\/\/mediterra.group\/wp-content\/uploads\/2025\/07\/pm-kapak-gorsel-result17442766238331g9mgc.webp","thumbnail_width":626,"thumbnail_height":470,"description":"Neden Kuzey K\u0131br\u0131s K\u0131br\u0131s, her ge\u00e7en g\u00fcn artan say\u0131da turisti ve y\u0131l\u0131n bir b\u00f6l\u00fcm\u00fcnde ya da kal\u0131c\u0131 olarak yerle\u015fmek isteyenleri a\u011f\u0131rl\u0131yor. Avrupa, Asya ve Afrika olmak \u00fczere \u00fc\u00e7 k\u0131tan\u0131n kesi\u015fme noktas\u0131nda yer alan ada, zengin tarih, k\u00fclt\u00fcr ve etkilerin bu b\u00fcy\u00fcleyici kar\u0131\u015f\u0131m\u0131n\u0131 yans\u0131tmaktad\u0131r. K\u0131br\u0131s binlerce y\u0131ld\u0131r ticaret i\u00e7in \u00f6nemli bir merkez olmu\u015f, \u00e7e\u015fitli b\u00f6lgelerden, k\u00fclt\u00fcrel [&hellip;]"}