{"version":"1.0","provider_name":"Mediterra Group","provider_url":"https:\/\/mediterra.group\/tr\/","author_name":"prfj","author_url":"https:\/\/mediterra.group\/tr\/author\/prfj\/","title":"Bel\u00e7ika'daki Second Home Fuar\u0131'ndayd\u0131k! - Mediterra Group","type":"rich","width":600,"height":338,"html":"<blockquote class=\"wp-embedded-content\" data-secret=\"g2h9djjDJw\"><a href=\"https:\/\/mediterra.group\/tr\/belcikadaki-second-home-fuarindaydik\/\">Bel\u00e7ika&#8217;daki Second Home Fuar\u0131&#8217;ndayd\u0131k!<\/a><\/blockquote><iframe sandbox=\"allow-scripts\" security=\"restricted\" src=\"https:\/\/mediterra.group\/tr\/belcikadaki-second-home-fuarindaydik\/embed\/#?secret=g2h9djjDJw\" width=\"600\" height=\"338\" title=\"&#8220;Bel\u00e7ika&#8217;daki Second Home Fuar\u0131&#8217;ndayd\u0131k!&#8221; &#8212; Mediterra Group\" data-secret=\"g2h9djjDJw\" frameborder=\"0\" marginwidth=\"0\" marginheight=\"0\" scrolling=\"no\" class=\"wp-embedded-content\"><\/iframe><script type=\"text\/javascript\">\n\/* <![CDATA[ *\/\n\/*! This file is auto-generated *\/\n!function(d,l){\"use strict\";l.querySelector&&d.addEventListener&&\"undefined\"!=typeof URL&&(d.wp=d.wp||{},d.wp.receiveEmbedMessage||(d.wp.receiveEmbedMessage=function(e){var t=e.data;if((t||t.secret||t.message||t.value)&&!\/[^a-zA-Z0-9]\/.test(t.secret)){for(var s,r,n,a=l.querySelectorAll('iframe[data-secret=\"'+t.secret+'\"]'),o=l.querySelectorAll('blockquote[data-secret=\"'+t.secret+'\"]'),c=new RegExp(\"^https?:$\",\"i\"),i=0;i<o.length;i++)o[i].style.display=\"none\";for(i=0;i<a.length;i++)s=a[i],e.source===s.contentWindow&&(s.removeAttribute(\"style\"),\"height\"===t.message?(1e3<(r=parseInt(t.value,10))?r=1e3:~~r<200&&(r=200),s.height=r):\"link\"===t.message&&(r=new URL(s.getAttribute(\"src\")),n=new URL(t.value),c.test(n.protocol))&&n.host===r.host&&l.activeElement===s&&(d.top.location.href=t.value))}},d.addEventListener(\"message\",d.wp.receiveEmbedMessage,!1),l.addEventListener(\"DOMContentLoaded\",function(){for(var e,t,s=l.querySelectorAll(\"iframe.wp-embedded-content\"),r=0;r<s.length;r++)(t=(e=s[r]).getAttribute(\"data-secret\"))||(t=Math.random().toString(36).substring(2,12),e.src+=\"#?secret=\"+t,e.setAttribute(\"data-secret\",t)),e.contentWindow.postMessage({message:\"ready\",secret:t},\"*\")},!1)))}(window,document);\n\/\/# sourceURL=https:\/\/mediterra.group\/wp-includes\/js\/wp-embed.min.js\n\/* ]]> *\/\n<\/script>\n","thumbnail_url":"https:\/\/mediterra.group\/wp-content\/uploads\/2025\/06\/kapak-we-were-at-second-home-fair-in-belgium-result16975372783924qvD9U.webp","thumbnail_width":440,"thumbnail_height":215,"description":"3-4 Haziran, 2023 Antwerp Expo Meditera Proje Y\u00f6netimi olarak 3-4 Haziran tarihlerinde Antwerp Expo&#8217;da d\u00fczenlenen Second Home Fuar\u0131&#8217;na kat\u0131ld\u0131k. Antwerp&#8217;teki fuar, Kuzey K\u0131br\u0131s&#8217;a yat\u0131r\u0131m yapman\u0131n faydalar\u0131n\u0131 sergilememiz i\u00e7in m\u00fckemmel bir platform sa\u011flad\u0131. Geli\u015fen ekonomisi ve g\u00fc\u00e7l\u00fc emlak piyasas\u0131yla Kuzey K\u0131br\u0131s&#8217;\u0131n, fuar kat\u0131l\u0131mc\u0131lar\u0131n\u0131n ke\u015ffetmek isteyece\u011fi e\u015fsiz bir yat\u0131r\u0131m f\u0131rsat\u0131 sundu\u011funa inand\u0131k. Stand\u0131m\u0131z\u0131 ziyaret eden ve projelerimize [&hellip;]"}