{"version":"1.0","provider_name":"Mediterra Group","provider_url":"https:\/\/mediterra.group\/tr\/","author_name":"prfj","author_url":"https:\/\/mediterra.group\/tr\/author\/prfj\/","title":"2023'te Yurtd\u0131\u015f\u0131nda Emekli Olmak \u0130\u00e7in En \u0130yi Yerler - Mediterra Group","type":"rich","width":600,"height":338,"html":"<blockquote class=\"wp-embedded-content\" data-secret=\"0UXM2Io96q\"><a href=\"https:\/\/mediterra.group\/tr\/2023te-yurtdisinda-emekli-olmak-icin-en-iyi-yerler\/\">2023&#8217;te Yurtd\u0131\u015f\u0131nda Emekli Olmak \u0130\u00e7in En \u0130yi Yerler<\/a><\/blockquote><iframe sandbox=\"allow-scripts\" security=\"restricted\" src=\"https:\/\/mediterra.group\/tr\/2023te-yurtdisinda-emekli-olmak-icin-en-iyi-yerler\/embed\/#?secret=0UXM2Io96q\" width=\"600\" height=\"338\" title=\"&#8220;2023&#8217;te Yurtd\u0131\u015f\u0131nda Emekli Olmak \u0130\u00e7in En \u0130yi Yerler&#8221; &#8212; Mediterra Group\" data-secret=\"0UXM2Io96q\" frameborder=\"0\" marginwidth=\"0\" marginheight=\"0\" scrolling=\"no\" class=\"wp-embedded-content\"><\/iframe><script type=\"text\/javascript\">\n\/* <![CDATA[ *\/\n\/*! This file is auto-generated *\/\n!function(d,l){\"use strict\";l.querySelector&&d.addEventListener&&\"undefined\"!=typeof URL&&(d.wp=d.wp||{},d.wp.receiveEmbedMessage||(d.wp.receiveEmbedMessage=function(e){var t=e.data;if((t||t.secret||t.message||t.value)&&!\/[^a-zA-Z0-9]\/.test(t.secret)){for(var s,r,n,a=l.querySelectorAll('iframe[data-secret=\"'+t.secret+'\"]'),o=l.querySelectorAll('blockquote[data-secret=\"'+t.secret+'\"]'),c=new RegExp(\"^https?:$\",\"i\"),i=0;i<o.length;i++)o[i].style.display=\"none\";for(i=0;i<a.length;i++)s=a[i],e.source===s.contentWindow&&(s.removeAttribute(\"style\"),\"height\"===t.message?(1e3<(r=parseInt(t.value,10))?r=1e3:~~r<200&&(r=200),s.height=r):\"link\"===t.message&&(r=new URL(s.getAttribute(\"src\")),n=new URL(t.value),c.test(n.protocol))&&n.host===r.host&&l.activeElement===s&&(d.top.location.href=t.value))}},d.addEventListener(\"message\",d.wp.receiveEmbedMessage,!1),l.addEventListener(\"DOMContentLoaded\",function(){for(var e,t,s=l.querySelectorAll(\"iframe.wp-embedded-content\"),r=0;r<s.length;r++)(t=(e=s[r]).getAttribute(\"data-secret\"))||(t=Math.random().toString(36).substring(2,12),e.src+=\"#?secret=\"+t,e.setAttribute(\"data-secret\",t)),e.contentWindow.postMessage({message:\"ready\",secret:t},\"*\")},!1)))}(window,document);\n\/\/# sourceURL=https:\/\/mediterra.group\/wp-includes\/js\/wp-embed.min.js\n\/* ]]> *\/\n<\/script>\n","thumbnail_url":"https:\/\/mediterra.group\/wp-content\/uploads\/2016\/03\/023.jpg","thumbnail_width":1170,"thumbnail_height":877,"description":"Tatl\u0131su Belediyesi taraf\u0131ndan 11 \u015eubat 2024 Pazar g\u00fcn\u00fc saat 10:30&#8217;da a\u00e7\u0131l\u0131\u015f\u0131 ger\u00e7ekle\u015ftirilen bisiklet ve y\u00fcr\u00fcy\u00fc\u015f parkurunda konu\u015fan Lefko\u015fa B\u00fcy\u00fckel\u00e7isi Metin Fevzio\u011flu, Kuzey K\u0131br\u0131s T\u00fcrk Cumhuriyeti&#8217;nin spor, e\u011fitim, sanayi, ileri teknoloji ve alternatif turizm ile kalk\u0131naca\u011f\u0131n\u0131 s\u00f6yledi. A\u00e7\u0131l\u0131\u015f t\u00f6reninde konu\u015fan Cumhurba\u015fkan\u0131 Ersin Tatar, K\u0131br\u0131s T\u00fcrk\u00e7esinin \u00f6zg\u00fcrl\u00fck ve varolu\u015f m\u00fccadelesinin her alan\u0131nda var oldu\u011funu s\u00f6yledi. A\u00e7\u0131l\u0131\u015f t\u00f6reninde [&hellip;]"}