{"id":33367,"date":"2025-07-09T10:50:13","date_gmt":"2025-07-09T10:50:13","guid":{"rendered":"https:\/\/mediterra.group\/mediterra-auswahl\/"},"modified":"2025-07-25T08:40:46","modified_gmt":"2025-07-25T08:40:46","slug":"mediterra-auswahl","status":"publish","type":"page","link":"https:\/\/mediterra.group\/de\/mediterra-auswahl\/","title":{"rendered":"Mediterra Auswahl"},"content":{"rendered":"\t\t<div data-elementor-type=\"wp-page\" data-elementor-id=\"33367\" class=\"elementor elementor-33367 elementor-21409\" data-elementor-post-type=\"page\">\n\t\t\t\t<div class=\"elementor-element elementor-element-6a57762 animated-slow e-flex e-con-boxed elementor-invisible e-con e-parent\" data-id=\"6a57762\" data-element_type=\"container\" data-e-type=\"container\" data-settings=\"{&quot;background_background&quot;:&quot;classic&quot;,&quot;animation&quot;:&quot;fadeIn&quot;}\">\n\t\t\t\t\t<div class=\"e-con-inner\">\n\t\t<div class=\"elementor-element elementor-element-c8abf1c e-con-full e-flex e-con e-child\" data-id=\"c8abf1c\" data-element_type=\"container\" data-e-type=\"container\">\n\t\t\t\t<div class=\"elementor-element elementor-element-9a89e87 elementor-widget__width-initial elementor-widget elementor-widget-heading\" data-id=\"9a89e87\" data-element_type=\"widget\" data-e-type=\"widget\" data-widget_type=\"heading.default\">\n\t\t\t\t<div class=\"elementor-widget-container\">\n\t\t\t\t\t<h2 class=\"elementor-heading-title elementor-size-default\">Mediterra Selection<\/h2>\t\t\t\t<\/div>\n\t\t\t\t<\/div>\n\t\t\t\t<\/div>\n\t\t<div class=\"elementor-element elementor-element-91ccc98 e-con-full e-flex e-con e-child\" data-id=\"91ccc98\" data-element_type=\"container\" data-e-type=\"container\">\n\t\t\t\t<\/div>\n\t\t\t\t\t<\/div>\n\t\t\t\t<\/div>\n\t\t<div class=\"elementor-element elementor-element-51b80aa e-flex e-con-boxed e-con e-parent\" data-id=\"51b80aa\" data-element_type=\"container\" data-e-type=\"container\" data-settings=\"{&quot;background_background&quot;:&quot;classic&quot;}\">\n\t\t\t\t\t<div class=\"e-con-inner\">\n\t\t<div class=\"elementor-element elementor-element-bd3d42f e-con-full e-flex e-con e-child\" data-id=\"bd3d42f\" data-element_type=\"container\" data-e-type=\"container\">\n\t\t<div class=\"elementor-element elementor-element-b77a9e2 e-con-full e-flex e-con e-child\" data-id=\"b77a9e2\" data-element_type=\"container\" data-e-type=\"container\">\n\t\t\t\t<div class=\"elementor-element elementor-element-c7b189e elementor-widget elementor-widget-houzez_elementor_property-card-v1\" data-id=\"c7b189e\" data-element_type=\"widget\" data-e-type=\"widget\" data-widget_type=\"houzez_elementor_property-card-v1.default\">\n\t\t\t\t<div class=\"elementor-widget-container\">\n\t\t\t\t\t    <div id=\"properties_module_section\" class=\"property-cards-module property-cards-module-v1 property-cards-module-list\">\n        <div id=\"module_properties\" class=\"listing-view list-view d-flex flex-column gap-3\">\n            <div class=\"item-listing-wrap hz-item-gallery-js item-listing-wrap-v1 item-listing-wrap-v2 hz-map-trigger\" data-hz-id=\"33501\" data-images=\"[{&quot;image&quot;:&quot;https:\\\/\\\/mediterra.group\\\/wp-content\\\/uploads\\\/2025\\\/07\\\/Ekran-goruntusu-2025-07-17-122900-584x438.png&quot;,&quot;alt&quot;:&quot;&quot;,&quot;width&quot;:584,&quot;height&quot;:438},{&quot;image&quot;:&quot;https:\\\/\\\/mediterra.group\\\/wp-content\\\/uploads\\\/2025\\\/07\\\/Ekran-goruntusu-2025-07-17-122842-584x438.png&quot;,&quot;alt&quot;:&quot;&quot;,&quot;width&quot;:584,&quot;height&quot;:438},{&quot;image&quot;:&quot;https:\\\/\\\/mediterra.group\\\/wp-content\\\/uploads\\\/2025\\\/07\\\/Ekran-goruntusu-2025-07-17-122729-584x438.png&quot;,&quot;alt&quot;:&quot;&quot;,&quot;width&quot;:584,&quot;height&quot;:438},{&quot;image&quot;:&quot;https:\\\/\\\/mediterra.group\\\/wp-content\\\/uploads\\\/2025\\\/07\\\/Ekran-goruntusu-2025-07-17-122803-584x438.png&quot;,&quot;alt&quot;:&quot;&quot;,&quot;width&quot;:584,&quot;height&quot;:438},{&quot;image&quot;:&quot;https:\\\/\\\/mediterra.group\\\/wp-content\\\/uploads\\\/2025\\\/07\\\/Ekran-goruntusu-2025-07-17-122816-584x438.png&quot;,&quot;alt&quot;:&quot;&quot;,&quot;width&quot;:584,&quot;height&quot;:438},{&quot;image&quot;:&quot;https:\\\/\\\/mediterra.group\\\/wp-content\\\/uploads\\\/2025\\\/07\\\/Ekran-goruntusu-2025-07-17-122900-584x438.png&quot;,&quot;alt&quot;:&quot;&quot;,&quot;width&quot;:584,&quot;height&quot;:438},{&quot;image&quot;:&quot;https:\\\/\\\/mediterra.group\\\/wp-content\\\/uploads\\\/2025\\\/07\\\/Ekran-goruntusu-2025-07-17-123009-584x438.png&quot;,&quot;alt&quot;:&quot;&quot;,&quot;width&quot;:584,&quot;height&quot;:438},{&quot;image&quot;:&quot;https:\\\/\\\/mediterra.group\\\/wp-content\\\/uploads\\\/2025\\\/07\\\/Ekran-goruntusu-2025-07-17-123042-584x438.png&quot;,&quot;alt&quot;:&quot;&quot;,&quot;width&quot;:584,&quot;height&quot;:438}]\">\n\t<div class=\"item-wrap item-wrap-no-frame\">\n\t\t<div class=\"d-flex flex-md-row flex-column align-items-center\">\n\t\t\t<div class=\"item-header\">\n\t\t\t\t<span class=\"label-featured label me-1\" role=\"status\">Empfohlen<\/span>\t\t\t\t<div class=\"labels-wrap mb-2 d-block d-md-none\" role=\"group\">\n\t\t\t\t\t<a href=\"https:\/\/mediterra.group\/de\/status\/auserplanmasig\/\" class=\"label-status label me-1 status-color-583\">\n\t\t\t\t\tAu\u00dferplanm\u00e4\u00dfig\n\t\t\t\t<\/a>\t\t\t\t<\/div>\n\t\t\t\t<ul class=\"item-price-wrap d-flex d-md-none flex-column gap-2\" role=\"list\">\n\t\t\t\t\t<li class=\"item-price\"><span class=\"price\">\u00a31,450,000<\/span><\/li><li class=\"item-sub-price\"><span class=\"price\">\u00a39,670<\/span><span class=\"price-postfix\">\/m\u00b2<\/span><\/li>\t\t\t\t<\/ul>\n\t\t\t\t<ul class=\"item-tools d-flex align-items-center justify-content-center gap-1\">\n        <li class=\"item-tool item-preview\">\n        <span class=\"hz-show-lightbox-js item-tool-preview text-center\" data-listid=\"33501\" data-bs-toggle=\"modal\" data-bs-target=\"#listing-lightbox-v3\">\n            <span data-bs-toggle=\"tooltip\" data-bs-placement=\"top\" title=\"Preview\">\n                <i class=\"houzez-icon icon-expand-3\"><\/i>   \n            <\/span>\n        <\/span><!-- item-tool-favorite -->\n    <\/li><!-- item-tool -->\n        \n        <li class=\"item-tool item-favorite\">\n        <span class=\"add-favorite-js item-tool-favorite text-center\" data-bs-toggle=\"tooltip\" data-bs-placement=\"top\" title=\"Favourite\" data-listid=\"33501\">\n            <i class=\"houzez-icon icon-love-it \"><\/i>\n        <\/span><!-- item-tool-favorite -->\n    <\/li><!-- item-tool -->\n    \n        <li class=\"item-tool item-compare\">\n        <span class=\"houzez_compare compare-33501 item-tool-compare text-center\" data-bs-toggle=\"tooltip\" data-bs-placement=\"top\" title=\"Add to Compare\" data-listing_id=\"33501\" data-listing_image=\"https:\/\/mediterra.group\/wp-content\/uploads\/2025\/07\/Ekran-goruntusu-2025-07-17-122900-584x438.png\">\n            <i class=\"houzez-icon icon-add-circle\"><\/i>\n            <!-- <i class=\"houzez-icon icon-subtract-circle\"><\/i> -->\n        <\/span><!-- item-tool-compare -->\n    <\/li><!-- item-tool -->\n    <\/ul><!-- item-tools -->\n\t\t\t\t<div class=\"listing-image-wrap\">\n\t<div class=\"listing-thumb\">\n\t\t<a target=\"_self\" href=\"https:\/\/mediterra.group\/de\/property\/nv-306-luxurioese-3-schlafzimmer-villa-mit-atemberaubendem-meer-und-bergblick-in-edremit\/\" class=\"listing-featured-thumb hover-effect image-wrap\" role=\"link\">\n\t\t\t<img fetchpriority=\"high\" decoding=\"async\" width=\"584\" height=\"438\" src=\"https:\/\/mediterra.group\/wp-content\/uploads\/2025\/07\/Ekran-goruntusu-2025-07-17-122900-584x438.png\" class=\"img-fluid wp-post-image\" alt=\"\" \/>\t\t<\/a><!-- hover-effect -->\n\t<\/div>\n<\/div>\t\t\t<\/div>\n\t\t\t<div class=\"item-body flex-grow-1\">\n\t\t\t\t<div class=\"labels-wrap mb-2 d-sm-none d-md-block\" role=\"group\">\n\t\t\t\t\t<a href=\"https:\/\/mediterra.group\/de\/status\/auserplanmasig\/\" class=\"label-status label me-1 status-color-583\">\n\t\t\t\t\tAu\u00dferplanm\u00e4\u00dfig\n\t\t\t\t<\/a>\t\t\t\t<\/div>\n\t\t\t\t<h2 class=\"item-title mb-2 col-12 text-truncate\">\n\t<a target=\"_self\" href=\"https:\/\/mediterra.group\/de\/property\/nv-306-luxurioese-3-schlafzimmer-villa-mit-atemberaubendem-meer-und-bergblick-in-edremit\/\" role=\"link\">NV-306: Luxuri\u00f6se 3-Schlafzimmer-Villa mit atemberaubendem Meer- und Bergblick in Edremit<\/a>\n<\/h2><!-- item-title -->\t\t\t\t<ul class=\"item-price-wrap d-none d-md-flex flex-column gap-2 align-items-end\" role=\"list\">\n\t\t\t\t\t<li class=\"item-price\"><span class=\"price\">\u00a31,450,000<\/span><\/li><li class=\"item-sub-price\"><span class=\"price\">\u00a39,670<\/span><span class=\"price-postfix\">\/m\u00b2<\/span><\/li>\t\t\t\t<\/ul>\n\t\t\t\t<address class=\"item-address mb-2\"><i class=\"houzez-icon icon-pin me-1\" aria-hidden=\"true\"><\/i><span>Edremit, Kyrenia, Nordzypern<\/span><\/address>\t\t\t\t<ul class=\"item-amenities d-flex flex-wrap align-items-center gap-2 mb-2 item-amenities-with-icons\" role=\"list\">\n\t<li class=\"h-beds d-flex align-items-center me-1\"><i class=\"houzez-icon icon-hotel-double-bed-1 me-2\"><\/i><span class=\"item-amenities-text\">Beds:<\/span> <span class=\"hz-figure\">3<\/span><\/li><li class=\"h-baths d-flex align-items-center me-1\"><i class=\"houzez-icon icon-bathroom-shower-1 me-2\"><\/i><span class=\"item-amenities-text\">Baths:<\/span> <span class=\"hz-figure\">4<\/span><\/li><li class=\"h-area d-flex align-items-center me-1\"><i class=\"houzez-icon icon-ruler-triangle me-2\"><\/i><span class=\"hz-figure me-1\">150m\u00b2<\/span> <span class=\"hz-figure area_postfix\">m\u00b2<\/span><\/li><li class=\"h-type d-flex w-100\" role=\"listitem\"><span>Mediterra Auswahl, Projekte, Villa<\/span><\/li><\/ul>\t\t\t\t<a class=\"btn btn-primary btn-item\" target=\"_self\" href=\"https:\/\/mediterra.group\/de\/property\/nv-306-luxurioese-3-schlafzimmer-villa-mit-atemberaubendem-meer-und-bergblick-in-edremit\/\">\n\tEinzelheiten<\/a><!-- btn-item -->\n\t\t\t\t\t\t\t\t<div class=\"d-flex align-items-center justify-content-start d-none d-md-flex gap-3\">\n\t\t\t\t\t<div class=\"item-author d-flex align-items-center gap-1\">\n\t<div class=\"item-author-image me-2\" role=\"img\">\n\t\t<img decoding=\"async\" class=\"rounded-circle\" src=\"https:\/\/mediterra.group\/wp-content\/themes\/houzez\/img\/profile-avatar.png\" width=\"32\" height=\"32\" alt=\"\">\n\t<\/div>\n\t<a href=\"https:\/\/mediterra.group\/de\/author\/mediterra\/\" role=\"link\">mediterra<\/a>\n<\/div><!-- item-author -->\n\t\t\t\t\t<div class=\"item-date d-flex align-items-center gap-1\">\n\t<i class=\"houzez-icon icon-attachment me-1\"><\/i>\n\t10\u00a0Monaten vor<\/div><!-- item-date -->\n\t\t\t\t<\/div>\n\t\t\t\t\t\t\t<\/div>\n\t\t\t\t\t\t<div class=\"item-footer d-md-none d-flex justify-content-between w-100\">\n\t\t\t\t<div class=\"item-author d-flex align-items-center gap-1\">\n\t<div class=\"item-author-image me-2\" role=\"img\">\n\t\t<img decoding=\"async\" class=\"rounded-circle\" src=\"https:\/\/mediterra.group\/wp-content\/themes\/houzez\/img\/profile-avatar.png\" width=\"32\" height=\"32\" alt=\"\">\n\t<\/div>\n\t<a href=\"https:\/\/mediterra.group\/de\/author\/mediterra\/\" role=\"link\">mediterra<\/a>\n<\/div><!-- item-author -->\n\t\t\t\t<div class=\"ms-auto\">\n\t\t\t\t\t<div class=\"item-date d-flex align-items-center gap-1\">\n\t<i class=\"houzez-icon icon-attachment me-1\"><\/i>\n\t10\u00a0Monaten vor<\/div><!-- item-date -->\n\t\t\t\t<\/div>\n\t\t\t<\/div>\n\t\t\t\t\t<\/div>\n\t<\/div>\n<\/div><div class=\"item-listing-wrap hz-item-gallery-js item-listing-wrap-v1 item-listing-wrap-v2 hz-map-trigger\" data-hz-id=\"34120\" data-images=\"[{&quot;image&quot;:&quot;https:\\\/\\\/mediterra.group\\\/wp-content\\\/uploads\\\/2025\\\/07\\\/Ekran-goruntusu-2025-07-14-162720-584x438.png&quot;,&quot;alt&quot;:&quot;&quot;,&quot;width&quot;:584,&quot;height&quot;:438},{&quot;image&quot;:&quot;https:\\\/\\\/mediterra.group\\\/wp-content\\\/uploads\\\/2025\\\/07\\\/Ekran-goruntusu-2025-07-14-162720-584x438.png&quot;,&quot;alt&quot;:&quot;&quot;,&quot;width&quot;:584,&quot;height&quot;:438},{&quot;image&quot;:&quot;https:\\\/\\\/mediterra.group\\\/wp-content\\\/uploads\\\/2025\\\/07\\\/44-584x438.jpg&quot;,&quot;alt&quot;:&quot;&quot;,&quot;width&quot;:584,&quot;height&quot;:438},{&quot;image&quot;:&quot;https:\\\/\\\/mediterra.group\\\/wp-content\\\/uploads\\\/2025\\\/07\\\/77-584x438.jpg&quot;,&quot;alt&quot;:&quot;&quot;,&quot;width&quot;:584,&quot;height&quot;:438},{&quot;image&quot;:&quot;https:\\\/\\\/mediterra.group\\\/wp-content\\\/uploads\\\/2025\\\/07\\\/88-584x438.jpg&quot;,&quot;alt&quot;:&quot;&quot;,&quot;width&quot;:584,&quot;height&quot;:438},{&quot;image&quot;:&quot;https:\\\/\\\/mediterra.group\\\/wp-content\\\/uploads\\\/2025\\\/07\\\/33-584x438.jpg&quot;,&quot;alt&quot;:&quot;&quot;,&quot;width&quot;:584,&quot;height&quot;:438},{&quot;image&quot;:&quot;https:\\\/\\\/mediterra.group\\\/wp-content\\\/uploads\\\/2025\\\/07\\\/66-584x438.jpg&quot;,&quot;alt&quot;:&quot;&quot;,&quot;width&quot;:584,&quot;height&quot;:438},{&quot;image&quot;:&quot;https:\\\/\\\/mediterra.group\\\/wp-content\\\/uploads\\\/2025\\\/07\\\/11-5-584x438.jpg&quot;,&quot;alt&quot;:&quot;&quot;,&quot;width&quot;:584,&quot;height&quot;:438},{&quot;image&quot;:&quot;https:\\\/\\\/mediterra.group\\\/wp-content\\\/uploads\\\/2025\\\/07\\\/22-2-584x438.jpg&quot;,&quot;alt&quot;:&quot;&quot;,&quot;width&quot;:584,&quot;height&quot;:438},{&quot;image&quot;:&quot;https:\\\/\\\/mediterra.group\\\/wp-content\\\/uploads\\\/2025\\\/07\\\/55-584x438.jpg&quot;,&quot;alt&quot;:&quot;&quot;,&quot;width&quot;:584,&quot;height&quot;:438}]\">\n\t<div class=\"item-wrap item-wrap-no-frame\">\n\t\t<div class=\"d-flex flex-md-row flex-column align-items-center\">\n\t\t\t<div class=\"item-header\">\n\t\t\t\t<span class=\"label-featured label me-1\" role=\"status\">Empfohlen<\/span>\t\t\t\t<div class=\"labels-wrap mb-2 d-block d-md-none\" role=\"group\">\n\t\t\t\t\t<a href=\"https:\/\/mediterra.group\/de\/label\/heises-angebot\/\" class=\"hz-label label me-1 label-color-478\">\n\t\t\t\t\tHei\u00dfes Angebot\n\t\t\t\t<\/a>\t\t\t\t<\/div>\n\t\t\t\t<ul class=\"item-price-wrap d-flex d-md-none flex-column gap-2\" role=\"list\">\n\t\t\t\t\t<li class=\"item-price\"><span class=\"price\">\u00a31,950,000<\/span><\/li><li class=\"item-sub-price\"><span class=\"price\">\u00a35,130<\/span><span class=\"price-postfix\">\/m\u00b2<\/span><\/li>\t\t\t\t<\/ul>\n\t\t\t\t<ul class=\"item-tools d-flex align-items-center justify-content-center gap-1\">\n        <li class=\"item-tool item-preview\">\n        <span class=\"hz-show-lightbox-js item-tool-preview text-center\" data-listid=\"34120\" data-bs-toggle=\"modal\" data-bs-target=\"#listing-lightbox-v3\">\n            <span data-bs-toggle=\"tooltip\" data-bs-placement=\"top\" title=\"Preview\">\n                <i class=\"houzez-icon icon-expand-3\"><\/i>   \n            <\/span>\n        <\/span><!-- item-tool-favorite -->\n    <\/li><!-- item-tool -->\n        \n        <li class=\"item-tool item-favorite\">\n        <span class=\"add-favorite-js item-tool-favorite text-center\" data-bs-toggle=\"tooltip\" data-bs-placement=\"top\" title=\"Favourite\" data-listid=\"34120\">\n            <i class=\"houzez-icon icon-love-it \"><\/i>\n        <\/span><!-- item-tool-favorite -->\n    <\/li><!-- item-tool -->\n    \n        <li class=\"item-tool item-compare\">\n        <span class=\"houzez_compare compare-34120 item-tool-compare text-center\" data-bs-toggle=\"tooltip\" data-bs-placement=\"top\" title=\"Add to Compare\" data-listing_id=\"34120\" data-listing_image=\"https:\/\/mediterra.group\/wp-content\/uploads\/2025\/07\/Ekran-goruntusu-2025-07-14-162720-584x438.png\">\n            <i class=\"houzez-icon icon-add-circle\"><\/i>\n            <!-- <i class=\"houzez-icon icon-subtract-circle\"><\/i> -->\n        <\/span><!-- item-tool-compare -->\n    <\/li><!-- item-tool -->\n    <\/ul><!-- item-tools -->\n\t\t\t\t<div class=\"listing-image-wrap\">\n\t<div class=\"listing-thumb\">\n\t\t<a target=\"_self\" href=\"https:\/\/mediterra.group\/de\/property\/nv-403-moderne-4-schlafzimmer-villa-mit-meerblick-und-privatem-pool-in-bellapais\/\" class=\"listing-featured-thumb hover-effect image-wrap\" role=\"link\">\n\t\t\t<img decoding=\"async\" width=\"584\" height=\"438\" src=\"https:\/\/mediterra.group\/wp-content\/uploads\/2025\/07\/Ekran-goruntusu-2025-07-14-162720-584x438.png\" class=\"img-fluid wp-post-image\" alt=\"\" \/>\t\t<\/a><!-- hover-effect -->\n\t<\/div>\n<\/div>\t\t\t<\/div>\n\t\t\t<div class=\"item-body flex-grow-1\">\n\t\t\t\t<div class=\"labels-wrap mb-2 d-sm-none d-md-block\" role=\"group\">\n\t\t\t\t\t<a href=\"https:\/\/mediterra.group\/de\/label\/heises-angebot\/\" class=\"hz-label label me-1 label-color-478\">\n\t\t\t\t\tHei\u00dfes Angebot\n\t\t\t\t<\/a>\t\t\t\t<\/div>\n\t\t\t\t<h2 class=\"item-title mb-2 col-12 text-truncate\">\n\t<a target=\"_self\" href=\"https:\/\/mediterra.group\/de\/property\/nv-403-moderne-4-schlafzimmer-villa-mit-meerblick-und-privatem-pool-in-bellapais\/\" role=\"link\">NV-403: Moderne 4-Schlafzimmer-Villa mit Meerblick und privatem Pool in Bellapais<\/a>\n<\/h2><!-- item-title -->\t\t\t\t<ul class=\"item-price-wrap d-none d-md-flex flex-column gap-2 align-items-end\" role=\"list\">\n\t\t\t\t\t<li class=\"item-price\"><span class=\"price\">\u00a31,950,000<\/span><\/li><li class=\"item-sub-price\"><span class=\"price\">\u00a35,130<\/span><span class=\"price-postfix\">\/m\u00b2<\/span><\/li>\t\t\t\t<\/ul>\n\t\t\t\t<address class=\"item-address mb-2\"><i class=\"houzez-icon icon-pin me-1\" aria-hidden=\"true\"><\/i><span>Bellapais, Kyrenia, Nordzypern<\/span><\/address>\t\t\t\t<ul class=\"item-amenities d-flex flex-wrap align-items-center gap-2 mb-2 item-amenities-with-icons\" role=\"list\">\n\t<li class=\"h-beds d-flex align-items-center me-1\"><i class=\"houzez-icon icon-hotel-double-bed-1 me-2\"><\/i><span class=\"item-amenities-text\">Beds:<\/span> <span class=\"hz-figure\">4<\/span><\/li><li class=\"h-baths d-flex align-items-center me-1\"><i class=\"houzez-icon icon-bathroom-shower-1 me-2\"><\/i><span class=\"item-amenities-text\">Baths:<\/span> <span class=\"hz-figure\">4<\/span><\/li><li class=\"h-area d-flex align-items-center me-1\"><i class=\"houzez-icon icon-ruler-triangle me-2\"><\/i><span class=\"hz-figure me-1\">380m\u00b2<\/span> <span class=\"hz-figure area_postfix\">m\u00b2<\/span><\/li><li class=\"h-type d-flex w-100\" role=\"listitem\"><span>Mediterra Auswahl, Projekte, Villa<\/span><\/li><\/ul>\t\t\t\t<a class=\"btn btn-primary btn-item\" target=\"_self\" href=\"https:\/\/mediterra.group\/de\/property\/nv-403-moderne-4-schlafzimmer-villa-mit-meerblick-und-privatem-pool-in-bellapais\/\">\n\tEinzelheiten<\/a><!-- btn-item -->\n\t\t\t\t\t\t\t\t<div class=\"d-flex align-items-center justify-content-start d-none d-md-flex gap-3\">\n\t\t\t\t\t<div class=\"item-author d-flex align-items-center gap-1\">\n\t<div class=\"item-author-image me-2\" role=\"img\">\n\t\t<img decoding=\"async\" class=\"rounded-circle\" src=\"https:\/\/mediterra.group\/wp-content\/themes\/houzez\/img\/profile-avatar.png\" width=\"32\" height=\"32\" alt=\"\">\n\t<\/div>\n\t<a href=\"https:\/\/mediterra.group\/de\/author\/mediterra\/\" role=\"link\">mediterra<\/a>\n<\/div><!-- item-author -->\n\t\t\t\t\t<div class=\"item-date d-flex align-items-center gap-1\">\n\t<i class=\"houzez-icon icon-attachment me-1\"><\/i>\n\t10\u00a0Monaten vor<\/div><!-- item-date -->\n\t\t\t\t<\/div>\n\t\t\t\t\t\t\t<\/div>\n\t\t\t\t\t\t<div class=\"item-footer d-md-none d-flex justify-content-between w-100\">\n\t\t\t\t<div class=\"item-author d-flex align-items-center gap-1\">\n\t<div class=\"item-author-image me-2\" role=\"img\">\n\t\t<img decoding=\"async\" class=\"rounded-circle\" src=\"https:\/\/mediterra.group\/wp-content\/themes\/houzez\/img\/profile-avatar.png\" width=\"32\" height=\"32\" alt=\"\">\n\t<\/div>\n\t<a href=\"https:\/\/mediterra.group\/de\/author\/mediterra\/\" role=\"link\">mediterra<\/a>\n<\/div><!-- item-author -->\n\t\t\t\t<div class=\"ms-auto\">\n\t\t\t\t\t<div class=\"item-date d-flex align-items-center gap-1\">\n\t<i class=\"houzez-icon icon-attachment me-1\"><\/i>\n\t10\u00a0Monaten vor<\/div><!-- item-date -->\n\t\t\t\t<\/div>\n\t\t\t<\/div>\n\t\t\t\t\t<\/div>\n\t<\/div>\n<\/div><div class=\"item-listing-wrap hz-item-gallery-js item-listing-wrap-v1 item-listing-wrap-v2 hz-map-trigger\" data-hz-id=\"34111\" data-images=\"[{&quot;image&quot;:&quot;https:\\\/\\\/mediterra.group\\\/wp-content\\\/uploads\\\/2025\\\/07\\\/girne-esentepe-satilik-villa-457775-1751963306.6276-584x438.jpg&quot;,&quot;alt&quot;:&quot;&quot;,&quot;width&quot;:584,&quot;height&quot;:438},{&quot;image&quot;:&quot;https:\\\/\\\/mediterra.group\\\/wp-content\\\/uploads\\\/2025\\\/07\\\/girne-esentepe-satilik-villa-457775-1751963306.6276-584x438.jpg&quot;,&quot;alt&quot;:&quot;&quot;,&quot;width&quot;:584,&quot;height&quot;:438},{&quot;image&quot;:&quot;https:\\\/\\\/mediterra.group\\\/wp-content\\\/uploads\\\/2025\\\/07\\\/girne-esentepe-satilik-villa-457775-1751963216.8463-584x438.jpg&quot;,&quot;alt&quot;:&quot;&quot;,&quot;width&quot;:584,&quot;height&quot;:438},{&quot;image&quot;:&quot;https:\\\/\\\/mediterra.group\\\/wp-content\\\/uploads\\\/2025\\\/07\\\/girne-esentepe-satilik-villa-457775-1751963223.9227-584x438.jpg&quot;,&quot;alt&quot;:&quot;&quot;,&quot;width&quot;:584,&quot;height&quot;:438},{&quot;image&quot;:&quot;https:\\\/\\\/mediterra.group\\\/wp-content\\\/uploads\\\/2025\\\/07\\\/girne-esentepe-satilik-villa-457775-1751963210.9073-584x438.jpg&quot;,&quot;alt&quot;:&quot;&quot;,&quot;width&quot;:584,&quot;height&quot;:438},{&quot;image&quot;:&quot;https:\\\/\\\/mediterra.group\\\/wp-content\\\/uploads\\\/2025\\\/07\\\/girne-esentepe-satilik-villa-457775-1751963212.2593-584x438.jpg&quot;,&quot;alt&quot;:&quot;&quot;,&quot;width&quot;:584,&quot;height&quot;:438},{&quot;image&quot;:&quot;https:\\\/\\\/mediterra.group\\\/wp-content\\\/uploads\\\/2025\\\/07\\\/girne-esentepe-satilik-villa-457775-1751963225.0684-584x438.jpg&quot;,&quot;alt&quot;:&quot;&quot;,&quot;width&quot;:584,&quot;height&quot;:438},{&quot;image&quot;:&quot;https:\\\/\\\/mediterra.group\\\/wp-content\\\/uploads\\\/2025\\\/07\\\/girne-esentepe-satilik-villa-457775-1751963213.5305-584x438.jpg&quot;,&quot;alt&quot;:&quot;&quot;,&quot;width&quot;:584,&quot;height&quot;:438},{&quot;image&quot;:&quot;https:\\\/\\\/mediterra.group\\\/wp-content\\\/uploads\\\/2025\\\/07\\\/girne-esentepe-satilik-villa-457775-1751963209.6458-584x438.jpg&quot;,&quot;alt&quot;:&quot;&quot;,&quot;width&quot;:584,&quot;height&quot;:438},{&quot;image&quot;:&quot;https:\\\/\\\/mediterra.group\\\/wp-content\\\/uploads\\\/2025\\\/07\\\/girne-esentepe-satilik-villa-457775-1751963325.1584-584x438.jpg&quot;,&quot;alt&quot;:&quot;&quot;,&quot;width&quot;:584,&quot;height&quot;:438}]\">\n\t<div class=\"item-wrap item-wrap-no-frame\">\n\t\t<div class=\"d-flex flex-md-row flex-column align-items-center\">\n\t\t\t<div class=\"item-header\">\n\t\t\t\t<span class=\"label-featured label me-1\" role=\"status\">Empfohlen<\/span>\t\t\t\t<div class=\"labels-wrap mb-2 d-block d-md-none\" role=\"group\">\n\t\t\t\t\t<a href=\"https:\/\/mediterra.group\/de\/status\/auserplanmasig\/\" class=\"label-status label me-1 status-color-583\">\n\t\t\t\t\tAu\u00dferplanm\u00e4\u00dfig\n\t\t\t\t<\/a><a href=\"https:\/\/mediterra.group\/de\/label\/heises-angebot\/\" class=\"hz-label label me-1 label-color-478\">\n\t\t\t\t\tHei\u00dfes Angebot\n\t\t\t\t<\/a>\t\t\t\t<\/div>\n\t\t\t\t<ul class=\"item-price-wrap d-flex d-md-none flex-column gap-2\" role=\"list\">\n\t\t\t\t\t<li class=\"item-price\"><span class=\"price\">\u00a31,149,000<\/span><\/li><li class=\"item-sub-price\"><span class=\"price\">\u00a38,839<\/span><span class=\"price-postfix\">\/m\u00b2<\/span><\/li>\t\t\t\t<\/ul>\n\t\t\t\t<ul class=\"item-tools d-flex align-items-center justify-content-center gap-1\">\n        <li class=\"item-tool item-preview\">\n        <span class=\"hz-show-lightbox-js item-tool-preview text-center\" data-listid=\"34111\" data-bs-toggle=\"modal\" data-bs-target=\"#listing-lightbox-v3\">\n            <span data-bs-toggle=\"tooltip\" data-bs-placement=\"top\" title=\"Preview\">\n                <i class=\"houzez-icon icon-expand-3\"><\/i>   \n            <\/span>\n        <\/span><!-- item-tool-favorite -->\n    <\/li><!-- item-tool -->\n        \n        <li class=\"item-tool item-favorite\">\n        <span class=\"add-favorite-js item-tool-favorite text-center\" data-bs-toggle=\"tooltip\" data-bs-placement=\"top\" title=\"Favourite\" data-listid=\"34111\">\n            <i class=\"houzez-icon icon-love-it \"><\/i>\n        <\/span><!-- item-tool-favorite -->\n    <\/li><!-- item-tool -->\n    \n        <li class=\"item-tool item-compare\">\n        <span class=\"houzez_compare compare-34111 item-tool-compare text-center\" data-bs-toggle=\"tooltip\" data-bs-placement=\"top\" title=\"Add to Compare\" data-listing_id=\"34111\" data-listing_image=\"https:\/\/mediterra.group\/wp-content\/uploads\/2025\/07\/girne-esentepe-satilik-villa-457775-1751963306.6276-584x438.jpg\">\n            <i class=\"houzez-icon icon-add-circle\"><\/i>\n            <!-- <i class=\"houzez-icon icon-subtract-circle\"><\/i> -->\n        <\/span><!-- item-tool-compare -->\n    <\/li><!-- item-tool -->\n    <\/ul><!-- item-tools -->\n\t\t\t\t<div class=\"listing-image-wrap\">\n\t<div class=\"listing-thumb\">\n\t\t<a target=\"_self\" href=\"https:\/\/mediterra.group\/de\/property\/nv-305-brandneue-duplex-villa-an-der-mittelmeerkueste\/\" class=\"listing-featured-thumb hover-effect image-wrap\" role=\"link\">\n\t\t\t<img loading=\"lazy\" decoding=\"async\" width=\"584\" height=\"438\" src=\"https:\/\/mediterra.group\/wp-content\/uploads\/2025\/07\/girne-esentepe-satilik-villa-457775-1751963306.6276-584x438.jpg\" class=\"img-fluid wp-post-image\" alt=\"\" srcset=\"https:\/\/mediterra.group\/wp-content\/uploads\/2025\/07\/girne-esentepe-satilik-villa-457775-1751963306.6276-584x438.jpg 584w, https:\/\/mediterra.group\/wp-content\/uploads\/2025\/07\/girne-esentepe-satilik-villa-457775-1751963306.6276.jpg 640w\" sizes=\"(max-width: 584px) 100vw, 584px\" \/>\t\t<\/a><!-- hover-effect -->\n\t<\/div>\n<\/div>\t\t\t<\/div>\n\t\t\t<div class=\"item-body flex-grow-1\">\n\t\t\t\t<div class=\"labels-wrap mb-2 d-sm-none d-md-block\" role=\"group\">\n\t\t\t\t\t<a href=\"https:\/\/mediterra.group\/de\/status\/auserplanmasig\/\" class=\"label-status label me-1 status-color-583\">\n\t\t\t\t\tAu\u00dferplanm\u00e4\u00dfig\n\t\t\t\t<\/a><a href=\"https:\/\/mediterra.group\/de\/label\/heises-angebot\/\" class=\"hz-label label me-1 label-color-478\">\n\t\t\t\t\tHei\u00dfes Angebot\n\t\t\t\t<\/a>\t\t\t\t<\/div>\n\t\t\t\t<h2 class=\"item-title mb-2 col-12 text-truncate\">\n\t<a target=\"_self\" href=\"https:\/\/mediterra.group\/de\/property\/nv-305-brandneue-duplex-villa-an-der-mittelmeerkueste\/\" role=\"link\">NV-305: Brandneue Duplex-Villa an der Mittelmeerk\u00fcste<\/a>\n<\/h2><!-- item-title -->\t\t\t\t<ul class=\"item-price-wrap d-none d-md-flex flex-column gap-2 align-items-end\" role=\"list\">\n\t\t\t\t\t<li class=\"item-price\"><span class=\"price\">\u00a31,149,000<\/span><\/li><li class=\"item-sub-price\"><span class=\"price\">\u00a38,839<\/span><span class=\"price-postfix\">\/m\u00b2<\/span><\/li>\t\t\t\t<\/ul>\n\t\t\t\t<address class=\"item-address mb-2\"><i class=\"houzez-icon icon-pin me-1\" aria-hidden=\"true\"><\/i><span>Esentepe, Kyrenia, Nordzypern<\/span><\/address>\t\t\t\t<ul class=\"item-amenities d-flex flex-wrap align-items-center gap-2 mb-2 item-amenities-with-icons\" role=\"list\">\n\t<li class=\"h-beds d-flex align-items-center me-1\"><i class=\"houzez-icon icon-hotel-double-bed-1 me-2\"><\/i><span class=\"item-amenities-text\">Beds:<\/span> <span class=\"hz-figure\">3<\/span><\/li><li class=\"h-baths d-flex align-items-center me-1\"><i class=\"houzez-icon icon-bathroom-shower-1 me-2\"><\/i><span class=\"item-amenities-text\">Baths:<\/span> <span class=\"hz-figure\">2<\/span><\/li><li class=\"h-area d-flex align-items-center me-1\"><i class=\"houzez-icon icon-ruler-triangle me-2\"><\/i><span class=\"hz-figure me-1\">130<\/span> <span class=\"hz-figure area_postfix\">m\u00b2<\/span><\/li><li class=\"h-type d-flex w-100\" role=\"listitem\"><span>Exklusive Eigenschaften, Mediterra Auswahl, Projekte, Villa<\/span><\/li><\/ul>\t\t\t\t<a class=\"btn btn-primary btn-item\" target=\"_self\" href=\"https:\/\/mediterra.group\/de\/property\/nv-305-brandneue-duplex-villa-an-der-mittelmeerkueste\/\">\n\tEinzelheiten<\/a><!-- btn-item -->\n\t\t\t\t\t\t\t\t<div class=\"d-flex align-items-center justify-content-start d-none d-md-flex gap-3\">\n\t\t\t\t\t<div class=\"item-author d-flex align-items-center gap-1\">\n\t<div class=\"item-author-image me-2\" role=\"img\">\n\t\t<img decoding=\"async\" class=\"rounded-circle\" src=\"https:\/\/mediterra.group\/wp-content\/themes\/houzez\/img\/profile-avatar.png\" width=\"32\" height=\"32\" alt=\"\">\n\t<\/div>\n\t<a href=\"https:\/\/mediterra.group\/de\/author\/mediterra\/\" role=\"link\">mediterra<\/a>\n<\/div><!-- item-author -->\n\t\t\t\t\t<div class=\"item-date d-flex align-items-center gap-1\">\n\t<i class=\"houzez-icon icon-attachment me-1\"><\/i>\n\t10\u00a0Monaten vor<\/div><!-- item-date -->\n\t\t\t\t<\/div>\n\t\t\t\t\t\t\t<\/div>\n\t\t\t\t\t\t<div class=\"item-footer d-md-none d-flex justify-content-between w-100\">\n\t\t\t\t<div class=\"item-author d-flex align-items-center gap-1\">\n\t<div class=\"item-author-image me-2\" role=\"img\">\n\t\t<img decoding=\"async\" class=\"rounded-circle\" src=\"https:\/\/mediterra.group\/wp-content\/themes\/houzez\/img\/profile-avatar.png\" width=\"32\" height=\"32\" alt=\"\">\n\t<\/div>\n\t<a href=\"https:\/\/mediterra.group\/de\/author\/mediterra\/\" role=\"link\">mediterra<\/a>\n<\/div><!-- item-author -->\n\t\t\t\t<div class=\"ms-auto\">\n\t\t\t\t\t<div class=\"item-date d-flex align-items-center gap-1\">\n\t<i class=\"houzez-icon icon-attachment me-1\"><\/i>\n\t10\u00a0Monaten vor<\/div><!-- item-date -->\n\t\t\t\t<\/div>\n\t\t\t<\/div>\n\t\t\t\t\t<\/div>\n\t<\/div>\n<\/div><div class=\"item-listing-wrap hz-item-gallery-js item-listing-wrap-v1 item-listing-wrap-v2 hz-map-trigger\" data-hz-id=\"34110\" data-images=\"[{&quot;image&quot;:&quot;https:\\\/\\\/mediterra.group\\\/wp-content\\\/uploads\\\/2025\\\/07\\\/girne-bellapais-satilik-villa-454083-1750693697.8279-584x438.jpg&quot;,&quot;alt&quot;:&quot;&quot;,&quot;width&quot;:584,&quot;height&quot;:438},{&quot;image&quot;:&quot;https:\\\/\\\/mediterra.group\\\/wp-content\\\/uploads\\\/2025\\\/07\\\/girne-bellapais-satilik-villa-454083-1750693697.8279-584x438.jpg&quot;,&quot;alt&quot;:&quot;&quot;,&quot;width&quot;:584,&quot;height&quot;:438},{&quot;image&quot;:&quot;https:\\\/\\\/mediterra.group\\\/wp-content\\\/uploads\\\/2025\\\/07\\\/girne-bellapais-satilik-villa-454083-1750693700.6535-584x438.jpg&quot;,&quot;alt&quot;:&quot;&quot;,&quot;width&quot;:584,&quot;height&quot;:438},{&quot;image&quot;:&quot;https:\\\/\\\/mediterra.group\\\/wp-content\\\/uploads\\\/2025\\\/07\\\/girne-bellapais-satilik-villa-454083-1750693699.4613-584x438.jpg&quot;,&quot;alt&quot;:&quot;&quot;,&quot;width&quot;:584,&quot;height&quot;:438},{&quot;image&quot;:&quot;https:\\\/\\\/mediterra.group\\\/wp-content\\\/uploads\\\/2025\\\/07\\\/girne-bellapais-satilik-villa-454083-1750693693.4035-584x438.jpg&quot;,&quot;alt&quot;:&quot;&quot;,&quot;width&quot;:584,&quot;height&quot;:438},{&quot;image&quot;:&quot;https:\\\/\\\/mediterra.group\\\/wp-content\\\/uploads\\\/2025\\\/07\\\/girne-bellapais-satilik-villa-454083-1750693701.8972-584x438.jpg&quot;,&quot;alt&quot;:&quot;&quot;,&quot;width&quot;:584,&quot;height&quot;:438},{&quot;image&quot;:&quot;https:\\\/\\\/mediterra.group\\\/wp-content\\\/uploads\\\/2025\\\/07\\\/girne-bellapais-satilik-villa-454083-1750693694.819-584x438.jpg&quot;,&quot;alt&quot;:&quot;&quot;,&quot;width&quot;:584,&quot;height&quot;:438}]\">\n\t<div class=\"item-wrap item-wrap-no-frame\">\n\t\t<div class=\"d-flex flex-md-row flex-column align-items-center\">\n\t\t\t<div class=\"item-header\">\n\t\t\t\t<span class=\"label-featured label me-1\" role=\"status\">Empfohlen<\/span>\t\t\t\t<div class=\"labels-wrap mb-2 d-block d-md-none\" role=\"group\">\n\t\t\t\t\t<a href=\"https:\/\/mediterra.group\/de\/status\/im-bau\/\" class=\"label-status label me-1 status-color-551\">\n\t\t\t\t\tIm Bau\n\t\t\t\t<\/a><a href=\"https:\/\/mediterra.group\/de\/label\/heises-angebot\/\" class=\"hz-label label me-1 label-color-478\">\n\t\t\t\t\tHei\u00dfes Angebot\n\t\t\t\t<\/a>\t\t\t\t<\/div>\n\t\t\t\t<ul class=\"item-price-wrap d-flex d-md-none flex-column gap-2\" role=\"list\">\n\t\t\t\t\t<li class=\"item-price\"><span class=\"price\">\u00a32,500,000<\/span><\/li><li class=\"item-sub-price\"><span class=\"price\">\u00a35,747<\/span><span class=\"price-postfix\">\/m\u00b2<\/span><\/li>\t\t\t\t<\/ul>\n\t\t\t\t<ul class=\"item-tools d-flex align-items-center justify-content-center gap-1\">\n        <li class=\"item-tool item-preview\">\n        <span class=\"hz-show-lightbox-js item-tool-preview text-center\" data-listid=\"34110\" data-bs-toggle=\"modal\" data-bs-target=\"#listing-lightbox-v3\">\n            <span data-bs-toggle=\"tooltip\" data-bs-placement=\"top\" title=\"Preview\">\n                <i class=\"houzez-icon icon-expand-3\"><\/i>   \n            <\/span>\n        <\/span><!-- item-tool-favorite -->\n    <\/li><!-- item-tool -->\n        \n        <li class=\"item-tool item-favorite\">\n        <span class=\"add-favorite-js item-tool-favorite text-center\" data-bs-toggle=\"tooltip\" data-bs-placement=\"top\" title=\"Favourite\" data-listid=\"34110\">\n            <i class=\"houzez-icon icon-love-it \"><\/i>\n        <\/span><!-- item-tool-favorite -->\n    <\/li><!-- item-tool -->\n    \n        <li class=\"item-tool item-compare\">\n        <span class=\"houzez_compare compare-34110 item-tool-compare text-center\" data-bs-toggle=\"tooltip\" data-bs-placement=\"top\" title=\"Add to Compare\" data-listing_id=\"34110\" data-listing_image=\"https:\/\/mediterra.group\/wp-content\/uploads\/2025\/07\/girne-bellapais-satilik-villa-454083-1750693697.8279-584x438.jpg\">\n            <i class=\"houzez-icon icon-add-circle\"><\/i>\n            <!-- <i class=\"houzez-icon icon-subtract-circle\"><\/i> -->\n        <\/span><!-- item-tool-compare -->\n    <\/li><!-- item-tool -->\n    <\/ul><!-- item-tools -->\n\t\t\t\t<div class=\"listing-image-wrap\">\n\t<div class=\"listing-thumb\">\n\t\t<a target=\"_self\" href=\"https:\/\/mediterra.group\/de\/property\/nv-402-luxurioese-villa-im-zentrum-von-kyrenia-mit-blick-auf-das-meer-und-die-berge\/\" class=\"listing-featured-thumb hover-effect image-wrap\" role=\"link\">\n\t\t\t<img loading=\"lazy\" decoding=\"async\" width=\"584\" height=\"438\" src=\"https:\/\/mediterra.group\/wp-content\/uploads\/2025\/07\/girne-bellapais-satilik-villa-454083-1750693697.8279-584x438.jpg\" class=\"img-fluid wp-post-image\" alt=\"\" srcset=\"https:\/\/mediterra.group\/wp-content\/uploads\/2025\/07\/girne-bellapais-satilik-villa-454083-1750693697.8279-584x438.jpg 584w, https:\/\/mediterra.group\/wp-content\/uploads\/2025\/07\/girne-bellapais-satilik-villa-454083-1750693697.8279.jpg 640w\" sizes=\"(max-width: 584px) 100vw, 584px\" \/>\t\t<\/a><!-- hover-effect -->\n\t<\/div>\n<\/div>\t\t\t<\/div>\n\t\t\t<div class=\"item-body flex-grow-1\">\n\t\t\t\t<div class=\"labels-wrap mb-2 d-sm-none d-md-block\" role=\"group\">\n\t\t\t\t\t<a href=\"https:\/\/mediterra.group\/de\/status\/im-bau\/\" class=\"label-status label me-1 status-color-551\">\n\t\t\t\t\tIm Bau\n\t\t\t\t<\/a><a href=\"https:\/\/mediterra.group\/de\/label\/heises-angebot\/\" class=\"hz-label label me-1 label-color-478\">\n\t\t\t\t\tHei\u00dfes Angebot\n\t\t\t\t<\/a>\t\t\t\t<\/div>\n\t\t\t\t<h2 class=\"item-title mb-2 col-12 text-truncate\">\n\t<a target=\"_self\" href=\"https:\/\/mediterra.group\/de\/property\/nv-402-luxurioese-villa-im-zentrum-von-kyrenia-mit-blick-auf-das-meer-und-die-berge\/\" role=\"link\">NV-402: Luxuri\u00f6se Villa im Zentrum von Kyrenia mit Blick auf das Meer und die Berge<\/a>\n<\/h2><!-- item-title -->\t\t\t\t<ul class=\"item-price-wrap d-none d-md-flex flex-column gap-2 align-items-end\" role=\"list\">\n\t\t\t\t\t<li class=\"item-price\"><span class=\"price\">\u00a32,500,000<\/span><\/li><li class=\"item-sub-price\"><span class=\"price\">\u00a35,747<\/span><span class=\"price-postfix\">\/m\u00b2<\/span><\/li>\t\t\t\t<\/ul>\n\t\t\t\t<address class=\"item-address mb-2\"><i class=\"houzez-icon icon-pin me-1\" aria-hidden=\"true\"><\/i><span>Esentepe, Kyrenia, Nordzypern<\/span><\/address>\t\t\t\t<ul class=\"item-amenities d-flex flex-wrap align-items-center gap-2 mb-2 item-amenities-with-icons\" role=\"list\">\n\t<li class=\"h-beds d-flex align-items-center me-1\"><i class=\"houzez-icon icon-hotel-double-bed-1 me-2\"><\/i><span class=\"item-amenities-text\">Beds:<\/span> <span class=\"hz-figure\">4<\/span><\/li><li class=\"h-baths d-flex align-items-center me-1\"><i class=\"houzez-icon icon-bathroom-shower-1 me-2\"><\/i><span class=\"item-amenities-text\">Baths:<\/span> <span class=\"hz-figure\">4<\/span><\/li><li class=\"h-area d-flex align-items-center me-1\"><i class=\"houzez-icon icon-ruler-triangle me-2\"><\/i><span class=\"hz-figure me-1\">435m\u00b2<\/span> <span class=\"hz-figure area_postfix\"><\/span><\/li><li class=\"h-type d-flex w-100\" role=\"listitem\"><span>Exklusive Eigenschaften, Mediterra Auswahl, Projekte, Villa<\/span><\/li><\/ul>\t\t\t\t<a class=\"btn btn-primary btn-item\" target=\"_self\" href=\"https:\/\/mediterra.group\/de\/property\/nv-402-luxurioese-villa-im-zentrum-von-kyrenia-mit-blick-auf-das-meer-und-die-berge\/\">\n\tEinzelheiten<\/a><!-- btn-item -->\n\t\t\t\t\t\t\t\t<div class=\"d-flex align-items-center justify-content-start d-none d-md-flex gap-3\">\n\t\t\t\t\t<div class=\"item-author d-flex align-items-center gap-1\">\n\t<div class=\"item-author-image me-2\" role=\"img\">\n\t\t<img decoding=\"async\" class=\"rounded-circle\" src=\"https:\/\/mediterra.group\/wp-content\/themes\/houzez\/img\/profile-avatar.png\" width=\"32\" height=\"32\" alt=\"\">\n\t<\/div>\n\t<a href=\"https:\/\/mediterra.group\/de\/author\/mediterra\/\" role=\"link\">mediterra<\/a>\n<\/div><!-- item-author -->\n\t\t\t\t\t<div class=\"item-date d-flex align-items-center gap-1\">\n\t<i class=\"houzez-icon icon-attachment me-1\"><\/i>\n\t10\u00a0Monaten vor<\/div><!-- item-date -->\n\t\t\t\t<\/div>\n\t\t\t\t\t\t\t<\/div>\n\t\t\t\t\t\t<div class=\"item-footer d-md-none d-flex justify-content-between w-100\">\n\t\t\t\t<div class=\"item-author d-flex align-items-center gap-1\">\n\t<div class=\"item-author-image me-2\" role=\"img\">\n\t\t<img decoding=\"async\" class=\"rounded-circle\" src=\"https:\/\/mediterra.group\/wp-content\/themes\/houzez\/img\/profile-avatar.png\" width=\"32\" height=\"32\" alt=\"\">\n\t<\/div>\n\t<a href=\"https:\/\/mediterra.group\/de\/author\/mediterra\/\" role=\"link\">mediterra<\/a>\n<\/div><!-- item-author -->\n\t\t\t\t<div class=\"ms-auto\">\n\t\t\t\t\t<div class=\"item-date d-flex align-items-center gap-1\">\n\t<i class=\"houzez-icon icon-attachment me-1\"><\/i>\n\t10\u00a0Monaten vor<\/div><!-- item-date -->\n\t\t\t\t<\/div>\n\t\t\t<\/div>\n\t\t\t\t\t<\/div>\n\t<\/div>\n<\/div><div class=\"item-listing-wrap hz-item-gallery-js item-listing-wrap-v1 item-listing-wrap-v2 hz-map-trigger\" data-hz-id=\"33463\" data-images=\"[{&quot;image&quot;:&quot;https:\\\/\\\/mediterra.group\\\/wp-content\\\/uploads\\\/2025\\\/07\\\/WhatsApp-Image-2024-01-21-at-14.30.44-2-576x438.jpeg&quot;,&quot;alt&quot;:&quot;&quot;,&quot;width&quot;:576,&quot;height&quot;:438},{&quot;image&quot;:&quot;https:\\\/\\\/mediterra.group\\\/wp-content\\\/uploads\\\/2025\\\/07\\\/WhatsApp-Gorsel-2024-03-20-saat-10.40.32_4fd660a9-584x438.jpg&quot;,&quot;alt&quot;:&quot;&quot;,&quot;width&quot;:584,&quot;height&quot;:438},{&quot;image&quot;:&quot;https:\\\/\\\/mediterra.group\\\/wp-content\\\/uploads\\\/2025\\\/07\\\/WhatsApp-Gorsel-2024-03-20-saat-10.40.33_7b37f7f1-584x438.jpg&quot;,&quot;alt&quot;:&quot;&quot;,&quot;width&quot;:584,&quot;height&quot;:438},{&quot;image&quot;:&quot;https:\\\/\\\/mediterra.group\\\/wp-content\\\/uploads\\\/2025\\\/07\\\/WhatsApp-Gorsel-2024-03-20-saat-10.40.33_1a83b03c-584x438.jpg&quot;,&quot;alt&quot;:&quot;&quot;,&quot;width&quot;:584,&quot;height&quot;:438},{&quot;image&quot;:&quot;https:\\\/\\\/mediterra.group\\\/wp-content\\\/uploads\\\/2025\\\/07\\\/WhatsApp-Gorsel-2024-03-20-saat-10.40.33_063eb20a-584x438.jpg&quot;,&quot;alt&quot;:&quot;&quot;,&quot;width&quot;:584,&quot;height&quot;:438},{&quot;image&quot;:&quot;https:\\\/\\\/mediterra.group\\\/wp-content\\\/uploads\\\/2025\\\/07\\\/WhatsApp-Gorsel-2024-03-20-saat-10.40.36_fb52b012-584x438.jpg&quot;,&quot;alt&quot;:&quot;&quot;,&quot;width&quot;:584,&quot;height&quot;:438},{&quot;image&quot;:&quot;https:\\\/\\\/mediterra.group\\\/wp-content\\\/uploads\\\/2025\\\/07\\\/WhatsApp-Gorsel-2024-03-20-saat-10.40.37_ee519707-584x438.jpg&quot;,&quot;alt&quot;:&quot;&quot;,&quot;width&quot;:584,&quot;height&quot;:438},{&quot;image&quot;:&quot;https:\\\/\\\/mediterra.group\\\/wp-content\\\/uploads\\\/2025\\\/07\\\/WhatsApp-Gorsel-2024-03-20-saat-10.40.37_f154c66d-584x438.jpg&quot;,&quot;alt&quot;:&quot;&quot;,&quot;width&quot;:584,&quot;height&quot;:438},{&quot;image&quot;:&quot;https:\\\/\\\/mediterra.group\\\/wp-content\\\/uploads\\\/2025\\\/07\\\/WhatsApp-Gorsel-2024-03-20-saat-10.40.35_337cb570-584x438.jpg&quot;,&quot;alt&quot;:&quot;&quot;,&quot;width&quot;:584,&quot;height&quot;:438},{&quot;image&quot;:&quot;https:\\\/\\\/mediterra.group\\\/wp-content\\\/uploads\\\/2025\\\/07\\\/WhatsApp-Gorsel-2024-03-20-saat-10.40.33_cbc721eb-584x438.jpg&quot;,&quot;alt&quot;:&quot;&quot;,&quot;width&quot;:584,&quot;height&quot;:438}]\">\n\t<div class=\"item-wrap item-wrap-no-frame\">\n\t\t<div class=\"d-flex flex-md-row flex-column align-items-center\">\n\t\t\t<div class=\"item-header\">\n\t\t\t\t<span class=\"label-featured label me-1\" role=\"status\">Empfohlen<\/span>\t\t\t\t<div class=\"labels-wrap mb-2 d-block d-md-none\" role=\"group\">\n\t\t\t\t\t<a href=\"https:\/\/mediterra.group\/de\/status\/wiederverkauf\/\" class=\"label-status label me-1 status-color-372\">\n\t\t\t\t\tWiederverkauf\n\t\t\t\t<\/a><a href=\"https:\/\/mediterra.group\/de\/label\/heises-angebot\/\" class=\"hz-label label me-1 label-color-478\">\n\t\t\t\t\tHei\u00dfes Angebot\n\t\t\t\t<\/a>\t\t\t\t<\/div>\n\t\t\t\t<ul class=\"item-price-wrap d-flex d-md-none flex-column gap-2\" role=\"list\">\n\t\t\t\t\t<li class=\"item-price\"><span class=\"price\">\u00a3380,000<\/span><\/li><li class=\"item-sub-price\"><span class=\"price\">\u00a32,235<\/span><span class=\"price-postfix\">\/m\u00b2<\/span><\/li>\t\t\t\t<\/ul>\n\t\t\t\t<ul class=\"item-tools d-flex align-items-center justify-content-center gap-1\">\n        <li class=\"item-tool item-preview\">\n        <span class=\"hz-show-lightbox-js item-tool-preview text-center\" data-listid=\"33463\" data-bs-toggle=\"modal\" data-bs-target=\"#listing-lightbox-v3\">\n            <span data-bs-toggle=\"tooltip\" data-bs-placement=\"top\" title=\"Preview\">\n                <i class=\"houzez-icon icon-expand-3\"><\/i>   \n            <\/span>\n        <\/span><!-- item-tool-favorite -->\n    <\/li><!-- item-tool -->\n        \n        <li class=\"item-tool item-favorite\">\n        <span class=\"add-favorite-js item-tool-favorite text-center\" data-bs-toggle=\"tooltip\" data-bs-placement=\"top\" title=\"Favourite\" data-listid=\"33463\">\n            <i class=\"houzez-icon icon-love-it \"><\/i>\n        <\/span><!-- item-tool-favorite -->\n    <\/li><!-- item-tool -->\n    \n        <li class=\"item-tool item-compare\">\n        <span class=\"houzez_compare compare-33463 item-tool-compare text-center\" data-bs-toggle=\"tooltip\" data-bs-placement=\"top\" title=\"Add to Compare\" data-listing_id=\"33463\" data-listing_image=\"https:\/\/mediterra.group\/wp-content\/uploads\/2025\/07\/WhatsApp-Image-2024-01-21-at-14.30.44-2-576x438.jpeg\">\n            <i class=\"houzez-icon icon-add-circle\"><\/i>\n            <!-- <i class=\"houzez-icon icon-subtract-circle\"><\/i> -->\n        <\/span><!-- item-tool-compare -->\n    <\/li><!-- item-tool -->\n    <\/ul><!-- item-tools -->\n\t\t\t\t<div class=\"listing-image-wrap\">\n\t<div class=\"listing-thumb\">\n\t\t<a target=\"_self\" href=\"https:\/\/mediterra.group\/de\/property\/rv-303-ozankoy-nordzypern-villa-im-traditionellen-stil-mit-meer-und-bergblick\/\" class=\"listing-featured-thumb hover-effect image-wrap\" role=\"link\">\n\t\t\t<img loading=\"lazy\" decoding=\"async\" width=\"576\" height=\"438\" src=\"https:\/\/mediterra.group\/wp-content\/uploads\/2025\/07\/WhatsApp-Image-2024-01-21-at-14.30.44-2-576x438.jpeg\" class=\"img-fluid wp-post-image\" alt=\"\" \/>\t\t<\/a><!-- hover-effect -->\n\t<\/div>\n<\/div>\t\t\t<\/div>\n\t\t\t<div class=\"item-body flex-grow-1\">\n\t\t\t\t<div class=\"labels-wrap mb-2 d-sm-none d-md-block\" role=\"group\">\n\t\t\t\t\t<a href=\"https:\/\/mediterra.group\/de\/status\/wiederverkauf\/\" class=\"label-status label me-1 status-color-372\">\n\t\t\t\t\tWiederverkauf\n\t\t\t\t<\/a><a href=\"https:\/\/mediterra.group\/de\/label\/heises-angebot\/\" class=\"hz-label label me-1 label-color-478\">\n\t\t\t\t\tHei\u00dfes Angebot\n\t\t\t\t<\/a>\t\t\t\t<\/div>\n\t\t\t\t<h2 class=\"item-title mb-2 col-12 text-truncate\">\n\t<a target=\"_self\" href=\"https:\/\/mediterra.group\/de\/property\/rv-303-ozankoy-nordzypern-villa-im-traditionellen-stil-mit-meer-und-bergblick\/\" role=\"link\">RV-303: Ozankoy, Nordzypern Villa im traditionellen Stil mit Meer- und Bergblick<\/a>\n<\/h2><!-- item-title -->\t\t\t\t<ul class=\"item-price-wrap d-none d-md-flex flex-column gap-2 align-items-end\" role=\"list\">\n\t\t\t\t\t<li class=\"item-price\"><span class=\"price\">\u00a3380,000<\/span><\/li><li class=\"item-sub-price\"><span class=\"price\">\u00a32,235<\/span><span class=\"price-postfix\">\/m\u00b2<\/span><\/li>\t\t\t\t<\/ul>\n\t\t\t\t<address class=\"item-address mb-2\"><i class=\"houzez-icon icon-pin me-1\" aria-hidden=\"true\"><\/i><span>Ozankoy, Kyrenia, Nordzypern<\/span><\/address>\t\t\t\t<ul class=\"item-amenities d-flex flex-wrap align-items-center gap-2 mb-2 item-amenities-with-icons\" role=\"list\">\n\t<li class=\"h-beds d-flex align-items-center me-1\"><i class=\"houzez-icon icon-hotel-double-bed-1 me-2\"><\/i><span class=\"item-amenities-text\">Beds:<\/span> <span class=\"hz-figure\">3<\/span><\/li><li class=\"h-baths d-flex align-items-center me-1\"><i class=\"houzez-icon icon-bathroom-shower-1 me-2\"><\/i><span class=\"item-amenities-text\">Baths:<\/span> <span class=\"hz-figure\">3<\/span><\/li><li class=\"h-area d-flex align-items-center me-1\"><i class=\"houzez-icon icon-ruler-triangle me-2\"><\/i><span class=\"hz-figure me-1\">170m\u00b2<\/span> <span class=\"hz-figure area_postfix\"><\/span><\/li><li class=\"h-type d-flex w-100\" role=\"listitem\"><span>Mediterra Auswahl, Villa, Wiederverkauf<\/span><\/li><\/ul>\t\t\t\t<a class=\"btn btn-primary btn-item\" target=\"_self\" href=\"https:\/\/mediterra.group\/de\/property\/rv-303-ozankoy-nordzypern-villa-im-traditionellen-stil-mit-meer-und-bergblick\/\">\n\tEinzelheiten<\/a><!-- btn-item -->\n\t\t\t\t\t\t\t\t<div class=\"d-flex align-items-center justify-content-start d-none d-md-flex gap-3\">\n\t\t\t\t\t<div class=\"item-author d-flex align-items-center gap-1\">\n\t<div class=\"item-author-image me-2\" role=\"img\">\n\t\t<img decoding=\"async\" class=\"rounded-circle\" src=\"https:\/\/mediterra.group\/wp-content\/themes\/houzez\/img\/profile-avatar.png\" width=\"32\" height=\"32\" alt=\"\">\n\t<\/div>\n\t<a href=\"https:\/\/mediterra.group\/de\/author\/mediterra\/\" role=\"link\">mediterra<\/a>\n<\/div><!-- item-author -->\n\t\t\t\t\t<div class=\"item-date d-flex align-items-center gap-1\">\n\t<i class=\"houzez-icon icon-attachment me-1\"><\/i>\n\t10\u00a0Monaten vor<\/div><!-- item-date -->\n\t\t\t\t<\/div>\n\t\t\t\t\t\t\t<\/div>\n\t\t\t\t\t\t<div class=\"item-footer d-md-none d-flex justify-content-between w-100\">\n\t\t\t\t<div class=\"item-author d-flex align-items-center gap-1\">\n\t<div class=\"item-author-image me-2\" role=\"img\">\n\t\t<img decoding=\"async\" class=\"rounded-circle\" src=\"https:\/\/mediterra.group\/wp-content\/themes\/houzez\/img\/profile-avatar.png\" width=\"32\" height=\"32\" alt=\"\">\n\t<\/div>\n\t<a href=\"https:\/\/mediterra.group\/de\/author\/mediterra\/\" role=\"link\">mediterra<\/a>\n<\/div><!-- item-author -->\n\t\t\t\t<div class=\"ms-auto\">\n\t\t\t\t\t<div class=\"item-date d-flex align-items-center gap-1\">\n\t<i class=\"houzez-icon icon-attachment me-1\"><\/i>\n\t10\u00a0Monaten vor<\/div><!-- item-date -->\n\t\t\t\t<\/div>\n\t\t\t<\/div>\n\t\t\t\t\t<\/div>\n\t<\/div>\n<\/div><div class=\"item-listing-wrap hz-item-gallery-js item-listing-wrap-v1 item-listing-wrap-v2 hz-map-trigger\" data-hz-id=\"33462\" data-images=\"[{&quot;image&quot;:&quot;https:\\\/\\\/mediterra.group\\\/wp-content\\\/uploads\\\/2025\\\/07\\\/Ekran-goruntusu-2025-07-11-160104-584x438.png&quot;,&quot;alt&quot;:&quot;&quot;,&quot;width&quot;:584,&quot;height&quot;:438},{&quot;image&quot;:&quot;https:\\\/\\\/mediterra.group\\\/wp-content\\\/uploads\\\/2025\\\/07\\\/Ekran-goruntusu-2025-07-11-160053-584x438.png&quot;,&quot;alt&quot;:&quot;&quot;,&quot;width&quot;:584,&quot;height&quot;:438},{&quot;image&quot;:&quot;https:\\\/\\\/mediterra.group\\\/wp-content\\\/uploads\\\/2025\\\/07\\\/Ekran-goruntusu-2025-07-11-155935-584x438.png&quot;,&quot;alt&quot;:&quot;&quot;,&quot;width&quot;:584,&quot;height&quot;:438},{&quot;image&quot;:&quot;https:\\\/\\\/mediterra.group\\\/wp-content\\\/uploads\\\/2025\\\/07\\\/Ekran-goruntusu-2025-07-11-160132-584x438.png&quot;,&quot;alt&quot;:&quot;&quot;,&quot;width&quot;:584,&quot;height&quot;:438},{&quot;image&quot;:&quot;https:\\\/\\\/mediterra.group\\\/wp-content\\\/uploads\\\/2025\\\/07\\\/Ekran-goruntusu-2025-07-11-155916-584x438.png&quot;,&quot;alt&quot;:&quot;&quot;,&quot;width&quot;:584,&quot;height&quot;:438},{&quot;image&quot;:&quot;https:\\\/\\\/mediterra.group\\\/wp-content\\\/uploads\\\/2025\\\/07\\\/Ekran-goruntusu-2025-07-11-155925-584x438.png&quot;,&quot;alt&quot;:&quot;&quot;,&quot;width&quot;:584,&quot;height&quot;:438},{&quot;image&quot;:&quot;https:\\\/\\\/mediterra.group\\\/wp-content\\\/uploads\\\/2025\\\/07\\\/Ekran-goruntusu-2025-07-11-160121-584x438.png&quot;,&quot;alt&quot;:&quot;&quot;,&quot;width&quot;:584,&quot;height&quot;:438},{&quot;image&quot;:&quot;https:\\\/\\\/mediterra.group\\\/wp-content\\\/uploads\\\/2025\\\/07\\\/Ekran-goruntusu-2025-07-11-155332-584x438.png&quot;,&quot;alt&quot;:&quot;&quot;,&quot;width&quot;:584,&quot;height&quot;:438},{&quot;image&quot;:&quot;https:\\\/\\\/mediterra.group\\\/wp-content\\\/uploads\\\/2025\\\/07\\\/Ekran-goruntusu-2025-07-11-155346-584x438.png&quot;,&quot;alt&quot;:&quot;&quot;,&quot;width&quot;:584,&quot;height&quot;:438},{&quot;image&quot;:&quot;https:\\\/\\\/mediterra.group\\\/wp-content\\\/uploads\\\/2025\\\/07\\\/Ekran-goruntusu-2025-07-11-155358-584x438.png&quot;,&quot;alt&quot;:&quot;&quot;,&quot;width&quot;:584,&quot;height&quot;:438}]\">\n\t<div class=\"item-wrap item-wrap-no-frame\">\n\t\t<div class=\"d-flex flex-md-row flex-column align-items-center\">\n\t\t\t<div class=\"item-header\">\n\t\t\t\t\t\t\t\t<div class=\"labels-wrap mb-2 d-block d-md-none\" role=\"group\">\n\t\t\t\t\t<a href=\"https:\/\/mediterra.group\/de\/status\/im-bau\/\" class=\"label-status label me-1 status-color-551\">\n\t\t\t\t\tIm Bau\n\t\t\t\t<\/a><a href=\"https:\/\/mediterra.group\/de\/label\/heises-angebot\/\" class=\"hz-label label me-1 label-color-478\">\n\t\t\t\t\tHei\u00dfes Angebot\n\t\t\t\t<\/a>\t\t\t\t<\/div>\n\t\t\t\t<ul class=\"item-price-wrap d-flex d-md-none flex-column gap-2\" role=\"list\">\n\t\t\t\t\t<li class=\"item-price\"><span class=\"price\">\u00a31,500,000<\/span><\/li><li class=\"item-sub-price\"><span class=\"price\">\u00a310,345<\/span><span class=\"price-postfix\">\/m\u00b2<\/span><\/li>\t\t\t\t<\/ul>\n\t\t\t\t<ul class=\"item-tools d-flex align-items-center justify-content-center gap-1\">\n        <li class=\"item-tool item-preview\">\n        <span class=\"hz-show-lightbox-js item-tool-preview text-center\" data-listid=\"33462\" data-bs-toggle=\"modal\" data-bs-target=\"#listing-lightbox-v3\">\n            <span data-bs-toggle=\"tooltip\" data-bs-placement=\"top\" title=\"Preview\">\n                <i class=\"houzez-icon icon-expand-3\"><\/i>   \n            <\/span>\n        <\/span><!-- item-tool-favorite -->\n    <\/li><!-- item-tool -->\n        \n        <li class=\"item-tool item-favorite\">\n        <span class=\"add-favorite-js item-tool-favorite text-center\" data-bs-toggle=\"tooltip\" data-bs-placement=\"top\" title=\"Favourite\" data-listid=\"33462\">\n            <i class=\"houzez-icon icon-love-it \"><\/i>\n        <\/span><!-- item-tool-favorite -->\n    <\/li><!-- item-tool -->\n    \n        <li class=\"item-tool item-compare\">\n        <span class=\"houzez_compare compare-33462 item-tool-compare text-center\" data-bs-toggle=\"tooltip\" data-bs-placement=\"top\" title=\"Add to Compare\" data-listing_id=\"33462\" data-listing_image=\"https:\/\/mediterra.group\/wp-content\/uploads\/2025\/07\/Ekran-goruntusu-2025-07-11-160104-584x438.png\">\n            <i class=\"houzez-icon icon-add-circle\"><\/i>\n            <!-- <i class=\"houzez-icon icon-subtract-circle\"><\/i> -->\n        <\/span><!-- item-tool-compare -->\n    <\/li><!-- item-tool -->\n    <\/ul><!-- item-tools -->\n\t\t\t\t<div class=\"listing-image-wrap\">\n\t<div class=\"listing-thumb\">\n\t\t<a target=\"_self\" href=\"https:\/\/mediterra.group\/de\/property\/nv-304-kaufen-sie-eine-luxurioese-villa-mit-3-schlafzimmern-und-meerblick\/\" class=\"listing-featured-thumb hover-effect image-wrap\" role=\"link\">\n\t\t\t<img loading=\"lazy\" decoding=\"async\" width=\"584\" height=\"438\" src=\"https:\/\/mediterra.group\/wp-content\/uploads\/2025\/07\/Ekran-goruntusu-2025-07-11-160104-584x438.png\" class=\"img-fluid wp-post-image\" alt=\"\" \/>\t\t<\/a><!-- hover-effect -->\n\t<\/div>\n<\/div>\t\t\t<\/div>\n\t\t\t<div class=\"item-body flex-grow-1\">\n\t\t\t\t<div class=\"labels-wrap mb-2 d-sm-none d-md-block\" role=\"group\">\n\t\t\t\t\t<a href=\"https:\/\/mediterra.group\/de\/status\/im-bau\/\" class=\"label-status label me-1 status-color-551\">\n\t\t\t\t\tIm Bau\n\t\t\t\t<\/a><a href=\"https:\/\/mediterra.group\/de\/label\/heises-angebot\/\" class=\"hz-label label me-1 label-color-478\">\n\t\t\t\t\tHei\u00dfes Angebot\n\t\t\t\t<\/a>\t\t\t\t<\/div>\n\t\t\t\t<h2 class=\"item-title mb-2 col-12 text-truncate\">\n\t<a target=\"_self\" href=\"https:\/\/mediterra.group\/de\/property\/nv-304-kaufen-sie-eine-luxurioese-villa-mit-3-schlafzimmern-und-meerblick\/\" role=\"link\">NV-304: Kaufen Sie eine luxuri\u00f6se Villa mit 3 Schlafzimmern und Meerblick<\/a>\n<\/h2><!-- item-title -->\t\t\t\t<ul class=\"item-price-wrap d-none d-md-flex flex-column gap-2 align-items-end\" role=\"list\">\n\t\t\t\t\t<li class=\"item-price\"><span class=\"price\">\u00a31,500,000<\/span><\/li><li class=\"item-sub-price\"><span class=\"price\">\u00a310,345<\/span><span class=\"price-postfix\">\/m\u00b2<\/span><\/li>\t\t\t\t<\/ul>\n\t\t\t\t<address class=\"item-address mb-2\"><i class=\"houzez-icon icon-pin me-1\" aria-hidden=\"true\"><\/i><span>Tatl\u0131su, Famagusta, Nordzypern<\/span><\/address>\t\t\t\t<ul class=\"item-amenities d-flex flex-wrap align-items-center gap-2 mb-2 item-amenities-with-icons\" role=\"list\">\n\t<li class=\"h-beds d-flex align-items-center me-1\"><i class=\"houzez-icon icon-hotel-double-bed-1 me-2\"><\/i><span class=\"item-amenities-text\">Beds:<\/span> <span class=\"hz-figure\">3<\/span><\/li><li class=\"h-baths d-flex align-items-center me-1\"><i class=\"houzez-icon icon-bathroom-shower-1 me-2\"><\/i><span class=\"item-amenities-text\">Baths:<\/span> <span class=\"hz-figure\">3<\/span><\/li><li class=\"h-area d-flex align-items-center me-1\"><i class=\"houzez-icon icon-ruler-triangle me-2\"><\/i><span class=\"hz-figure me-1\">145m\u00b2<\/span> <span class=\"hz-figure area_postfix\"><\/span><\/li><li class=\"h-type d-flex w-100\" role=\"listitem\"><span>Mediterra Auswahl, Projekte, Villa<\/span><\/li><\/ul>\t\t\t\t<a class=\"btn btn-primary btn-item\" target=\"_self\" href=\"https:\/\/mediterra.group\/de\/property\/nv-304-kaufen-sie-eine-luxurioese-villa-mit-3-schlafzimmern-und-meerblick\/\">\n\tEinzelheiten<\/a><!-- btn-item -->\n\t\t\t\t\t\t\t\t<div class=\"d-flex align-items-center justify-content-start d-none d-md-flex gap-3\">\n\t\t\t\t\t<div class=\"item-author d-flex align-items-center gap-1\">\n\t<div class=\"item-author-image me-2\" role=\"img\">\n\t\t<img decoding=\"async\" class=\"rounded-circle\" src=\"https:\/\/mediterra.group\/wp-content\/themes\/houzez\/img\/profile-avatar.png\" width=\"32\" height=\"32\" alt=\"\">\n\t<\/div>\n\t<a href=\"https:\/\/mediterra.group\/de\/author\/mediterra\/\" role=\"link\">mediterra<\/a>\n<\/div><!-- item-author -->\n\t\t\t\t\t<div class=\"item-date d-flex align-items-center gap-1\">\n\t<i class=\"houzez-icon icon-attachment me-1\"><\/i>\n\t10\u00a0Monaten vor<\/div><!-- item-date -->\n\t\t\t\t<\/div>\n\t\t\t\t\t\t\t<\/div>\n\t\t\t\t\t\t<div class=\"item-footer d-md-none d-flex justify-content-between w-100\">\n\t\t\t\t<div class=\"item-author d-flex align-items-center gap-1\">\n\t<div class=\"item-author-image me-2\" role=\"img\">\n\t\t<img decoding=\"async\" class=\"rounded-circle\" src=\"https:\/\/mediterra.group\/wp-content\/themes\/houzez\/img\/profile-avatar.png\" width=\"32\" height=\"32\" alt=\"\">\n\t<\/div>\n\t<a href=\"https:\/\/mediterra.group\/de\/author\/mediterra\/\" role=\"link\">mediterra<\/a>\n<\/div><!-- item-author -->\n\t\t\t\t<div class=\"ms-auto\">\n\t\t\t\t\t<div class=\"item-date d-flex align-items-center gap-1\">\n\t<i class=\"houzez-icon icon-attachment me-1\"><\/i>\n\t10\u00a0Monaten vor<\/div><!-- item-date -->\n\t\t\t\t<\/div>\n\t\t\t<\/div>\n\t\t\t\t\t<\/div>\n\t<\/div>\n<\/div><div class=\"item-listing-wrap hz-item-gallery-js item-listing-wrap-v1 item-listing-wrap-v2 hz-map-trigger\" data-hz-id=\"34041\" data-images=\"[{&quot;image&quot;:&quot;https:\\\/\\\/mediterra.group\\\/wp-content\\\/uploads\\\/2025\\\/07\\\/5-5-584x438.jpg&quot;,&quot;alt&quot;:&quot;&quot;,&quot;width&quot;:584,&quot;height&quot;:438},{&quot;image&quot;:&quot;https:\\\/\\\/mediterra.group\\\/wp-content\\\/uploads\\\/2025\\\/07\\\/3-6-584x438.jpg&quot;,&quot;alt&quot;:&quot;&quot;,&quot;width&quot;:584,&quot;height&quot;:438},{&quot;image&quot;:&quot;https:\\\/\\\/mediterra.group\\\/wp-content\\\/uploads\\\/2025\\\/07\\\/5-5-584x438.jpg&quot;,&quot;alt&quot;:&quot;&quot;,&quot;width&quot;:584,&quot;height&quot;:438},{&quot;image&quot;:&quot;https:\\\/\\\/mediterra.group\\\/wp-content\\\/uploads\\\/2025\\\/07\\\/2-6-584x438.jpg&quot;,&quot;alt&quot;:&quot;&quot;,&quot;width&quot;:584,&quot;height&quot;:438},{&quot;image&quot;:&quot;https:\\\/\\\/mediterra.group\\\/wp-content\\\/uploads\\\/2025\\\/07\\\/1-6-584x438.jpg&quot;,&quot;alt&quot;:&quot;&quot;,&quot;width&quot;:584,&quot;height&quot;:438},{&quot;image&quot;:&quot;https:\\\/\\\/mediterra.group\\\/wp-content\\\/uploads\\\/2025\\\/07\\\/6-5-584x438.jpg&quot;,&quot;alt&quot;:&quot;&quot;,&quot;width&quot;:584,&quot;height&quot;:438},{&quot;image&quot;:&quot;https:\\\/\\\/mediterra.group\\\/wp-content\\\/uploads\\\/2025\\\/07\\\/7-4-584x438.jpg&quot;,&quot;alt&quot;:&quot;&quot;,&quot;width&quot;:584,&quot;height&quot;:438},{&quot;image&quot;:&quot;https:\\\/\\\/mediterra.group\\\/wp-content\\\/uploads\\\/2025\\\/07\\\/8-5-584x438.jpg&quot;,&quot;alt&quot;:&quot;&quot;,&quot;width&quot;:584,&quot;height&quot;:438},{&quot;image&quot;:&quot;https:\\\/\\\/mediterra.group\\\/wp-content\\\/uploads\\\/2025\\\/07\\\/10-4-584x438.jpg&quot;,&quot;alt&quot;:&quot;&quot;,&quot;width&quot;:584,&quot;height&quot;:438},{&quot;image&quot;:&quot;https:\\\/\\\/mediterra.group\\\/wp-content\\\/uploads\\\/2025\\\/07\\\/11-3-584x438.jpg&quot;,&quot;alt&quot;:&quot;&quot;,&quot;width&quot;:584,&quot;height&quot;:438}]\">\n\t<div class=\"item-wrap item-wrap-no-frame\">\n\t\t<div class=\"d-flex flex-md-row flex-column align-items-center\">\n\t\t\t<div class=\"item-header\">\n\t\t\t\t<span class=\"label-featured label me-1\" role=\"status\">Empfohlen<\/span>\t\t\t\t<div class=\"labels-wrap mb-2 d-block d-md-none\" role=\"group\">\n\t\t\t\t\t<a href=\"https:\/\/mediterra.group\/de\/status\/im-bau\/\" class=\"label-status label me-1 status-color-551\">\n\t\t\t\t\tIm Bau\n\t\t\t\t<\/a><a href=\"https:\/\/mediterra.group\/de\/label\/heises-angebot\/\" class=\"hz-label label me-1 label-color-478\">\n\t\t\t\t\tHei\u00dfes Angebot\n\t\t\t\t<\/a>\t\t\t\t<\/div>\n\t\t\t\t<ul class=\"item-price-wrap d-flex d-md-none flex-column gap-2\" role=\"list\">\n\t\t\t\t\t<li class=\"item-price\"><span class=\"price\">\u00a3719,950<\/span><\/li><li class=\"item-sub-price\"><span class=\"price\">\u00a36,000<\/span><span class=\"price-postfix\">\/m\u00b2<\/span><\/li>\t\t\t\t<\/ul>\n\t\t\t\t<ul class=\"item-tools d-flex align-items-center justify-content-center gap-1\">\n        <li class=\"item-tool item-preview\">\n        <span class=\"hz-show-lightbox-js item-tool-preview text-center\" data-listid=\"34041\" data-bs-toggle=\"modal\" data-bs-target=\"#listing-lightbox-v3\">\n            <span data-bs-toggle=\"tooltip\" data-bs-placement=\"top\" title=\"Preview\">\n                <i class=\"houzez-icon icon-expand-3\"><\/i>   \n            <\/span>\n        <\/span><!-- item-tool-favorite -->\n    <\/li><!-- item-tool -->\n        \n        <li class=\"item-tool item-favorite\">\n        <span class=\"add-favorite-js item-tool-favorite text-center\" data-bs-toggle=\"tooltip\" data-bs-placement=\"top\" title=\"Favourite\" data-listid=\"34041\">\n            <i class=\"houzez-icon icon-love-it \"><\/i>\n        <\/span><!-- item-tool-favorite -->\n    <\/li><!-- item-tool -->\n    \n        <li class=\"item-tool item-compare\">\n        <span class=\"houzez_compare compare-34041 item-tool-compare text-center\" data-bs-toggle=\"tooltip\" data-bs-placement=\"top\" title=\"Add to Compare\" data-listing_id=\"34041\" data-listing_image=\"https:\/\/mediterra.group\/wp-content\/uploads\/2025\/07\/5-5-584x438.jpg\">\n            <i class=\"houzez-icon icon-add-circle\"><\/i>\n            <!-- <i class=\"houzez-icon icon-subtract-circle\"><\/i> -->\n        <\/span><!-- item-tool-compare -->\n    <\/li><!-- item-tool -->\n    <\/ul><!-- item-tools -->\n\t\t\t\t<div class=\"listing-image-wrap\">\n\t<div class=\"listing-thumb\">\n\t\t<a target=\"_self\" href=\"https:\/\/mediterra.group\/de\/property\/nv-303-heaven-on-the-horizon-luxus-villa-mit-3-schlafzimmern\/\" class=\"listing-featured-thumb hover-effect image-wrap\" role=\"link\">\n\t\t\t<img loading=\"lazy\" decoding=\"async\" width=\"584\" height=\"438\" src=\"https:\/\/mediterra.group\/wp-content\/uploads\/2025\/07\/5-5-584x438.jpg\" class=\"img-fluid wp-post-image\" alt=\"\" \/>\t\t<\/a><!-- hover-effect -->\n\t<\/div>\n<\/div>\t\t\t<\/div>\n\t\t\t<div class=\"item-body flex-grow-1\">\n\t\t\t\t<div class=\"labels-wrap mb-2 d-sm-none d-md-block\" role=\"group\">\n\t\t\t\t\t<a href=\"https:\/\/mediterra.group\/de\/status\/im-bau\/\" class=\"label-status label me-1 status-color-551\">\n\t\t\t\t\tIm Bau\n\t\t\t\t<\/a><a href=\"https:\/\/mediterra.group\/de\/label\/heises-angebot\/\" class=\"hz-label label me-1 label-color-478\">\n\t\t\t\t\tHei\u00dfes Angebot\n\t\t\t\t<\/a>\t\t\t\t<\/div>\n\t\t\t\t<h2 class=\"item-title mb-2 col-12 text-truncate\">\n\t<a target=\"_self\" href=\"https:\/\/mediterra.group\/de\/property\/nv-303-heaven-on-the-horizon-luxus-villa-mit-3-schlafzimmern\/\" role=\"link\">NV-303: Heaven on the Horizon Luxus-Villa mit 3 Schlafzimmern<\/a>\n<\/h2><!-- item-title -->\t\t\t\t<ul class=\"item-price-wrap d-none d-md-flex flex-column gap-2 align-items-end\" role=\"list\">\n\t\t\t\t\t<li class=\"item-price\"><span class=\"price\">\u00a3719,950<\/span><\/li><li class=\"item-sub-price\"><span class=\"price\">\u00a36,000<\/span><span class=\"price-postfix\">\/m\u00b2<\/span><\/li>\t\t\t\t<\/ul>\n\t\t\t\t<address class=\"item-address mb-2\"><i class=\"houzez-icon icon-pin me-1\" aria-hidden=\"true\"><\/i><span>Esentepe, Kyrenia, Nordzypern<\/span><\/address>\t\t\t\t<ul class=\"item-amenities d-flex flex-wrap align-items-center gap-2 mb-2 item-amenities-with-icons\" role=\"list\">\n\t<li class=\"h-beds d-flex align-items-center me-1\"><i class=\"houzez-icon icon-hotel-double-bed-1 me-2\"><\/i><span class=\"item-amenities-text\">Beds:<\/span> <span class=\"hz-figure\">3<\/span><\/li><li class=\"h-baths d-flex align-items-center me-1\"><i class=\"houzez-icon icon-bathroom-shower-1 me-2\"><\/i><span class=\"item-amenities-text\">Baths:<\/span> <span class=\"hz-figure\">3<\/span><\/li><li class=\"h-area d-flex align-items-center me-1\"><i class=\"houzez-icon icon-ruler-triangle me-2\"><\/i><span class=\"hz-figure me-1\">120m\u00b2<\/span> <span class=\"hz-figure area_postfix\"><\/span><\/li><li class=\"h-type d-flex w-100\" role=\"listitem\"><span>Mediterra Auswahl, Projekte, Villa<\/span><\/li><\/ul>\t\t\t\t<a class=\"btn btn-primary btn-item\" target=\"_self\" href=\"https:\/\/mediterra.group\/de\/property\/nv-303-heaven-on-the-horizon-luxus-villa-mit-3-schlafzimmern\/\">\n\tEinzelheiten<\/a><!-- btn-item -->\n\t\t\t\t\t\t\t\t<div class=\"d-flex align-items-center justify-content-start d-none d-md-flex gap-3\">\n\t\t\t\t\t<div class=\"item-author d-flex align-items-center gap-1\">\n\t<div class=\"item-author-image me-2\" role=\"img\">\n\t\t<img decoding=\"async\" class=\"rounded-circle\" src=\"https:\/\/mediterra.group\/wp-content\/themes\/houzez\/img\/profile-avatar.png\" width=\"32\" height=\"32\" alt=\"\">\n\t<\/div>\n\t<a href=\"https:\/\/mediterra.group\/de\/author\/mediterra\/\" role=\"link\">mediterra<\/a>\n<\/div><!-- item-author -->\n\t\t\t\t\t<div class=\"item-date d-flex align-items-center gap-1\">\n\t<i class=\"houzez-icon icon-attachment me-1\"><\/i>\n\t10\u00a0Monaten vor<\/div><!-- item-date -->\n\t\t\t\t<\/div>\n\t\t\t\t\t\t\t<\/div>\n\t\t\t\t\t\t<div class=\"item-footer d-md-none d-flex justify-content-between w-100\">\n\t\t\t\t<div class=\"item-author d-flex align-items-center gap-1\">\n\t<div class=\"item-author-image me-2\" role=\"img\">\n\t\t<img decoding=\"async\" class=\"rounded-circle\" src=\"https:\/\/mediterra.group\/wp-content\/themes\/houzez\/img\/profile-avatar.png\" width=\"32\" height=\"32\" alt=\"\">\n\t<\/div>\n\t<a href=\"https:\/\/mediterra.group\/de\/author\/mediterra\/\" role=\"link\">mediterra<\/a>\n<\/div><!-- item-author -->\n\t\t\t\t<div class=\"ms-auto\">\n\t\t\t\t\t<div class=\"item-date d-flex align-items-center gap-1\">\n\t<i class=\"houzez-icon icon-attachment me-1\"><\/i>\n\t10\u00a0Monaten vor<\/div><!-- item-date -->\n\t\t\t\t<\/div>\n\t\t\t<\/div>\n\t\t\t\t\t<\/div>\n\t<\/div>\n<\/div><div class=\"item-listing-wrap hz-item-gallery-js item-listing-wrap-v1 item-listing-wrap-v2 hz-map-trigger\" data-hz-id=\"33795\" data-images=\"[{&quot;image&quot;:&quot;https:\\\/\\\/mediterra.group\\\/wp-content\\\/uploads\\\/2025\\\/07\\\/1.-Type-B-Villa-front--584x438.png&quot;,&quot;alt&quot;:&quot;&quot;,&quot;width&quot;:584,&quot;height&quot;:438},{&quot;image&quot;:&quot;https:\\\/\\\/mediterra.group\\\/wp-content\\\/uploads\\\/2025\\\/07\\\/1.-Type-B-Villa-Living-Room-1-1-584x438.jpg&quot;,&quot;alt&quot;:&quot;&quot;,&quot;width&quot;:584,&quot;height&quot;:438},{&quot;image&quot;:&quot;https:\\\/\\\/mediterra.group\\\/wp-content\\\/uploads\\\/2025\\\/07\\\/2.-Type-B-Villa-Kitchen-and-Dinning-Area-1-584x438.jpg&quot;,&quot;alt&quot;:&quot;&quot;,&quot;width&quot;:584,&quot;height&quot;:438},{&quot;image&quot;:&quot;https:\\\/\\\/mediterra.group\\\/wp-content\\\/uploads\\\/2025\\\/07\\\/6.-Type-B-Villa-Basement-Whisky_Cigar-Launch-Area-optional-jpg-1-584x438.jpg&quot;,&quot;alt&quot;:&quot;&quot;,&quot;width&quot;:584,&quot;height&quot;:438},{&quot;image&quot;:&quot;https:\\\/\\\/mediterra.group\\\/wp-content\\\/uploads\\\/2025\\\/07\\\/7.-Type-B-Villa-Basement-Whisky-Cigar-Launch-Area-optional-1-584x438.jpg&quot;,&quot;alt&quot;:&quot;&quot;,&quot;width&quot;:584,&quot;height&quot;:438},{&quot;image&quot;:&quot;https:\\\/\\\/mediterra.group\\\/wp-content\\\/uploads\\\/2025\\\/07\\\/4.-Type-B-Villa-Master-Bedroom-1-1-584x438.jpg&quot;,&quot;alt&quot;:&quot;&quot;,&quot;width&quot;:584,&quot;height&quot;:438},{&quot;image&quot;:&quot;https:\\\/\\\/mediterra.group\\\/wp-content\\\/uploads\\\/2025\\\/07\\\/10.-Type-B-Villa-Basement-Spa-Jakuzzi-optional-1-584x438.jpg&quot;,&quot;alt&quot;:&quot;&quot;,&quot;width&quot;:584,&quot;height&quot;:438},{&quot;image&quot;:&quot;https:\\\/\\\/mediterra.group\\\/wp-content\\\/uploads\\\/2025\\\/07\\\/5.-Type-B-Villa-Shower-Toilet-1-584x438.jpg&quot;,&quot;alt&quot;:&quot;&quot;,&quot;width&quot;:584,&quot;height&quot;:438},{&quot;image&quot;:&quot;https:\\\/\\\/mediterra.group\\\/wp-content\\\/uploads\\\/2025\\\/07\\\/8.-Type-B-Villa-Basement-Spa-Massage-Sauna-1-584x438.jpg&quot;,&quot;alt&quot;:&quot;&quot;,&quot;width&quot;:584,&quot;height&quot;:438},{&quot;image&quot;:&quot;https:\\\/\\\/mediterra.group\\\/wp-content\\\/uploads\\\/2025\\\/07\\\/9.-Type-B-Villa-Basement-Spa-Sauna-optional-1-584x438.jpg&quot;,&quot;alt&quot;:&quot;&quot;,&quot;width&quot;:584,&quot;height&quot;:438}]\">\n\t<div class=\"item-wrap item-wrap-no-frame\">\n\t\t<div class=\"d-flex flex-md-row flex-column align-items-center\">\n\t\t\t<div class=\"item-header\">\n\t\t\t\t<span class=\"label-featured label me-1\" role=\"status\">Empfohlen<\/span>\t\t\t\t<div class=\"labels-wrap mb-2 d-block d-md-none\" role=\"group\">\n\t\t\t\t\t<a href=\"https:\/\/mediterra.group\/de\/status\/im-bau\/\" class=\"label-status label me-1 status-color-551\">\n\t\t\t\t\tIm Bau\n\t\t\t\t<\/a><a href=\"https:\/\/mediterra.group\/de\/label\/heises-angebot\/\" class=\"hz-label label me-1 label-color-478\">\n\t\t\t\t\tHei\u00dfes Angebot\n\t\t\t\t<\/a>\t\t\t\t<\/div>\n\t\t\t\t<ul class=\"item-price-wrap d-flex d-md-none flex-column gap-2\" role=\"list\">\n\t\t\t\t\t<li class=\"item-price\"><span class=\"price\">\u00a3750,000<\/span><\/li><li class=\"item-sub-price\"><span class=\"price\">\u00a32,555<\/span><span class=\"price-postfix\">\/m\u00b2<\/span><\/li>\t\t\t\t<\/ul>\n\t\t\t\t<ul class=\"item-tools d-flex align-items-center justify-content-center gap-1\">\n        <li class=\"item-tool item-preview\">\n        <span class=\"hz-show-lightbox-js item-tool-preview text-center\" data-listid=\"33795\" data-bs-toggle=\"modal\" data-bs-target=\"#listing-lightbox-v3\">\n            <span data-bs-toggle=\"tooltip\" data-bs-placement=\"top\" title=\"Preview\">\n                <i class=\"houzez-icon icon-expand-3\"><\/i>   \n            <\/span>\n        <\/span><!-- item-tool-favorite -->\n    <\/li><!-- item-tool -->\n        \n        <li class=\"item-tool item-favorite\">\n        <span class=\"add-favorite-js item-tool-favorite text-center\" data-bs-toggle=\"tooltip\" data-bs-placement=\"top\" title=\"Favourite\" data-listid=\"33795\">\n            <i class=\"houzez-icon icon-love-it \"><\/i>\n        <\/span><!-- item-tool-favorite -->\n    <\/li><!-- item-tool -->\n    \n        <li class=\"item-tool item-compare\">\n        <span class=\"houzez_compare compare-33795 item-tool-compare text-center\" data-bs-toggle=\"tooltip\" data-bs-placement=\"top\" title=\"Add to Compare\" data-listing_id=\"33795\" data-listing_image=\"https:\/\/mediterra.group\/wp-content\/uploads\/2025\/07\/1.-Type-B-Villa-front--584x438.png\">\n            <i class=\"houzez-icon icon-add-circle\"><\/i>\n            <!-- <i class=\"houzez-icon icon-subtract-circle\"><\/i> -->\n        <\/span><!-- item-tool-compare -->\n    <\/li><!-- item-tool -->\n    <\/ul><!-- item-tools -->\n\t\t\t\t<div class=\"listing-image-wrap\">\n\t<div class=\"listing-thumb\">\n\t\t<a target=\"_self\" href=\"https:\/\/mediterra.group\/de\/property\/nv-302-brandneue-luxusvilla-kyrenia\/\" class=\"listing-featured-thumb hover-effect image-wrap\" role=\"link\">\n\t\t\t<img loading=\"lazy\" decoding=\"async\" width=\"584\" height=\"438\" src=\"https:\/\/mediterra.group\/wp-content\/uploads\/2025\/07\/1.-Type-B-Villa-front--584x438.png\" class=\"img-fluid wp-post-image\" alt=\"\" \/>\t\t<\/a><!-- hover-effect -->\n\t<\/div>\n<\/div>\t\t\t<\/div>\n\t\t\t<div class=\"item-body flex-grow-1\">\n\t\t\t\t<div class=\"labels-wrap mb-2 d-sm-none d-md-block\" role=\"group\">\n\t\t\t\t\t<a href=\"https:\/\/mediterra.group\/de\/status\/im-bau\/\" class=\"label-status label me-1 status-color-551\">\n\t\t\t\t\tIm Bau\n\t\t\t\t<\/a><a href=\"https:\/\/mediterra.group\/de\/label\/heises-angebot\/\" class=\"hz-label label me-1 label-color-478\">\n\t\t\t\t\tHei\u00dfes Angebot\n\t\t\t\t<\/a>\t\t\t\t<\/div>\n\t\t\t\t<h2 class=\"item-title mb-2 col-12 text-truncate\">\n\t<a target=\"_self\" href=\"https:\/\/mediterra.group\/de\/property\/nv-302-brandneue-luxusvilla-kyrenia\/\" role=\"link\">NV-302: Brandneue Luxusvilla Kyrenia<\/a>\n<\/h2><!-- item-title -->\t\t\t\t<ul class=\"item-price-wrap d-none d-md-flex flex-column gap-2 align-items-end\" role=\"list\">\n\t\t\t\t\t<li class=\"item-price\"><span class=\"price\">\u00a3750,000<\/span><\/li><li class=\"item-sub-price\"><span class=\"price\">\u00a32,555<\/span><span class=\"price-postfix\">\/m\u00b2<\/span><\/li>\t\t\t\t<\/ul>\n\t\t\t\t<address class=\"item-address mb-2\"><i class=\"houzez-icon icon-pin me-1\" aria-hidden=\"true\"><\/i><span>Bellapais, Kyrenia, Nordzypern<\/span><\/address>\t\t\t\t<ul class=\"item-amenities d-flex flex-wrap align-items-center gap-2 mb-2 item-amenities-with-icons\" role=\"list\">\n\t<li class=\"h-beds d-flex align-items-center me-1\"><i class=\"houzez-icon icon-hotel-double-bed-1 me-2\"><\/i><span class=\"item-amenities-text\">Beds:<\/span> <span class=\"hz-figure\">4<\/span><\/li><li class=\"h-baths d-flex align-items-center me-1\"><i class=\"houzez-icon icon-bathroom-shower-1 me-2\"><\/i><span class=\"item-amenities-text\">Baths:<\/span> <span class=\"hz-figure\">3<\/span><\/li><li class=\"h-area d-flex align-items-center me-1\"><i class=\"houzez-icon icon-ruler-triangle me-2\"><\/i><span class=\"hz-figure me-1\">294m\u00b2<\/span> <span class=\"hz-figure area_postfix\"><\/span><\/li><li class=\"h-type d-flex w-100\" role=\"listitem\"><span>Mediterra Auswahl, Projekte, Villa<\/span><\/li><\/ul>\t\t\t\t<a class=\"btn btn-primary btn-item\" target=\"_self\" href=\"https:\/\/mediterra.group\/de\/property\/nv-302-brandneue-luxusvilla-kyrenia\/\">\n\tEinzelheiten<\/a><!-- btn-item -->\n\t\t\t\t\t\t\t\t<div class=\"d-flex align-items-center justify-content-start d-none d-md-flex gap-3\">\n\t\t\t\t\t<div class=\"item-author d-flex align-items-center gap-1\">\n\t<div class=\"item-author-image me-2\" role=\"img\">\n\t\t<img decoding=\"async\" class=\"rounded-circle\" src=\"https:\/\/mediterra.group\/wp-content\/themes\/houzez\/img\/profile-avatar.png\" width=\"32\" height=\"32\" alt=\"\">\n\t<\/div>\n\t<a href=\"https:\/\/mediterra.group\/de\/author\/mediterra\/\" role=\"link\">mediterra<\/a>\n<\/div><!-- item-author -->\n\t\t\t\t\t<div class=\"item-date d-flex align-items-center gap-1\">\n\t<i class=\"houzez-icon icon-attachment me-1\"><\/i>\n\t10\u00a0Monaten vor<\/div><!-- item-date -->\n\t\t\t\t<\/div>\n\t\t\t\t\t\t\t<\/div>\n\t\t\t\t\t\t<div class=\"item-footer d-md-none d-flex justify-content-between w-100\">\n\t\t\t\t<div class=\"item-author d-flex align-items-center gap-1\">\n\t<div class=\"item-author-image me-2\" role=\"img\">\n\t\t<img decoding=\"async\" class=\"rounded-circle\" src=\"https:\/\/mediterra.group\/wp-content\/themes\/houzez\/img\/profile-avatar.png\" width=\"32\" height=\"32\" alt=\"\">\n\t<\/div>\n\t<a href=\"https:\/\/mediterra.group\/de\/author\/mediterra\/\" role=\"link\">mediterra<\/a>\n<\/div><!-- item-author -->\n\t\t\t\t<div class=\"ms-auto\">\n\t\t\t\t\t<div class=\"item-date d-flex align-items-center gap-1\">\n\t<i class=\"houzez-icon icon-attachment me-1\"><\/i>\n\t10\u00a0Monaten vor<\/div><!-- item-date -->\n\t\t\t\t<\/div>\n\t\t\t<\/div>\n\t\t\t\t\t<\/div>\n\t<\/div>\n<\/div><div class=\"item-listing-wrap hz-item-gallery-js item-listing-wrap-v1 item-listing-wrap-v2 hz-map-trigger\" data-hz-id=\"33784\" data-images=\"[{&quot;image&quot;:&quot;https:\\\/\\\/mediterra.group\\\/wp-content\\\/uploads\\\/2025\\\/07\\\/Ki_Ex_LS_2-584x438.jpg&quot;,&quot;alt&quot;:&quot;&quot;,&quot;width&quot;:584,&quot;height&quot;:438},{&quot;image&quot;:&quot;https:\\\/\\\/mediterra.group\\\/wp-content\\\/uploads\\\/2025\\\/07\\\/S3-05-584x438.jpg&quot;,&quot;alt&quot;:&quot;&quot;,&quot;width&quot;:584,&quot;height&quot;:438},{&quot;image&quot;:&quot;https:\\\/\\\/mediterra.group\\\/wp-content\\\/uploads\\\/2025\\\/07\\\/S3-03-584x438.jpg&quot;,&quot;alt&quot;:&quot;&quot;,&quot;width&quot;:584,&quot;height&quot;:438},{&quot;image&quot;:&quot;https:\\\/\\\/mediterra.group\\\/wp-content\\\/uploads\\\/2025\\\/07\\\/S3-04-584x438.jpg&quot;,&quot;alt&quot;:&quot;&quot;,&quot;width&quot;:584,&quot;height&quot;:438},{&quot;image&quot;:&quot;https:\\\/\\\/mediterra.group\\\/wp-content\\\/uploads\\\/2025\\\/07\\\/KE-Isl-2-584x438.png&quot;,&quot;alt&quot;:&quot;&quot;,&quot;width&quot;:584,&quot;height&quot;:438},{&quot;image&quot;:&quot;https:\\\/\\\/mediterra.group\\\/wp-content\\\/uploads\\\/2025\\\/07\\\/KE-Isl-3-584x438.png&quot;,&quot;alt&quot;:&quot;&quot;,&quot;width&quot;:584,&quot;height&quot;:438},{&quot;image&quot;:&quot;https:\\\/\\\/mediterra.group\\\/wp-content\\\/uploads\\\/2025\\\/07\\\/Ki_Ex_LS_2-584x438.jpg&quot;,&quot;alt&quot;:&quot;&quot;,&quot;width&quot;:584,&quot;height&quot;:438},{&quot;image&quot;:&quot;https:\\\/\\\/mediterra.group\\\/wp-content\\\/uploads\\\/2025\\\/07\\\/Ki_Ex_LS_6-584x438.jpg&quot;,&quot;alt&quot;:&quot;&quot;,&quot;width&quot;:584,&quot;height&quot;:438},{&quot;image&quot;:&quot;https:\\\/\\\/mediterra.group\\\/wp-content\\\/uploads\\\/2025\\\/07\\\/Ki_Ex__MP_Is1-584x438.jpg&quot;,&quot;alt&quot;:&quot;&quot;,&quot;width&quot;:584,&quot;height&quot;:438},{&quot;image&quot;:&quot;https:\\\/\\\/mediterra.group\\\/wp-content\\\/uploads\\\/2025\\\/07\\\/Ki_Ex_V1-584x438.jpg&quot;,&quot;alt&quot;:&quot;&quot;,&quot;width&quot;:584,&quot;height&quot;:438}]\">\n\t<div class=\"item-wrap item-wrap-no-frame\">\n\t\t<div class=\"d-flex flex-md-row flex-column align-items-center\">\n\t\t\t<div class=\"item-header\">\n\t\t\t\t<span class=\"label-featured label me-1\" role=\"status\">Empfohlen<\/span>\t\t\t\t<div class=\"labels-wrap mb-2 d-block d-md-none\" role=\"group\">\n\t\t\t\t\t<a href=\"https:\/\/mediterra.group\/de\/status\/im-bau\/\" class=\"label-status label me-1 status-color-551\">\n\t\t\t\t\tIm Bau\n\t\t\t\t<\/a><a href=\"https:\/\/mediterra.group\/de\/label\/heises-angebot\/\" class=\"hz-label label me-1 label-color-478\">\n\t\t\t\t\tHei\u00dfes Angebot\n\t\t\t\t<\/a>\t\t\t\t<\/div>\n\t\t\t\t<ul class=\"item-price-wrap d-flex d-md-none flex-column gap-2\" role=\"list\">\n\t\t\t\t\t<li class=\"item-price\"><span class=\"price\">\u00a3425,000<\/span><\/li><li class=\"item-sub-price\"><span class=\"price\">\u00a35,822<\/span><span class=\"price-postfix\">\/m\u00b2<\/span><\/li>\t\t\t\t<\/ul>\n\t\t\t\t<ul class=\"item-tools d-flex align-items-center justify-content-center gap-1\">\n        <li class=\"item-tool item-preview\">\n        <span class=\"hz-show-lightbox-js item-tool-preview text-center\" data-listid=\"33784\" data-bs-toggle=\"modal\" data-bs-target=\"#listing-lightbox-v3\">\n            <span data-bs-toggle=\"tooltip\" data-bs-placement=\"top\" title=\"Preview\">\n                <i class=\"houzez-icon icon-expand-3\"><\/i>   \n            <\/span>\n        <\/span><!-- item-tool-favorite -->\n    <\/li><!-- item-tool -->\n        \n        <li class=\"item-tool item-favorite\">\n        <span class=\"add-favorite-js item-tool-favorite text-center\" data-bs-toggle=\"tooltip\" data-bs-placement=\"top\" title=\"Favourite\" data-listid=\"33784\">\n            <i class=\"houzez-icon icon-love-it \"><\/i>\n        <\/span><!-- item-tool-favorite -->\n    <\/li><!-- item-tool -->\n    \n        <li class=\"item-tool item-compare\">\n        <span class=\"houzez_compare compare-33784 item-tool-compare text-center\" data-bs-toggle=\"tooltip\" data-bs-placement=\"top\" title=\"Add to Compare\" data-listing_id=\"33784\" data-listing_image=\"https:\/\/mediterra.group\/wp-content\/uploads\/2025\/07\/Ki_Ex_LS_2-584x438.jpg\">\n            <i class=\"houzez-icon icon-add-circle\"><\/i>\n            <!-- <i class=\"houzez-icon icon-subtract-circle\"><\/i> -->\n        <\/span><!-- item-tool-compare -->\n    <\/li><!-- item-tool -->\n    <\/ul><!-- item-tools -->\n\t\t\t\t<div class=\"listing-image-wrap\">\n\t<div class=\"listing-thumb\">\n\t\t<a target=\"_self\" href=\"https:\/\/mediterra.group\/de\/property\/nv-100-einzigartige-villa-mit-einem-schlafzimmer-in-einem-brandneuen-projekt\/\" class=\"listing-featured-thumb hover-effect image-wrap\" role=\"link\">\n\t\t\t<img loading=\"lazy\" decoding=\"async\" width=\"584\" height=\"438\" src=\"https:\/\/mediterra.group\/wp-content\/uploads\/2025\/07\/Ki_Ex_LS_2-584x438.jpg\" class=\"img-fluid wp-post-image\" alt=\"\" \/>\t\t<\/a><!-- hover-effect -->\n\t<\/div>\n<\/div>\t\t\t<\/div>\n\t\t\t<div class=\"item-body flex-grow-1\">\n\t\t\t\t<div class=\"labels-wrap mb-2 d-sm-none d-md-block\" role=\"group\">\n\t\t\t\t\t<a href=\"https:\/\/mediterra.group\/de\/status\/im-bau\/\" class=\"label-status label me-1 status-color-551\">\n\t\t\t\t\tIm Bau\n\t\t\t\t<\/a><a href=\"https:\/\/mediterra.group\/de\/label\/heises-angebot\/\" class=\"hz-label label me-1 label-color-478\">\n\t\t\t\t\tHei\u00dfes Angebot\n\t\t\t\t<\/a>\t\t\t\t<\/div>\n\t\t\t\t<h2 class=\"item-title mb-2 col-12 text-truncate\">\n\t<a target=\"_self\" href=\"https:\/\/mediterra.group\/de\/property\/nv-100-einzigartige-villa-mit-einem-schlafzimmer-in-einem-brandneuen-projekt\/\" role=\"link\">NV-100: Einzigartige Villa mit einem Schlafzimmer in einem brandneuen Projekt<\/a>\n<\/h2><!-- item-title -->\t\t\t\t<ul class=\"item-price-wrap d-none d-md-flex flex-column gap-2 align-items-end\" role=\"list\">\n\t\t\t\t\t<li class=\"item-price\"><span class=\"price\">\u00a3425,000<\/span><\/li><li class=\"item-sub-price\"><span class=\"price\">\u00a35,822<\/span><span class=\"price-postfix\">\/m\u00b2<\/span><\/li>\t\t\t\t<\/ul>\n\t\t\t\t<address class=\"item-address mb-2\"><i class=\"houzez-icon icon-pin me-1\" aria-hidden=\"true\"><\/i><span>Tatl\u0131su, Famagusta, Nordzypern<\/span><\/address>\t\t\t\t<ul class=\"item-amenities d-flex flex-wrap align-items-center gap-2 mb-2 item-amenities-with-icons\" role=\"list\">\n\t<li class=\"h-beds d-flex align-items-center me-1\"><i class=\"houzez-icon icon-hotel-double-bed-1 me-2\"><\/i><span class=\"item-amenities-text\">Bed:<\/span> <span class=\"hz-figure\">1<\/span><\/li><li class=\"h-baths d-flex align-items-center me-1\"><i class=\"houzez-icon icon-bathroom-shower-1 me-2\"><\/i><span class=\"item-amenities-text\">Bath:<\/span> <span class=\"hz-figure\">1<\/span><\/li><li class=\"h-area d-flex align-items-center me-1\"><i class=\"houzez-icon icon-ruler-triangle me-2\"><\/i><span class=\"hz-figure me-1\">73m\u00b2<\/span> <span class=\"hz-figure area_postfix\"><\/span><\/li><li class=\"h-type d-flex w-100\" role=\"listitem\"><span>Mediterra Auswahl, Projekte, Villa<\/span><\/li><\/ul>\t\t\t\t<a class=\"btn btn-primary btn-item\" target=\"_self\" href=\"https:\/\/mediterra.group\/de\/property\/nv-100-einzigartige-villa-mit-einem-schlafzimmer-in-einem-brandneuen-projekt\/\">\n\tEinzelheiten<\/a><!-- btn-item -->\n\t\t\t\t\t\t\t\t<div class=\"d-flex align-items-center justify-content-start d-none d-md-flex gap-3\">\n\t\t\t\t\t<div class=\"item-author d-flex align-items-center gap-1\">\n\t<div class=\"item-author-image me-2\" role=\"img\">\n\t\t<img decoding=\"async\" class=\"rounded-circle\" src=\"https:\/\/mediterra.group\/wp-content\/themes\/houzez\/img\/profile-avatar.png\" width=\"32\" height=\"32\" alt=\"\">\n\t<\/div>\n\t<a href=\"https:\/\/mediterra.group\/de\/author\/mediterra\/\" role=\"link\">mediterra<\/a>\n<\/div><!-- item-author -->\n\t\t\t\t\t<div class=\"item-date d-flex align-items-center gap-1\">\n\t<i class=\"houzez-icon icon-attachment me-1\"><\/i>\n\t10\u00a0Monaten vor<\/div><!-- item-date -->\n\t\t\t\t<\/div>\n\t\t\t\t\t\t\t<\/div>\n\t\t\t\t\t\t<div class=\"item-footer d-md-none d-flex justify-content-between w-100\">\n\t\t\t\t<div class=\"item-author d-flex align-items-center gap-1\">\n\t<div class=\"item-author-image me-2\" role=\"img\">\n\t\t<img decoding=\"async\" class=\"rounded-circle\" src=\"https:\/\/mediterra.group\/wp-content\/themes\/houzez\/img\/profile-avatar.png\" width=\"32\" height=\"32\" alt=\"\">\n\t<\/div>\n\t<a href=\"https:\/\/mediterra.group\/de\/author\/mediterra\/\" role=\"link\">mediterra<\/a>\n<\/div><!-- item-author -->\n\t\t\t\t<div class=\"ms-auto\">\n\t\t\t\t\t<div class=\"item-date d-flex align-items-center gap-1\">\n\t<i class=\"houzez-icon icon-attachment me-1\"><\/i>\n\t10\u00a0Monaten vor<\/div><!-- item-date -->\n\t\t\t\t<\/div>\n\t\t\t<\/div>\n\t\t\t\t\t<\/div>\n\t<\/div>\n<\/div>        <\/div><!-- listing-view -->\n\n                <div id=\"fave-pagination-loadmore\" class=\"load-more-wrap mb-4 fave-load-more\">\n            <a class=\"btn btn-load-more btn-primary-outlined\"\n               data-pagination_type=\"loadmore\"\n               data-paged=\"2\" \n               data-posts_limit=\"9\" \n               data-card=\"list-v1\" \n               data-property_type=\"mediterra-selection\" data-property_status=\"\" data-property_country=\"\" data-property_state=\"\" data-property_city=\"\" data-property_area=\"\" data-property_label=\"\" data-property_ids=\"\" data-property_id=\"\" data-houzez_user_role=\"\" data-featured_prop=\"\" data-sort_by=\"\" data-offset=\"\" data-post_status=\"all\" data-min_price=\"\" data-max_price=\"\" data-min_beds=\"\" data-max_beds=\"\" data-min_baths=\"\" data-max_baths=\"\" data-properties_by_agents=\"\" data-properties_by_agencies=\"\"             >\n            <span class=\"houzez-loader-js houzez-hidden spinner-border spinner-border-sm\" aria-hidden=\"true\"><\/span>Mehr laden \n            <\/a>\n        <\/div>\n            <\/div><!-- property-grid-module -->\n    \t\t\t\t<\/div>\n\t\t\t\t<\/div>\n\t\t\t\t<\/div>\n\t\t<div class=\"elementor-element elementor-element-717331c e-con-full e-flex e-con e-child\" data-id=\"717331c\" data-element_type=\"container\" data-e-type=\"container\" data-settings=\"{&quot;sticky&quot;:&quot;top&quot;,&quot;sticky_parent&quot;:&quot;yes&quot;,&quot;sticky_on&quot;:[&quot;desktop&quot;,&quot;tablet&quot;,&quot;mobile&quot;],&quot;sticky_offset&quot;:0,&quot;sticky_effects_offset&quot;:0,&quot;sticky_anchor_link_offset&quot;:0}\">\n\t\t<div class=\"elementor-element elementor-element-fdc5e5a e-con-full e-flex e-con e-child\" data-id=\"fdc5e5a\" data-element_type=\"container\" data-e-type=\"container\" data-settings=\"{&quot;background_background&quot;:&quot;classic&quot;}\">\n\t\t\t\t<div class=\"elementor-element elementor-element-3b0bcde elementor-widget elementor-widget-heading\" data-id=\"3b0bcde\" data-element_type=\"widget\" data-e-type=\"widget\" data-widget_type=\"heading.default\">\n\t\t\t\t<div class=\"elementor-widget-container\">\n\t\t\t\t\t<h2 class=\"elementor-heading-title elementor-size-default\">Featured<\/h2>\t\t\t\t<\/div>\n\t\t\t\t<\/div>\n\t\t\t\t<div class=\"elementor-element elementor-element-cbac9e5 elementor-widget elementor-widget-houzez_elementor_properties_carousel_v2\" data-id=\"cbac9e5\" data-element_type=\"widget\" data-e-type=\"widget\" data-widget_type=\"houzez_elementor_properties_carousel_v2.default\">\n\t\t\t\t<div class=\"elementor-widget-container\">\n\t\t\t\t\t        <div class=\"property-carousel-module property-carousel-module-v1 property-carousel-module-v1-1cols houzez-carousel-arrows-9I5Rx\">\n            <div class=\"property-carousel-buttons-wrap\">\n                                            <\/div><!-- property-carousel-buttons-wrap -->\n\n            <div class=\"listing-view grid-view\">\n                <div id=\"houzez-properties-carousel-9I5Rx\" data-token=\"9I5Rx\" class=\"houzez-properties-carousel-js houzez-all-slider-wrap property-carousel-wrap-v1-1cols\">\n                    <div class=\"item-listing-wrap item-wrap-v1 hz-item-gallery-js hz-map-trigger\" data-hz-id=\"33462\" data-images=\"[{&quot;image&quot;:&quot;https:\\\/\\\/mediterra.group\\\/wp-content\\\/uploads\\\/2025\\\/07\\\/Ekran-goruntusu-2025-07-11-160104-584x438.png&quot;,&quot;alt&quot;:&quot;&quot;,&quot;width&quot;:584,&quot;height&quot;:438},{&quot;image&quot;:&quot;https:\\\/\\\/mediterra.group\\\/wp-content\\\/uploads\\\/2025\\\/07\\\/Ekran-goruntusu-2025-07-11-160053-584x438.png&quot;,&quot;alt&quot;:&quot;&quot;,&quot;width&quot;:584,&quot;height&quot;:438},{&quot;image&quot;:&quot;https:\\\/\\\/mediterra.group\\\/wp-content\\\/uploads\\\/2025\\\/07\\\/Ekran-goruntusu-2025-07-11-155935-584x438.png&quot;,&quot;alt&quot;:&quot;&quot;,&quot;width&quot;:584,&quot;height&quot;:438},{&quot;image&quot;:&quot;https:\\\/\\\/mediterra.group\\\/wp-content\\\/uploads\\\/2025\\\/07\\\/Ekran-goruntusu-2025-07-11-160132-584x438.png&quot;,&quot;alt&quot;:&quot;&quot;,&quot;width&quot;:584,&quot;height&quot;:438},{&quot;image&quot;:&quot;https:\\\/\\\/mediterra.group\\\/wp-content\\\/uploads\\\/2025\\\/07\\\/Ekran-goruntusu-2025-07-11-155916-584x438.png&quot;,&quot;alt&quot;:&quot;&quot;,&quot;width&quot;:584,&quot;height&quot;:438},{&quot;image&quot;:&quot;https:\\\/\\\/mediterra.group\\\/wp-content\\\/uploads\\\/2025\\\/07\\\/Ekran-goruntusu-2025-07-11-155925-584x438.png&quot;,&quot;alt&quot;:&quot;&quot;,&quot;width&quot;:584,&quot;height&quot;:438},{&quot;image&quot;:&quot;https:\\\/\\\/mediterra.group\\\/wp-content\\\/uploads\\\/2025\\\/07\\\/Ekran-goruntusu-2025-07-11-160121-584x438.png&quot;,&quot;alt&quot;:&quot;&quot;,&quot;width&quot;:584,&quot;height&quot;:438},{&quot;image&quot;:&quot;https:\\\/\\\/mediterra.group\\\/wp-content\\\/uploads\\\/2025\\\/07\\\/Ekran-goruntusu-2025-07-11-155332-584x438.png&quot;,&quot;alt&quot;:&quot;&quot;,&quot;width&quot;:584,&quot;height&quot;:438},{&quot;image&quot;:&quot;https:\\\/\\\/mediterra.group\\\/wp-content\\\/uploads\\\/2025\\\/07\\\/Ekran-goruntusu-2025-07-11-155346-584x438.png&quot;,&quot;alt&quot;:&quot;&quot;,&quot;width&quot;:584,&quot;height&quot;:438},{&quot;image&quot;:&quot;https:\\\/\\\/mediterra.group\\\/wp-content\\\/uploads\\\/2025\\\/07\\\/Ekran-goruntusu-2025-07-11-155358-584x438.png&quot;,&quot;alt&quot;:&quot;&quot;,&quot;width&quot;:584,&quot;height&quot;:438}]\">\n\t<div class=\"item-wrap item-wrap-no-frame h-100\">\n\t\t<div class=\"d-flex flex-column align-items-center h-100\">\n\t\t\t<div class=\"item-header\">\n\t\t\t\t\t\t\t\t<div class=\"labels-wrap d-flex align-items-center gap-1\" role=\"group\"> \n\n\t<a href=\"https:\/\/mediterra.group\/de\/status\/im-bau\/\" class=\"label-status label status-color-551\">\n\t\t\t\t\tIm Bau\n\t\t\t\t<\/a><a href=\"https:\/\/mediterra.group\/de\/label\/heises-angebot\/\" class=\"hz-label label label-color-478\">\n\t\t\t\t\tHei\u00dfes Angebot\n\t\t\t\t<\/a>       \n\n<\/div>\n\t\t\t\t<ul class=\"item-price-wrap d-flex flex-column gap-2\" role=\"list\">\n\t<li class=\"item-price\"><span class=\"price\">\u00a31,500,000<\/span><\/li><li class=\"item-sub-price\"><span class=\"price\">\u00a310,345<\/span><span class=\"price-postfix\">\/m\u00b2<\/span><\/li><\/ul>\t\t\t\t<ul class=\"item-tools d-flex align-items-center justify-content-center gap-1\">\n        <li class=\"item-tool item-preview\">\n        <span class=\"hz-show-lightbox-js item-tool-preview text-center\" data-listid=\"33462\" data-bs-toggle=\"modal\" data-bs-target=\"#listing-lightbox-v3\">\n            <span data-bs-toggle=\"tooltip\" data-bs-placement=\"top\" title=\"Preview\">\n                <i class=\"houzez-icon icon-expand-3\"><\/i>   \n            <\/span>\n        <\/span><!-- item-tool-favorite -->\n    <\/li><!-- item-tool -->\n        \n        <li class=\"item-tool item-favorite\">\n        <span class=\"add-favorite-js item-tool-favorite text-center\" data-bs-toggle=\"tooltip\" data-bs-placement=\"top\" title=\"Favourite\" data-listid=\"33462\">\n            <i class=\"houzez-icon icon-love-it \"><\/i>\n        <\/span><!-- item-tool-favorite -->\n    <\/li><!-- item-tool -->\n    \n        <li class=\"item-tool item-compare\">\n        <span class=\"houzez_compare compare-33462 item-tool-compare text-center\" data-bs-toggle=\"tooltip\" data-bs-placement=\"top\" title=\"Add to Compare\" data-listing_id=\"33462\" data-listing_image=\"https:\/\/mediterra.group\/wp-content\/uploads\/2025\/07\/Ekran-goruntusu-2025-07-11-160104-584x438.png\">\n            <i class=\"houzez-icon icon-add-circle\"><\/i>\n            <!-- <i class=\"houzez-icon icon-subtract-circle\"><\/i> -->\n        <\/span><!-- item-tool-compare -->\n    <\/li><!-- item-tool -->\n    <\/ul><!-- item-tools -->\n\t\t\t\t<div class=\"listing-image-wrap\">\n\t<div class=\"listing-thumb\">\n\t\t<a target=\"_self\" href=\"https:\/\/mediterra.group\/de\/property\/nv-304-kaufen-sie-eine-luxurioese-villa-mit-3-schlafzimmern-und-meerblick\/\" class=\"listing-featured-thumb hover-effect image-wrap\" role=\"link\">\n\t\t\t<img loading=\"lazy\" decoding=\"async\" width=\"584\" height=\"438\" src=\"https:\/\/mediterra.group\/wp-content\/uploads\/2025\/07\/Ekran-goruntusu-2025-07-11-160104-584x438.png\" class=\"img-fluid wp-post-image\" alt=\"\" \/>\t\t<\/a><!-- hover-effect -->\n\t<\/div>\n<\/div>\t\t\t\t<div class=\"preview_loader\"><\/div>\n\t\t\t<\/div>\n\t\t\t<div class=\"item-body w-100 flex-grow-1\">\n\t\t\t\t<h2 class=\"item-title mb-2 \">\n\t<a target=\"_self\" href=\"https:\/\/mediterra.group\/de\/property\/nv-304-kaufen-sie-eine-luxurioese-villa-mit-3-schlafzimmern-und-meerblick\/\" role=\"link\">NV-304: Kaufen Sie eine luxuri\u00f6se Villa mit 3 Schlafzimmern und Meerblick<\/a>\n<\/h2><!-- item-title -->\t\t\t\t<address class=\"item-address mb-2\"><i class=\"houzez-icon icon-pin me-1\" aria-hidden=\"true\"><\/i><span>Tatl\u0131su, Famagusta, Nordzypern<\/span><\/address>\t\t\t\t\t\t\t\t<ul class=\"item-amenities d-flex flex-wrap align-items-center gap-2 mb-2 item-amenities-with-icons\" role=\"list\">\n\t<li class=\"h-beds d-flex align-items-center me-1\"><i class=\"houzez-icon icon-hotel-double-bed-1 me-2\"><\/i><span class=\"item-amenities-text\">Beds:<\/span> <span class=\"hz-figure\">3<\/span><\/li><li class=\"h-baths d-flex align-items-center me-1\"><i class=\"houzez-icon icon-bathroom-shower-1 me-2\"><\/i><span class=\"item-amenities-text\">Baths:<\/span> <span class=\"hz-figure\">3<\/span><\/li><li class=\"h-area d-flex align-items-center me-1\"><i class=\"houzez-icon icon-ruler-triangle me-2\"><\/i><span class=\"hz-figure me-1\">145m\u00b2<\/span> <span class=\"hz-figure area_postfix\"><\/span><\/li><li class=\"h-type d-flex w-100\" role=\"listitem\"><span>Mediterra Auswahl, Projekte, Villa<\/span><\/li><\/ul>\t\t\t\t<a class=\"btn btn-primary btn-item d-md-none d-xl-flex item-no-footer\" target=\"_self\" href=\"https:\/\/mediterra.group\/de\/property\/nv-304-kaufen-sie-eine-luxurioese-villa-mit-3-schlafzimmern-und-meerblick\/\">\n\tEinzelheiten<\/a><!-- btn-item -->\n\t\t\t<\/div>\n\t\t\t\t\t<\/div>\n\t<\/div>\n<\/div><div class=\"item-listing-wrap item-wrap-v1 hz-item-gallery-js hz-map-trigger\" data-hz-id=\"33501\" data-images=\"[{&quot;image&quot;:&quot;https:\\\/\\\/mediterra.group\\\/wp-content\\\/uploads\\\/2025\\\/07\\\/Ekran-goruntusu-2025-07-17-122900-584x438.png&quot;,&quot;alt&quot;:&quot;&quot;,&quot;width&quot;:584,&quot;height&quot;:438},{&quot;image&quot;:&quot;https:\\\/\\\/mediterra.group\\\/wp-content\\\/uploads\\\/2025\\\/07\\\/Ekran-goruntusu-2025-07-17-122842-584x438.png&quot;,&quot;alt&quot;:&quot;&quot;,&quot;width&quot;:584,&quot;height&quot;:438},{&quot;image&quot;:&quot;https:\\\/\\\/mediterra.group\\\/wp-content\\\/uploads\\\/2025\\\/07\\\/Ekran-goruntusu-2025-07-17-122729-584x438.png&quot;,&quot;alt&quot;:&quot;&quot;,&quot;width&quot;:584,&quot;height&quot;:438},{&quot;image&quot;:&quot;https:\\\/\\\/mediterra.group\\\/wp-content\\\/uploads\\\/2025\\\/07\\\/Ekran-goruntusu-2025-07-17-122803-584x438.png&quot;,&quot;alt&quot;:&quot;&quot;,&quot;width&quot;:584,&quot;height&quot;:438},{&quot;image&quot;:&quot;https:\\\/\\\/mediterra.group\\\/wp-content\\\/uploads\\\/2025\\\/07\\\/Ekran-goruntusu-2025-07-17-122816-584x438.png&quot;,&quot;alt&quot;:&quot;&quot;,&quot;width&quot;:584,&quot;height&quot;:438},{&quot;image&quot;:&quot;https:\\\/\\\/mediterra.group\\\/wp-content\\\/uploads\\\/2025\\\/07\\\/Ekran-goruntusu-2025-07-17-122900-584x438.png&quot;,&quot;alt&quot;:&quot;&quot;,&quot;width&quot;:584,&quot;height&quot;:438},{&quot;image&quot;:&quot;https:\\\/\\\/mediterra.group\\\/wp-content\\\/uploads\\\/2025\\\/07\\\/Ekran-goruntusu-2025-07-17-123009-584x438.png&quot;,&quot;alt&quot;:&quot;&quot;,&quot;width&quot;:584,&quot;height&quot;:438},{&quot;image&quot;:&quot;https:\\\/\\\/mediterra.group\\\/wp-content\\\/uploads\\\/2025\\\/07\\\/Ekran-goruntusu-2025-07-17-123042-584x438.png&quot;,&quot;alt&quot;:&quot;&quot;,&quot;width&quot;:584,&quot;height&quot;:438}]\">\n\t<div class=\"item-wrap item-wrap-no-frame h-100\">\n\t\t<div class=\"d-flex flex-column align-items-center h-100\">\n\t\t\t<div class=\"item-header\">\n\t\t\t\t<span class=\"label-featured label me-1\" role=\"status\">Empfohlen<\/span>\t\t\t\t<div class=\"labels-wrap d-flex align-items-center gap-1\" role=\"group\"> \n\n\t<a href=\"https:\/\/mediterra.group\/de\/status\/auserplanmasig\/\" class=\"label-status label status-color-583\">\n\t\t\t\t\tAu\u00dferplanm\u00e4\u00dfig\n\t\t\t\t<\/a>       \n\n<\/div>\n\t\t\t\t<ul class=\"item-price-wrap d-flex flex-column gap-2\" role=\"list\">\n\t<li class=\"item-price\"><span class=\"price\">\u00a31,450,000<\/span><\/li><li class=\"item-sub-price\"><span class=\"price\">\u00a39,670<\/span><span class=\"price-postfix\">\/m\u00b2<\/span><\/li><\/ul>\t\t\t\t<ul class=\"item-tools d-flex align-items-center justify-content-center gap-1\">\n        <li class=\"item-tool item-preview\">\n        <span class=\"hz-show-lightbox-js item-tool-preview text-center\" data-listid=\"33501\" data-bs-toggle=\"modal\" data-bs-target=\"#listing-lightbox-v3\">\n            <span data-bs-toggle=\"tooltip\" data-bs-placement=\"top\" title=\"Preview\">\n                <i class=\"houzez-icon icon-expand-3\"><\/i>   \n            <\/span>\n        <\/span><!-- item-tool-favorite -->\n    <\/li><!-- item-tool -->\n        \n        <li class=\"item-tool item-favorite\">\n        <span class=\"add-favorite-js item-tool-favorite text-center\" data-bs-toggle=\"tooltip\" data-bs-placement=\"top\" title=\"Favourite\" data-listid=\"33501\">\n            <i class=\"houzez-icon icon-love-it \"><\/i>\n        <\/span><!-- item-tool-favorite -->\n    <\/li><!-- item-tool -->\n    \n        <li class=\"item-tool item-compare\">\n        <span class=\"houzez_compare compare-33501 item-tool-compare text-center\" data-bs-toggle=\"tooltip\" data-bs-placement=\"top\" title=\"Add to Compare\" data-listing_id=\"33501\" data-listing_image=\"https:\/\/mediterra.group\/wp-content\/uploads\/2025\/07\/Ekran-goruntusu-2025-07-17-122900-584x438.png\">\n            <i class=\"houzez-icon icon-add-circle\"><\/i>\n            <!-- <i class=\"houzez-icon icon-subtract-circle\"><\/i> -->\n        <\/span><!-- item-tool-compare -->\n    <\/li><!-- item-tool -->\n    <\/ul><!-- item-tools -->\n\t\t\t\t<div class=\"listing-image-wrap\">\n\t<div class=\"listing-thumb\">\n\t\t<a target=\"_self\" href=\"https:\/\/mediterra.group\/de\/property\/nv-306-luxurioese-3-schlafzimmer-villa-mit-atemberaubendem-meer-und-bergblick-in-edremit\/\" class=\"listing-featured-thumb hover-effect image-wrap\" role=\"link\">\n\t\t\t<img fetchpriority=\"high\" decoding=\"async\" width=\"584\" height=\"438\" src=\"https:\/\/mediterra.group\/wp-content\/uploads\/2025\/07\/Ekran-goruntusu-2025-07-17-122900-584x438.png\" class=\"img-fluid wp-post-image\" alt=\"\" \/>\t\t<\/a><!-- hover-effect -->\n\t<\/div>\n<\/div>\t\t\t\t<div class=\"preview_loader\"><\/div>\n\t\t\t<\/div>\n\t\t\t<div class=\"item-body w-100 flex-grow-1\">\n\t\t\t\t<h2 class=\"item-title mb-2 \">\n\t<a target=\"_self\" href=\"https:\/\/mediterra.group\/de\/property\/nv-306-luxurioese-3-schlafzimmer-villa-mit-atemberaubendem-meer-und-bergblick-in-edremit\/\" role=\"link\">NV-306: Luxuri\u00f6se 3-Schlafzimmer-Villa mit atemberaubendem Meer- und Bergblick in Edremit<\/a>\n<\/h2><!-- item-title -->\t\t\t\t<address class=\"item-address mb-2\"><i class=\"houzez-icon icon-pin me-1\" aria-hidden=\"true\"><\/i><span>Edremit, Kyrenia, Nordzypern<\/span><\/address>\t\t\t\t\t\t\t\t<ul class=\"item-amenities d-flex flex-wrap align-items-center gap-2 mb-2 item-amenities-with-icons\" role=\"list\">\n\t<li class=\"h-beds d-flex align-items-center me-1\"><i class=\"houzez-icon icon-hotel-double-bed-1 me-2\"><\/i><span class=\"item-amenities-text\">Beds:<\/span> <span class=\"hz-figure\">3<\/span><\/li><li class=\"h-baths d-flex align-items-center me-1\"><i class=\"houzez-icon icon-bathroom-shower-1 me-2\"><\/i><span class=\"item-amenities-text\">Baths:<\/span> <span class=\"hz-figure\">4<\/span><\/li><li class=\"h-area d-flex align-items-center me-1\"><i class=\"houzez-icon icon-ruler-triangle me-2\"><\/i><span class=\"hz-figure me-1\">150m\u00b2<\/span> <span class=\"hz-figure area_postfix\">m\u00b2<\/span><\/li><li class=\"h-type d-flex w-100\" role=\"listitem\"><span>Mediterra Auswahl, Projekte, Villa<\/span><\/li><\/ul>\t\t\t\t<a class=\"btn btn-primary btn-item d-md-none d-xl-flex item-no-footer\" target=\"_self\" href=\"https:\/\/mediterra.group\/de\/property\/nv-306-luxurioese-3-schlafzimmer-villa-mit-atemberaubendem-meer-und-bergblick-in-edremit\/\">\n\tEinzelheiten<\/a><!-- btn-item -->\n\t\t\t<\/div>\n\t\t\t\t\t<\/div>\n\t<\/div>\n<\/div><div class=\"item-listing-wrap item-wrap-v1 hz-item-gallery-js hz-map-trigger\" data-hz-id=\"33768\" data-images=\"[{&quot;image&quot;:&quot;https:\\\/\\\/mediterra.group\\\/wp-content\\\/uploads\\\/2025\\\/07\\\/IMG-20250701-WA0045-584x438.jpg&quot;,&quot;alt&quot;:&quot;&quot;,&quot;width&quot;:584,&quot;height&quot;:438},{&quot;image&quot;:&quot;https:\\\/\\\/mediterra.group\\\/wp-content\\\/uploads\\\/2025\\\/07\\\/IMG-20250701-WA0025-1-584x438.jpg&quot;,&quot;alt&quot;:&quot;&quot;,&quot;width&quot;:584,&quot;height&quot;:438},{&quot;image&quot;:&quot;https:\\\/\\\/mediterra.group\\\/wp-content\\\/uploads\\\/2025\\\/07\\\/IMG-20250701-WA0045-1-584x438.jpg&quot;,&quot;alt&quot;:&quot;&quot;,&quot;width&quot;:584,&quot;height&quot;:438},{&quot;image&quot;:&quot;https:\\\/\\\/mediterra.group\\\/wp-content\\\/uploads\\\/2025\\\/07\\\/IMG-20250701-WA0049-1-584x438.jpg&quot;,&quot;alt&quot;:&quot;&quot;,&quot;width&quot;:584,&quot;height&quot;:438},{&quot;image&quot;:&quot;https:\\\/\\\/mediterra.group\\\/wp-content\\\/uploads\\\/2025\\\/07\\\/IMG-20250701-WA0048-584x438.jpg&quot;,&quot;alt&quot;:&quot;&quot;,&quot;width&quot;:584,&quot;height&quot;:438},{&quot;image&quot;:&quot;https:\\\/\\\/mediterra.group\\\/wp-content\\\/uploads\\\/2025\\\/07\\\/IMG-20250701-WA0004-584x438.jpg&quot;,&quot;alt&quot;:&quot;&quot;,&quot;width&quot;:584,&quot;height&quot;:438},{&quot;image&quot;:&quot;https:\\\/\\\/mediterra.group\\\/wp-content\\\/uploads\\\/2025\\\/07\\\/IMG-20250701-WA0017-584x438.jpg&quot;,&quot;alt&quot;:&quot;&quot;,&quot;width&quot;:584,&quot;height&quot;:438},{&quot;image&quot;:&quot;https:\\\/\\\/mediterra.group\\\/wp-content\\\/uploads\\\/2025\\\/07\\\/IMG-20250701-WA0022-584x438.jpg&quot;,&quot;alt&quot;:&quot;&quot;,&quot;width&quot;:584,&quot;height&quot;:438},{&quot;image&quot;:&quot;https:\\\/\\\/mediterra.group\\\/wp-content\\\/uploads\\\/2025\\\/07\\\/IMG-20250701-WA0029-584x438.jpg&quot;,&quot;alt&quot;:&quot;&quot;,&quot;width&quot;:584,&quot;height&quot;:438},{&quot;image&quot;:&quot;https:\\\/\\\/mediterra.group\\\/wp-content\\\/uploads\\\/2025\\\/07\\\/IMG-20250701-WA0026-584x438.jpg&quot;,&quot;alt&quot;:&quot;&quot;,&quot;width&quot;:584,&quot;height&quot;:438}]\">\n\t<div class=\"item-wrap item-wrap-no-frame h-100\">\n\t\t<div class=\"d-flex flex-column align-items-center h-100\">\n\t\t\t<div class=\"item-header\">\n\t\t\t\t<span class=\"label-featured label me-1\" role=\"status\">Empfohlen<\/span>\t\t\t\t<div class=\"labels-wrap d-flex align-items-center gap-1\" role=\"group\"> \n\n\t<a href=\"https:\/\/mediterra.group\/de\/status\/im-bau\/\" class=\"label-status label status-color-551\">\n\t\t\t\t\tIm Bau\n\t\t\t\t<\/a><a href=\"https:\/\/mediterra.group\/de\/label\/heises-angebot\/\" class=\"hz-label label label-color-478\">\n\t\t\t\t\tHei\u00dfes Angebot\n\t\t\t\t<\/a>       \n\n<\/div>\n\t\t\t\t<ul class=\"item-price-wrap d-flex flex-column gap-2\" role=\"list\">\n\t<li class=\"item-price\"><span class=\"price\">\u00a31,199,000<\/span><\/li><li class=\"item-sub-price\"><span class=\"price\">\u00a32,180<\/span><span class=\"price-postfix\">\/m\u00b2<\/span><\/li><\/ul>\t\t\t\t<ul class=\"item-tools d-flex align-items-center justify-content-center gap-1\">\n        <li class=\"item-tool item-preview\">\n        <span class=\"hz-show-lightbox-js item-tool-preview text-center\" data-listid=\"33768\" data-bs-toggle=\"modal\" data-bs-target=\"#listing-lightbox-v3\">\n            <span data-bs-toggle=\"tooltip\" data-bs-placement=\"top\" title=\"Preview\">\n                <i class=\"houzez-icon icon-expand-3\"><\/i>   \n            <\/span>\n        <\/span><!-- item-tool-favorite -->\n    <\/li><!-- item-tool -->\n        \n        <li class=\"item-tool item-favorite\">\n        <span class=\"add-favorite-js item-tool-favorite text-center\" data-bs-toggle=\"tooltip\" data-bs-placement=\"top\" title=\"Favourite\" data-listid=\"33768\">\n            <i class=\"houzez-icon icon-love-it \"><\/i>\n        <\/span><!-- item-tool-favorite -->\n    <\/li><!-- item-tool -->\n    \n        <li class=\"item-tool item-compare\">\n        <span class=\"houzez_compare compare-33768 item-tool-compare text-center\" data-bs-toggle=\"tooltip\" data-bs-placement=\"top\" title=\"Add to Compare\" data-listing_id=\"33768\" data-listing_image=\"https:\/\/mediterra.group\/wp-content\/uploads\/2025\/07\/IMG-20250701-WA0045-584x438.jpg\">\n            <i class=\"houzez-icon icon-add-circle\"><\/i>\n            <!-- <i class=\"houzez-icon icon-subtract-circle\"><\/i> -->\n        <\/span><!-- item-tool-compare -->\n    <\/li><!-- item-tool -->\n    <\/ul><!-- item-tools -->\n\t\t\t\t<div class=\"listing-image-wrap\">\n\t<div class=\"listing-thumb\">\n\t\t<a target=\"_self\" href=\"https:\/\/mediterra.group\/de\/property\/nv-400-luxurioese-villa-im-herzen-von-kyrenia-mit-blick-auf-das-meer-und-die-berge\/\" class=\"listing-featured-thumb hover-effect image-wrap\" role=\"link\">\n\t\t\t<img loading=\"lazy\" decoding=\"async\" width=\"584\" height=\"438\" src=\"https:\/\/mediterra.group\/wp-content\/uploads\/2025\/07\/IMG-20250701-WA0045-584x438.jpg\" class=\"img-fluid wp-post-image\" alt=\"\" \/>\t\t<\/a><!-- hover-effect -->\n\t<\/div>\n<\/div>\t\t\t\t<div class=\"preview_loader\"><\/div>\n\t\t\t<\/div>\n\t\t\t<div class=\"item-body w-100 flex-grow-1\">\n\t\t\t\t<h2 class=\"item-title mb-2 \">\n\t<a target=\"_self\" href=\"https:\/\/mediterra.group\/de\/property\/nv-400-luxurioese-villa-im-herzen-von-kyrenia-mit-blick-auf-das-meer-und-die-berge\/\" role=\"link\">NV-400: Luxuri\u00f6se Villa im Herzen von Kyrenia mit Blick auf das Meer und die Berge<\/a>\n<\/h2><!-- item-title -->\t\t\t\t<address class=\"item-address mb-2\"><i class=\"houzez-icon icon-pin me-1\" aria-hidden=\"true\"><\/i><span>Bellapais, Kyrenia, Nordzypern<\/span><\/address>\t\t\t\t\t\t\t\t<ul class=\"item-amenities d-flex flex-wrap align-items-center gap-2 mb-2 item-amenities-with-icons\" role=\"list\">\n\t<li class=\"h-beds d-flex align-items-center me-1\"><i class=\"houzez-icon icon-hotel-double-bed-1 me-2\"><\/i><span class=\"item-amenities-text\">Beds:<\/span> <span class=\"hz-figure\">4<\/span><\/li><li class=\"h-baths d-flex align-items-center me-1\"><i class=\"houzez-icon icon-bathroom-shower-1 me-2\"><\/i><span class=\"item-amenities-text\">Baths:<\/span> <span class=\"hz-figure\">4<\/span><\/li><li class=\"h-area d-flex align-items-center me-1\"><i class=\"houzez-icon icon-ruler-triangle me-2\"><\/i><span class=\"hz-figure me-1\">360m\u00b2<\/span> <span class=\"hz-figure area_postfix\"><\/span><\/li><li class=\"h-type d-flex w-100\" role=\"listitem\"><span>Exklusive Eigenschaften, Mediterra Auswahl, Projekte, Villa<\/span><\/li><\/ul>\t\t\t\t<a class=\"btn btn-primary btn-item d-md-none d-xl-flex item-no-footer\" target=\"_self\" href=\"https:\/\/mediterra.group\/de\/property\/nv-400-luxurioese-villa-im-herzen-von-kyrenia-mit-blick-auf-das-meer-und-die-berge\/\">\n\tEinzelheiten<\/a><!-- btn-item -->\n\t\t\t<\/div>\n\t\t\t\t\t<\/div>\n\t<\/div>\n<\/div><div class=\"item-listing-wrap item-wrap-v1 hz-item-gallery-js hz-map-trigger\" data-hz-id=\"34120\" data-images=\"[{&quot;image&quot;:&quot;https:\\\/\\\/mediterra.group\\\/wp-content\\\/uploads\\\/2025\\\/07\\\/Ekran-goruntusu-2025-07-14-162720-584x438.png&quot;,&quot;alt&quot;:&quot;&quot;,&quot;width&quot;:584,&quot;height&quot;:438},{&quot;image&quot;:&quot;https:\\\/\\\/mediterra.group\\\/wp-content\\\/uploads\\\/2025\\\/07\\\/Ekran-goruntusu-2025-07-14-162720-584x438.png&quot;,&quot;alt&quot;:&quot;&quot;,&quot;width&quot;:584,&quot;height&quot;:438},{&quot;image&quot;:&quot;https:\\\/\\\/mediterra.group\\\/wp-content\\\/uploads\\\/2025\\\/07\\\/44-584x438.jpg&quot;,&quot;alt&quot;:&quot;&quot;,&quot;width&quot;:584,&quot;height&quot;:438},{&quot;image&quot;:&quot;https:\\\/\\\/mediterra.group\\\/wp-content\\\/uploads\\\/2025\\\/07\\\/77-584x438.jpg&quot;,&quot;alt&quot;:&quot;&quot;,&quot;width&quot;:584,&quot;height&quot;:438},{&quot;image&quot;:&quot;https:\\\/\\\/mediterra.group\\\/wp-content\\\/uploads\\\/2025\\\/07\\\/88-584x438.jpg&quot;,&quot;alt&quot;:&quot;&quot;,&quot;width&quot;:584,&quot;height&quot;:438},{&quot;image&quot;:&quot;https:\\\/\\\/mediterra.group\\\/wp-content\\\/uploads\\\/2025\\\/07\\\/33-584x438.jpg&quot;,&quot;alt&quot;:&quot;&quot;,&quot;width&quot;:584,&quot;height&quot;:438},{&quot;image&quot;:&quot;https:\\\/\\\/mediterra.group\\\/wp-content\\\/uploads\\\/2025\\\/07\\\/66-584x438.jpg&quot;,&quot;alt&quot;:&quot;&quot;,&quot;width&quot;:584,&quot;height&quot;:438},{&quot;image&quot;:&quot;https:\\\/\\\/mediterra.group\\\/wp-content\\\/uploads\\\/2025\\\/07\\\/11-5-584x438.jpg&quot;,&quot;alt&quot;:&quot;&quot;,&quot;width&quot;:584,&quot;height&quot;:438},{&quot;image&quot;:&quot;https:\\\/\\\/mediterra.group\\\/wp-content\\\/uploads\\\/2025\\\/07\\\/22-2-584x438.jpg&quot;,&quot;alt&quot;:&quot;&quot;,&quot;width&quot;:584,&quot;height&quot;:438},{&quot;image&quot;:&quot;https:\\\/\\\/mediterra.group\\\/wp-content\\\/uploads\\\/2025\\\/07\\\/55-584x438.jpg&quot;,&quot;alt&quot;:&quot;&quot;,&quot;width&quot;:584,&quot;height&quot;:438}]\">\n\t<div class=\"item-wrap item-wrap-no-frame h-100\">\n\t\t<div class=\"d-flex flex-column align-items-center h-100\">\n\t\t\t<div class=\"item-header\">\n\t\t\t\t<span class=\"label-featured label me-1\" role=\"status\">Empfohlen<\/span>\t\t\t\t<div class=\"labels-wrap d-flex align-items-center gap-1\" role=\"group\"> \n\n\t<a href=\"https:\/\/mediterra.group\/de\/label\/heises-angebot\/\" class=\"hz-label label label-color-478\">\n\t\t\t\t\tHei\u00dfes Angebot\n\t\t\t\t<\/a>       \n\n<\/div>\n\t\t\t\t<ul class=\"item-price-wrap d-flex flex-column gap-2\" role=\"list\">\n\t<li class=\"item-price\"><span class=\"price\">\u00a31,950,000<\/span><\/li><li class=\"item-sub-price\"><span class=\"price\">\u00a35,130<\/span><span class=\"price-postfix\">\/m\u00b2<\/span><\/li><\/ul>\t\t\t\t<ul class=\"item-tools d-flex align-items-center justify-content-center gap-1\">\n        <li class=\"item-tool item-preview\">\n        <span class=\"hz-show-lightbox-js item-tool-preview text-center\" data-listid=\"34120\" data-bs-toggle=\"modal\" data-bs-target=\"#listing-lightbox-v3\">\n            <span data-bs-toggle=\"tooltip\" data-bs-placement=\"top\" title=\"Preview\">\n                <i class=\"houzez-icon icon-expand-3\"><\/i>   \n            <\/span>\n        <\/span><!-- item-tool-favorite -->\n    <\/li><!-- item-tool -->\n        \n        <li class=\"item-tool item-favorite\">\n        <span class=\"add-favorite-js item-tool-favorite text-center\" data-bs-toggle=\"tooltip\" data-bs-placement=\"top\" title=\"Favourite\" data-listid=\"34120\">\n            <i class=\"houzez-icon icon-love-it \"><\/i>\n        <\/span><!-- item-tool-favorite -->\n    <\/li><!-- item-tool -->\n    \n        <li class=\"item-tool item-compare\">\n        <span class=\"houzez_compare compare-34120 item-tool-compare text-center\" data-bs-toggle=\"tooltip\" data-bs-placement=\"top\" title=\"Add to Compare\" data-listing_id=\"34120\" data-listing_image=\"https:\/\/mediterra.group\/wp-content\/uploads\/2025\/07\/Ekran-goruntusu-2025-07-14-162720-584x438.png\">\n            <i class=\"houzez-icon icon-add-circle\"><\/i>\n            <!-- <i class=\"houzez-icon icon-subtract-circle\"><\/i> -->\n        <\/span><!-- item-tool-compare -->\n    <\/li><!-- item-tool -->\n    <\/ul><!-- item-tools -->\n\t\t\t\t<div class=\"listing-image-wrap\">\n\t<div class=\"listing-thumb\">\n\t\t<a target=\"_self\" href=\"https:\/\/mediterra.group\/de\/property\/nv-403-moderne-4-schlafzimmer-villa-mit-meerblick-und-privatem-pool-in-bellapais\/\" class=\"listing-featured-thumb hover-effect image-wrap\" role=\"link\">\n\t\t\t<img decoding=\"async\" width=\"584\" height=\"438\" src=\"https:\/\/mediterra.group\/wp-content\/uploads\/2025\/07\/Ekran-goruntusu-2025-07-14-162720-584x438.png\" class=\"img-fluid wp-post-image\" alt=\"\" \/>\t\t<\/a><!-- hover-effect -->\n\t<\/div>\n<\/div>\t\t\t\t<div class=\"preview_loader\"><\/div>\n\t\t\t<\/div>\n\t\t\t<div class=\"item-body w-100 flex-grow-1\">\n\t\t\t\t<h2 class=\"item-title mb-2 \">\n\t<a target=\"_self\" href=\"https:\/\/mediterra.group\/de\/property\/nv-403-moderne-4-schlafzimmer-villa-mit-meerblick-und-privatem-pool-in-bellapais\/\" role=\"link\">NV-403: Moderne 4-Schlafzimmer-Villa mit Meerblick und privatem Pool in Bellapais<\/a>\n<\/h2><!-- item-title -->\t\t\t\t<address class=\"item-address mb-2\"><i class=\"houzez-icon icon-pin me-1\" aria-hidden=\"true\"><\/i><span>Bellapais, Kyrenia, Nordzypern<\/span><\/address>\t\t\t\t\t\t\t\t<ul class=\"item-amenities d-flex flex-wrap align-items-center gap-2 mb-2 item-amenities-with-icons\" role=\"list\">\n\t<li class=\"h-beds d-flex align-items-center me-1\"><i class=\"houzez-icon icon-hotel-double-bed-1 me-2\"><\/i><span class=\"item-amenities-text\">Beds:<\/span> <span class=\"hz-figure\">4<\/span><\/li><li class=\"h-baths d-flex align-items-center me-1\"><i class=\"houzez-icon icon-bathroom-shower-1 me-2\"><\/i><span class=\"item-amenities-text\">Baths:<\/span> <span class=\"hz-figure\">4<\/span><\/li><li class=\"h-area d-flex align-items-center me-1\"><i class=\"houzez-icon icon-ruler-triangle me-2\"><\/i><span class=\"hz-figure me-1\">380m\u00b2<\/span> <span class=\"hz-figure area_postfix\">m\u00b2<\/span><\/li><li class=\"h-type d-flex w-100\" role=\"listitem\"><span>Mediterra Auswahl, Projekte, Villa<\/span><\/li><\/ul>\t\t\t\t<a class=\"btn btn-primary btn-item d-md-none d-xl-flex item-no-footer\" target=\"_self\" href=\"https:\/\/mediterra.group\/de\/property\/nv-403-moderne-4-schlafzimmer-villa-mit-meerblick-und-privatem-pool-in-bellapais\/\">\n\tEinzelheiten<\/a><!-- btn-item -->\n\t\t\t<\/div>\n\t\t\t\t\t<\/div>\n\t<\/div>\n<\/div><div class=\"item-listing-wrap item-wrap-v1 hz-item-gallery-js hz-map-trigger\" data-hz-id=\"33777\" data-images=\"[{&quot;image&quot;:&quot;https:\\\/\\\/mediterra.group\\\/wp-content\\\/uploads\\\/2025\\\/07\\\/Tip_C_7-584x438.jpg&quot;,&quot;alt&quot;:&quot;&quot;,&quot;width&quot;:584,&quot;height&quot;:438},{&quot;image&quot;:&quot;https:\\\/\\\/mediterra.group\\\/wp-content\\\/uploads\\\/2025\\\/07\\\/Tip_C_7-584x438.jpg&quot;,&quot;alt&quot;:&quot;&quot;,&quot;width&quot;:584,&quot;height&quot;:438},{&quot;image&quot;:&quot;https:\\\/\\\/mediterra.group\\\/wp-content\\\/uploads\\\/2025\\\/07\\\/Tip_C_10-584x438.jpg&quot;,&quot;alt&quot;:&quot;&quot;,&quot;width&quot;:584,&quot;height&quot;:438},{&quot;image&quot;:&quot;https:\\\/\\\/mediterra.group\\\/wp-content\\\/uploads\\\/2025\\\/07\\\/f1-copy-584x438.jpg&quot;,&quot;alt&quot;:&quot;&quot;,&quot;width&quot;:584,&quot;height&quot;:438},{&quot;image&quot;:&quot;https:\\\/\\\/mediterra.group\\\/wp-content\\\/uploads\\\/2025\\\/07\\\/Tip_C_1-584x438.jpg&quot;,&quot;alt&quot;:&quot;&quot;,&quot;width&quot;:584,&quot;height&quot;:438},{&quot;image&quot;:&quot;https:\\\/\\\/mediterra.group\\\/wp-content\\\/uploads\\\/2025\\\/07\\\/tip-c.jpeg&quot;,&quot;alt&quot;:&quot;&quot;,&quot;width&quot;:584,&quot;height&quot;:438},{&quot;image&quot;:&quot;https:\\\/\\\/mediterra.group\\\/wp-content\\\/uploads\\\/2025\\\/07\\\/Tip_C_2-584x438.jpg&quot;,&quot;alt&quot;:&quot;&quot;,&quot;width&quot;:584,&quot;height&quot;:438},{&quot;image&quot;:&quot;https:\\\/\\\/mediterra.group\\\/wp-content\\\/uploads\\\/2025\\\/07\\\/Tip_C_6-584x438.jpg&quot;,&quot;alt&quot;:&quot;&quot;,&quot;width&quot;:584,&quot;height&quot;:438},{&quot;image&quot;:&quot;https:\\\/\\\/mediterra.group\\\/wp-content\\\/uploads\\\/2025\\\/07\\\/Bella-Hills-2-584x438.jpg&quot;,&quot;alt&quot;:&quot;&quot;,&quot;width&quot;:584,&quot;height&quot;:438},{&quot;image&quot;:&quot;https:\\\/\\\/mediterra.group\\\/wp-content\\\/uploads\\\/2025\\\/07\\\/Bella-Hills-4-584x438.jpg&quot;,&quot;alt&quot;:&quot;&quot;,&quot;width&quot;:584,&quot;height&quot;:438}]\">\n\t<div class=\"item-wrap item-wrap-no-frame h-100\">\n\t\t<div class=\"d-flex flex-column align-items-center h-100\">\n\t\t\t<div class=\"item-header\">\n\t\t\t\t<span class=\"label-featured label me-1\" role=\"status\">Empfohlen<\/span>\t\t\t\t<div class=\"labels-wrap d-flex align-items-center gap-1\" role=\"group\"> \n\n\t<a href=\"https:\/\/mediterra.group\/de\/status\/im-bau\/\" class=\"label-status label status-color-551\">\n\t\t\t\t\tIm Bau\n\t\t\t\t<\/a><a href=\"https:\/\/mediterra.group\/de\/label\/heises-angebot\/\" class=\"hz-label label label-color-478\">\n\t\t\t\t\tHei\u00dfes Angebot\n\t\t\t\t<\/a>       \n\n<\/div>\n\t\t\t\t<ul class=\"item-price-wrap d-flex flex-column gap-2\" role=\"list\">\n\t<li class=\"item-price\"><span class=\"price\">\u00a31,299,000<\/span><\/li><li class=\"item-sub-price\"><span class=\"price\">\u00a32,201<\/span><span class=\"price-postfix\">\/m\u00b2<\/span><\/li><\/ul>\t\t\t\t<ul class=\"item-tools d-flex align-items-center justify-content-center gap-1\">\n        <li class=\"item-tool item-preview\">\n        <span class=\"hz-show-lightbox-js item-tool-preview text-center\" data-listid=\"33777\" data-bs-toggle=\"modal\" data-bs-target=\"#listing-lightbox-v3\">\n            <span data-bs-toggle=\"tooltip\" data-bs-placement=\"top\" title=\"Preview\">\n                <i class=\"houzez-icon icon-expand-3\"><\/i>   \n            <\/span>\n        <\/span><!-- item-tool-favorite -->\n    <\/li><!-- item-tool -->\n        \n        <li class=\"item-tool item-favorite\">\n        <span class=\"add-favorite-js item-tool-favorite text-center\" data-bs-toggle=\"tooltip\" data-bs-placement=\"top\" title=\"Favourite\" data-listid=\"33777\">\n            <i class=\"houzez-icon icon-love-it \"><\/i>\n        <\/span><!-- item-tool-favorite -->\n    <\/li><!-- item-tool -->\n    \n        <li class=\"item-tool item-compare\">\n        <span class=\"houzez_compare compare-33777 item-tool-compare text-center\" data-bs-toggle=\"tooltip\" data-bs-placement=\"top\" title=\"Add to Compare\" data-listing_id=\"33777\" data-listing_image=\"https:\/\/mediterra.group\/wp-content\/uploads\/2025\/07\/Tip_C_7-584x438.jpg\">\n            <i class=\"houzez-icon icon-add-circle\"><\/i>\n            <!-- <i class=\"houzez-icon icon-subtract-circle\"><\/i> -->\n        <\/span><!-- item-tool-compare -->\n    <\/li><!-- item-tool -->\n    <\/ul><!-- item-tools -->\n\t\t\t\t<div class=\"listing-image-wrap\">\n\t<div class=\"listing-thumb\">\n\t\t<a target=\"_self\" href=\"https:\/\/mediterra.group\/de\/property\/nv-401-luxurioese-villa-im-zentrum-von-kyrenia-mit-blick-auf-das-meer-und-die-berge\/\" class=\"listing-featured-thumb hover-effect image-wrap\" role=\"link\">\n\t\t\t<img loading=\"lazy\" decoding=\"async\" width=\"584\" height=\"438\" src=\"https:\/\/mediterra.group\/wp-content\/uploads\/2025\/07\/Tip_C_7-584x438.jpg\" class=\"img-fluid wp-post-image\" alt=\"\" \/>\t\t<\/a><!-- hover-effect -->\n\t<\/div>\n<\/div>\t\t\t\t<div class=\"preview_loader\"><\/div>\n\t\t\t<\/div>\n\t\t\t<div class=\"item-body w-100 flex-grow-1\">\n\t\t\t\t<h2 class=\"item-title mb-2 \">\n\t<a target=\"_self\" href=\"https:\/\/mediterra.group\/de\/property\/nv-401-luxurioese-villa-im-zentrum-von-kyrenia-mit-blick-auf-das-meer-und-die-berge\/\" role=\"link\">NV-401: Luxuri\u00f6se Villa im Zentrum von Kyrenia mit Blick auf das Meer und die Berge<\/a>\n<\/h2><!-- item-title -->\t\t\t\t<address class=\"item-address mb-2\"><i class=\"houzez-icon icon-pin me-1\" aria-hidden=\"true\"><\/i><span>Bellapais, Kyrenia, Nordzypern<\/span><\/address>\t\t\t\t\t\t\t\t<ul class=\"item-amenities d-flex flex-wrap align-items-center gap-2 mb-2 item-amenities-with-icons\" role=\"list\">\n\t<li class=\"h-beds d-flex align-items-center me-1\"><i class=\"houzez-icon icon-hotel-double-bed-1 me-2\"><\/i><span class=\"item-amenities-text\">Beds:<\/span> <span class=\"hz-figure\">4<\/span><\/li><li class=\"h-baths d-flex align-items-center me-1\"><i class=\"houzez-icon icon-bathroom-shower-1 me-2\"><\/i><span class=\"item-amenities-text\">Baths:<\/span> <span class=\"hz-figure\">4<\/span><\/li><li class=\"h-area d-flex align-items-center me-1\"><i class=\"houzez-icon icon-ruler-triangle me-2\"><\/i><span class=\"hz-figure me-1\">380m\u00b2<\/span> <span class=\"hz-figure area_postfix\"><\/span><\/li><li class=\"h-type d-flex w-100\" role=\"listitem\"><span>Exklusive Eigenschaften, Mediterra Auswahl, Projekte, Villa<\/span><\/li><\/ul>\t\t\t\t<a class=\"btn btn-primary btn-item d-md-none d-xl-flex item-no-footer\" target=\"_self\" href=\"https:\/\/mediterra.group\/de\/property\/nv-401-luxurioese-villa-im-zentrum-von-kyrenia-mit-blick-auf-das-meer-und-die-berge\/\">\n\tEinzelheiten<\/a><!-- btn-item -->\n\t\t\t<\/div>\n\t\t\t\t\t<\/div>\n\t<\/div>\n<\/div><div class=\"item-listing-wrap item-wrap-v1 hz-item-gallery-js hz-map-trigger\" data-hz-id=\"34111\" data-images=\"[{&quot;image&quot;:&quot;https:\\\/\\\/mediterra.group\\\/wp-content\\\/uploads\\\/2025\\\/07\\\/girne-esentepe-satilik-villa-457775-1751963306.6276-584x438.jpg&quot;,&quot;alt&quot;:&quot;&quot;,&quot;width&quot;:584,&quot;height&quot;:438},{&quot;image&quot;:&quot;https:\\\/\\\/mediterra.group\\\/wp-content\\\/uploads\\\/2025\\\/07\\\/girne-esentepe-satilik-villa-457775-1751963306.6276-584x438.jpg&quot;,&quot;alt&quot;:&quot;&quot;,&quot;width&quot;:584,&quot;height&quot;:438},{&quot;image&quot;:&quot;https:\\\/\\\/mediterra.group\\\/wp-content\\\/uploads\\\/2025\\\/07\\\/girne-esentepe-satilik-villa-457775-1751963216.8463-584x438.jpg&quot;,&quot;alt&quot;:&quot;&quot;,&quot;width&quot;:584,&quot;height&quot;:438},{&quot;image&quot;:&quot;https:\\\/\\\/mediterra.group\\\/wp-content\\\/uploads\\\/2025\\\/07\\\/girne-esentepe-satilik-villa-457775-1751963223.9227-584x438.jpg&quot;,&quot;alt&quot;:&quot;&quot;,&quot;width&quot;:584,&quot;height&quot;:438},{&quot;image&quot;:&quot;https:\\\/\\\/mediterra.group\\\/wp-content\\\/uploads\\\/2025\\\/07\\\/girne-esentepe-satilik-villa-457775-1751963210.9073-584x438.jpg&quot;,&quot;alt&quot;:&quot;&quot;,&quot;width&quot;:584,&quot;height&quot;:438},{&quot;image&quot;:&quot;https:\\\/\\\/mediterra.group\\\/wp-content\\\/uploads\\\/2025\\\/07\\\/girne-esentepe-satilik-villa-457775-1751963212.2593-584x438.jpg&quot;,&quot;alt&quot;:&quot;&quot;,&quot;width&quot;:584,&quot;height&quot;:438},{&quot;image&quot;:&quot;https:\\\/\\\/mediterra.group\\\/wp-content\\\/uploads\\\/2025\\\/07\\\/girne-esentepe-satilik-villa-457775-1751963225.0684-584x438.jpg&quot;,&quot;alt&quot;:&quot;&quot;,&quot;width&quot;:584,&quot;height&quot;:438},{&quot;image&quot;:&quot;https:\\\/\\\/mediterra.group\\\/wp-content\\\/uploads\\\/2025\\\/07\\\/girne-esentepe-satilik-villa-457775-1751963213.5305-584x438.jpg&quot;,&quot;alt&quot;:&quot;&quot;,&quot;width&quot;:584,&quot;height&quot;:438},{&quot;image&quot;:&quot;https:\\\/\\\/mediterra.group\\\/wp-content\\\/uploads\\\/2025\\\/07\\\/girne-esentepe-satilik-villa-457775-1751963209.6458-584x438.jpg&quot;,&quot;alt&quot;:&quot;&quot;,&quot;width&quot;:584,&quot;height&quot;:438},{&quot;image&quot;:&quot;https:\\\/\\\/mediterra.group\\\/wp-content\\\/uploads\\\/2025\\\/07\\\/girne-esentepe-satilik-villa-457775-1751963325.1584-584x438.jpg&quot;,&quot;alt&quot;:&quot;&quot;,&quot;width&quot;:584,&quot;height&quot;:438}]\">\n\t<div class=\"item-wrap item-wrap-no-frame h-100\">\n\t\t<div class=\"d-flex flex-column align-items-center h-100\">\n\t\t\t<div class=\"item-header\">\n\t\t\t\t<span class=\"label-featured label me-1\" role=\"status\">Empfohlen<\/span>\t\t\t\t<div class=\"labels-wrap d-flex align-items-center gap-1\" role=\"group\"> \n\n\t<a href=\"https:\/\/mediterra.group\/de\/status\/auserplanmasig\/\" class=\"label-status label status-color-583\">\n\t\t\t\t\tAu\u00dferplanm\u00e4\u00dfig\n\t\t\t\t<\/a><a href=\"https:\/\/mediterra.group\/de\/label\/heises-angebot\/\" class=\"hz-label label label-color-478\">\n\t\t\t\t\tHei\u00dfes Angebot\n\t\t\t\t<\/a>       \n\n<\/div>\n\t\t\t\t<ul class=\"item-price-wrap d-flex flex-column gap-2\" role=\"list\">\n\t<li class=\"item-price\"><span class=\"price\">\u00a31,149,000<\/span><\/li><li class=\"item-sub-price\"><span class=\"price\">\u00a38,839<\/span><span class=\"price-postfix\">\/m\u00b2<\/span><\/li><\/ul>\t\t\t\t<ul class=\"item-tools d-flex align-items-center justify-content-center gap-1\">\n        <li class=\"item-tool item-preview\">\n        <span class=\"hz-show-lightbox-js item-tool-preview text-center\" data-listid=\"34111\" data-bs-toggle=\"modal\" data-bs-target=\"#listing-lightbox-v3\">\n            <span data-bs-toggle=\"tooltip\" data-bs-placement=\"top\" title=\"Preview\">\n                <i class=\"houzez-icon icon-expand-3\"><\/i>   \n            <\/span>\n        <\/span><!-- item-tool-favorite -->\n    <\/li><!-- item-tool -->\n        \n        <li class=\"item-tool item-favorite\">\n        <span class=\"add-favorite-js item-tool-favorite text-center\" data-bs-toggle=\"tooltip\" data-bs-placement=\"top\" title=\"Favourite\" data-listid=\"34111\">\n            <i class=\"houzez-icon icon-love-it \"><\/i>\n        <\/span><!-- item-tool-favorite -->\n    <\/li><!-- item-tool -->\n    \n        <li class=\"item-tool item-compare\">\n        <span class=\"houzez_compare compare-34111 item-tool-compare text-center\" data-bs-toggle=\"tooltip\" data-bs-placement=\"top\" title=\"Add to Compare\" data-listing_id=\"34111\" data-listing_image=\"https:\/\/mediterra.group\/wp-content\/uploads\/2025\/07\/girne-esentepe-satilik-villa-457775-1751963306.6276-584x438.jpg\">\n            <i class=\"houzez-icon icon-add-circle\"><\/i>\n            <!-- <i class=\"houzez-icon icon-subtract-circle\"><\/i> -->\n        <\/span><!-- item-tool-compare -->\n    <\/li><!-- item-tool -->\n    <\/ul><!-- item-tools -->\n\t\t\t\t<div class=\"listing-image-wrap\">\n\t<div class=\"listing-thumb\">\n\t\t<a target=\"_self\" href=\"https:\/\/mediterra.group\/de\/property\/nv-305-brandneue-duplex-villa-an-der-mittelmeerkueste\/\" class=\"listing-featured-thumb hover-effect image-wrap\" role=\"link\">\n\t\t\t<img loading=\"lazy\" decoding=\"async\" width=\"584\" height=\"438\" src=\"https:\/\/mediterra.group\/wp-content\/uploads\/2025\/07\/girne-esentepe-satilik-villa-457775-1751963306.6276-584x438.jpg\" class=\"img-fluid wp-post-image\" alt=\"\" srcset=\"https:\/\/mediterra.group\/wp-content\/uploads\/2025\/07\/girne-esentepe-satilik-villa-457775-1751963306.6276-584x438.jpg 584w, https:\/\/mediterra.group\/wp-content\/uploads\/2025\/07\/girne-esentepe-satilik-villa-457775-1751963306.6276.jpg 640w\" sizes=\"(max-width: 584px) 100vw, 584px\" \/>\t\t<\/a><!-- hover-effect -->\n\t<\/div>\n<\/div>\t\t\t\t<div class=\"preview_loader\"><\/div>\n\t\t\t<\/div>\n\t\t\t<div class=\"item-body w-100 flex-grow-1\">\n\t\t\t\t<h2 class=\"item-title mb-2 \">\n\t<a target=\"_self\" href=\"https:\/\/mediterra.group\/de\/property\/nv-305-brandneue-duplex-villa-an-der-mittelmeerkueste\/\" role=\"link\">NV-305: Brandneue Duplex-Villa an der Mittelmeerk\u00fcste<\/a>\n<\/h2><!-- item-title -->\t\t\t\t<address class=\"item-address mb-2\"><i class=\"houzez-icon icon-pin me-1\" aria-hidden=\"true\"><\/i><span>Esentepe, Kyrenia, Nordzypern<\/span><\/address>\t\t\t\t\t\t\t\t<ul class=\"item-amenities d-flex flex-wrap align-items-center gap-2 mb-2 item-amenities-with-icons\" role=\"list\">\n\t<li class=\"h-beds d-flex align-items-center me-1\"><i class=\"houzez-icon icon-hotel-double-bed-1 me-2\"><\/i><span class=\"item-amenities-text\">Beds:<\/span> <span class=\"hz-figure\">3<\/span><\/li><li class=\"h-baths d-flex align-items-center me-1\"><i class=\"houzez-icon icon-bathroom-shower-1 me-2\"><\/i><span class=\"item-amenities-text\">Baths:<\/span> <span class=\"hz-figure\">2<\/span><\/li><li class=\"h-area d-flex align-items-center me-1\"><i class=\"houzez-icon icon-ruler-triangle me-2\"><\/i><span class=\"hz-figure me-1\">130<\/span> <span class=\"hz-figure area_postfix\">m\u00b2<\/span><\/li><li class=\"h-type d-flex w-100\" role=\"listitem\"><span>Exklusive Eigenschaften, Mediterra Auswahl, Projekte, Villa<\/span><\/li><\/ul>\t\t\t\t<a class=\"btn btn-primary btn-item d-md-none d-xl-flex item-no-footer\" target=\"_self\" href=\"https:\/\/mediterra.group\/de\/property\/nv-305-brandneue-duplex-villa-an-der-mittelmeerkueste\/\">\n\tEinzelheiten<\/a><!-- btn-item -->\n\t\t\t<\/div>\n\t\t\t\t\t<\/div>\n\t<\/div>\n<\/div><div class=\"item-listing-wrap item-wrap-v1 hz-item-gallery-js hz-map-trigger\" data-hz-id=\"34110\" data-images=\"[{&quot;image&quot;:&quot;https:\\\/\\\/mediterra.group\\\/wp-content\\\/uploads\\\/2025\\\/07\\\/girne-bellapais-satilik-villa-454083-1750693697.8279-584x438.jpg&quot;,&quot;alt&quot;:&quot;&quot;,&quot;width&quot;:584,&quot;height&quot;:438},{&quot;image&quot;:&quot;https:\\\/\\\/mediterra.group\\\/wp-content\\\/uploads\\\/2025\\\/07\\\/girne-bellapais-satilik-villa-454083-1750693697.8279-584x438.jpg&quot;,&quot;alt&quot;:&quot;&quot;,&quot;width&quot;:584,&quot;height&quot;:438},{&quot;image&quot;:&quot;https:\\\/\\\/mediterra.group\\\/wp-content\\\/uploads\\\/2025\\\/07\\\/girne-bellapais-satilik-villa-454083-1750693700.6535-584x438.jpg&quot;,&quot;alt&quot;:&quot;&quot;,&quot;width&quot;:584,&quot;height&quot;:438},{&quot;image&quot;:&quot;https:\\\/\\\/mediterra.group\\\/wp-content\\\/uploads\\\/2025\\\/07\\\/girne-bellapais-satilik-villa-454083-1750693699.4613-584x438.jpg&quot;,&quot;alt&quot;:&quot;&quot;,&quot;width&quot;:584,&quot;height&quot;:438},{&quot;image&quot;:&quot;https:\\\/\\\/mediterra.group\\\/wp-content\\\/uploads\\\/2025\\\/07\\\/girne-bellapais-satilik-villa-454083-1750693693.4035-584x438.jpg&quot;,&quot;alt&quot;:&quot;&quot;,&quot;width&quot;:584,&quot;height&quot;:438},{&quot;image&quot;:&quot;https:\\\/\\\/mediterra.group\\\/wp-content\\\/uploads\\\/2025\\\/07\\\/girne-bellapais-satilik-villa-454083-1750693701.8972-584x438.jpg&quot;,&quot;alt&quot;:&quot;&quot;,&quot;width&quot;:584,&quot;height&quot;:438},{&quot;image&quot;:&quot;https:\\\/\\\/mediterra.group\\\/wp-content\\\/uploads\\\/2025\\\/07\\\/girne-bellapais-satilik-villa-454083-1750693694.819-584x438.jpg&quot;,&quot;alt&quot;:&quot;&quot;,&quot;width&quot;:584,&quot;height&quot;:438}]\">\n\t<div class=\"item-wrap item-wrap-no-frame h-100\">\n\t\t<div class=\"d-flex flex-column align-items-center h-100\">\n\t\t\t<div class=\"item-header\">\n\t\t\t\t<span class=\"label-featured label me-1\" role=\"status\">Empfohlen<\/span>\t\t\t\t<div class=\"labels-wrap d-flex align-items-center gap-1\" role=\"group\"> \n\n\t<a href=\"https:\/\/mediterra.group\/de\/status\/im-bau\/\" class=\"label-status label status-color-551\">\n\t\t\t\t\tIm Bau\n\t\t\t\t<\/a><a href=\"https:\/\/mediterra.group\/de\/label\/heises-angebot\/\" class=\"hz-label label label-color-478\">\n\t\t\t\t\tHei\u00dfes Angebot\n\t\t\t\t<\/a>       \n\n<\/div>\n\t\t\t\t<ul class=\"item-price-wrap d-flex flex-column gap-2\" role=\"list\">\n\t<li class=\"item-price\"><span class=\"price\">\u00a32,500,000<\/span><\/li><li class=\"item-sub-price\"><span class=\"price\">\u00a35,747<\/span><span class=\"price-postfix\">\/m\u00b2<\/span><\/li><\/ul>\t\t\t\t<ul class=\"item-tools d-flex align-items-center justify-content-center gap-1\">\n        <li class=\"item-tool item-preview\">\n        <span class=\"hz-show-lightbox-js item-tool-preview text-center\" data-listid=\"34110\" data-bs-toggle=\"modal\" data-bs-target=\"#listing-lightbox-v3\">\n            <span data-bs-toggle=\"tooltip\" data-bs-placement=\"top\" title=\"Preview\">\n                <i class=\"houzez-icon icon-expand-3\"><\/i>   \n            <\/span>\n        <\/span><!-- item-tool-favorite -->\n    <\/li><!-- item-tool -->\n        \n        <li class=\"item-tool item-favorite\">\n        <span class=\"add-favorite-js item-tool-favorite text-center\" data-bs-toggle=\"tooltip\" data-bs-placement=\"top\" title=\"Favourite\" data-listid=\"34110\">\n            <i class=\"houzez-icon icon-love-it \"><\/i>\n        <\/span><!-- item-tool-favorite -->\n    <\/li><!-- item-tool -->\n    \n        <li class=\"item-tool item-compare\">\n        <span class=\"houzez_compare compare-34110 item-tool-compare text-center\" data-bs-toggle=\"tooltip\" data-bs-placement=\"top\" title=\"Add to Compare\" data-listing_id=\"34110\" data-listing_image=\"https:\/\/mediterra.group\/wp-content\/uploads\/2025\/07\/girne-bellapais-satilik-villa-454083-1750693697.8279-584x438.jpg\">\n            <i class=\"houzez-icon icon-add-circle\"><\/i>\n            <!-- <i class=\"houzez-icon icon-subtract-circle\"><\/i> -->\n        <\/span><!-- item-tool-compare -->\n    <\/li><!-- item-tool -->\n    <\/ul><!-- item-tools -->\n\t\t\t\t<div class=\"listing-image-wrap\">\n\t<div class=\"listing-thumb\">\n\t\t<a target=\"_self\" href=\"https:\/\/mediterra.group\/de\/property\/nv-402-luxurioese-villa-im-zentrum-von-kyrenia-mit-blick-auf-das-meer-und-die-berge\/\" class=\"listing-featured-thumb hover-effect image-wrap\" role=\"link\">\n\t\t\t<img loading=\"lazy\" decoding=\"async\" width=\"584\" height=\"438\" src=\"https:\/\/mediterra.group\/wp-content\/uploads\/2025\/07\/girne-bellapais-satilik-villa-454083-1750693697.8279-584x438.jpg\" class=\"img-fluid wp-post-image\" alt=\"\" srcset=\"https:\/\/mediterra.group\/wp-content\/uploads\/2025\/07\/girne-bellapais-satilik-villa-454083-1750693697.8279-584x438.jpg 584w, https:\/\/mediterra.group\/wp-content\/uploads\/2025\/07\/girne-bellapais-satilik-villa-454083-1750693697.8279.jpg 640w\" sizes=\"(max-width: 584px) 100vw, 584px\" \/>\t\t<\/a><!-- hover-effect -->\n\t<\/div>\n<\/div>\t\t\t\t<div class=\"preview_loader\"><\/div>\n\t\t\t<\/div>\n\t\t\t<div class=\"item-body w-100 flex-grow-1\">\n\t\t\t\t<h2 class=\"item-title mb-2 \">\n\t<a target=\"_self\" href=\"https:\/\/mediterra.group\/de\/property\/nv-402-luxurioese-villa-im-zentrum-von-kyrenia-mit-blick-auf-das-meer-und-die-berge\/\" role=\"link\">NV-402: Luxuri\u00f6se Villa im Zentrum von Kyrenia mit Blick auf das Meer und die Berge<\/a>\n<\/h2><!-- item-title -->\t\t\t\t<address class=\"item-address mb-2\"><i class=\"houzez-icon icon-pin me-1\" aria-hidden=\"true\"><\/i><span>Esentepe, Kyrenia, Nordzypern<\/span><\/address>\t\t\t\t\t\t\t\t<ul class=\"item-amenities d-flex flex-wrap align-items-center gap-2 mb-2 item-amenities-with-icons\" role=\"list\">\n\t<li class=\"h-beds d-flex align-items-center me-1\"><i class=\"houzez-icon icon-hotel-double-bed-1 me-2\"><\/i><span class=\"item-amenities-text\">Beds:<\/span> <span class=\"hz-figure\">4<\/span><\/li><li class=\"h-baths d-flex align-items-center me-1\"><i class=\"houzez-icon icon-bathroom-shower-1 me-2\"><\/i><span class=\"item-amenities-text\">Baths:<\/span> <span class=\"hz-figure\">4<\/span><\/li><li class=\"h-area d-flex align-items-center me-1\"><i class=\"houzez-icon icon-ruler-triangle me-2\"><\/i><span class=\"hz-figure me-1\">435m\u00b2<\/span> <span class=\"hz-figure area_postfix\"><\/span><\/li><li class=\"h-type d-flex w-100\" role=\"listitem\"><span>Exklusive Eigenschaften, Mediterra Auswahl, Projekte, Villa<\/span><\/li><\/ul>\t\t\t\t<a class=\"btn btn-primary btn-item d-md-none d-xl-flex item-no-footer\" target=\"_self\" href=\"https:\/\/mediterra.group\/de\/property\/nv-402-luxurioese-villa-im-zentrum-von-kyrenia-mit-blick-auf-das-meer-und-die-berge\/\">\n\tEinzelheiten<\/a><!-- btn-item -->\n\t\t\t<\/div>\n\t\t\t\t\t<\/div>\n\t<\/div>\n<\/div><div class=\"item-listing-wrap item-wrap-v1 hz-item-gallery-js hz-map-trigger\" data-hz-id=\"33936\" data-images=\"[{&quot;image&quot;:&quot;https:\\\/\\\/mediterra.group\\\/wp-content\\\/uploads\\\/2025\\\/07\\\/girne-esentepe-satilik-daire-453378-1750405601.365-584x438.jpg&quot;,&quot;alt&quot;:&quot;&quot;,&quot;width&quot;:584,&quot;height&quot;:438},{&quot;image&quot;:&quot;https:\\\/\\\/mediterra.group\\\/wp-content\\\/uploads\\\/2025\\\/07\\\/girne-esentepe-satilik-daire-453378-1750405590.1047-584x438.jpg&quot;,&quot;alt&quot;:&quot;&quot;,&quot;width&quot;:584,&quot;height&quot;:438},{&quot;image&quot;:&quot;https:\\\/\\\/mediterra.group\\\/wp-content\\\/uploads\\\/2025\\\/07\\\/girne-esentepe-satilik-daire-453378-1750405591.8955-584x438.jpg&quot;,&quot;alt&quot;:&quot;&quot;,&quot;width&quot;:584,&quot;height&quot;:438},{&quot;image&quot;:&quot;https:\\\/\\\/mediterra.group\\\/wp-content\\\/uploads\\\/2025\\\/07\\\/girne-esentepe-satilik-daire-453378-1750405593.7366-584x438.jpg&quot;,&quot;alt&quot;:&quot;&quot;,&quot;width&quot;:584,&quot;height&quot;:438},{&quot;image&quot;:&quot;https:\\\/\\\/mediterra.group\\\/wp-content\\\/uploads\\\/2025\\\/07\\\/girne-esentepe-satilik-daire-453378-1750405588.3928-584x438.jpg&quot;,&quot;alt&quot;:&quot;&quot;,&quot;width&quot;:584,&quot;height&quot;:438},{&quot;image&quot;:&quot;https:\\\/\\\/mediterra.group\\\/wp-content\\\/uploads\\\/2025\\\/07\\\/girne-esentepe-satilik-daire-453378-1750405586.6132-584x438.jpg&quot;,&quot;alt&quot;:&quot;&quot;,&quot;width&quot;:584,&quot;height&quot;:438},{&quot;image&quot;:&quot;https:\\\/\\\/mediterra.group\\\/wp-content\\\/uploads\\\/2025\\\/07\\\/girne-esentepe-satilik-daire-453378-1750405601.365-584x438.jpg&quot;,&quot;alt&quot;:&quot;&quot;,&quot;width&quot;:584,&quot;height&quot;:438},{&quot;image&quot;:&quot;https:\\\/\\\/mediterra.group\\\/wp-content\\\/uploads\\\/2025\\\/07\\\/girne-esentepe-satilik-daire-453378-1750405599.981-584x438.jpg&quot;,&quot;alt&quot;:&quot;&quot;,&quot;width&quot;:584,&quot;height&quot;:438},{&quot;image&quot;:&quot;https:\\\/\\\/mediterra.group\\\/wp-content\\\/uploads\\\/2025\\\/07\\\/girne-esentepe-satilik-daire-453378-1750405595.3764-584x438.jpg&quot;,&quot;alt&quot;:&quot;&quot;,&quot;width&quot;:584,&quot;height&quot;:438},{&quot;image&quot;:&quot;https:\\\/\\\/mediterra.group\\\/wp-content\\\/uploads\\\/2025\\\/07\\\/girne-esentepe-satilik-daire-453378-1750405596.9061-584x438.jpg&quot;,&quot;alt&quot;:&quot;&quot;,&quot;width&quot;:584,&quot;height&quot;:438}]\">\n\t<div class=\"item-wrap item-wrap-no-frame h-100\">\n\t\t<div class=\"d-flex flex-column align-items-center h-100\">\n\t\t\t<div class=\"item-header\">\n\t\t\t\t<span class=\"label-featured label me-1\" role=\"status\">Empfohlen<\/span>\t\t\t\t<div class=\"labels-wrap d-flex align-items-center gap-1\" role=\"group\"> \n\n\t<a href=\"https:\/\/mediterra.group\/de\/status\/auserplanmasig\/\" class=\"label-status label status-color-583\">\n\t\t\t\t\tAu\u00dferplanm\u00e4\u00dfig\n\t\t\t\t<\/a><a href=\"https:\/\/mediterra.group\/de\/label\/heises-angebot\/\" class=\"hz-label label label-color-478\">\n\t\t\t\t\tHei\u00dfes Angebot\n\t\t\t\t<\/a>       \n\n<\/div>\n\t\t\t\t<ul class=\"item-price-wrap d-flex flex-column gap-2\" role=\"list\">\n\t<li class=\"item-price\"><span class=\"price\">\u00a3269,000<\/span><\/li><li class=\"item-sub-price\"><span class=\"price\">\u00a33,360<\/span><span class=\"price-postfix\">\/m\u00b2<\/span><\/li><\/ul>\t\t\t\t<ul class=\"item-tools d-flex align-items-center justify-content-center gap-1\">\n        <li class=\"item-tool item-preview\">\n        <span class=\"hz-show-lightbox-js item-tool-preview text-center\" data-listid=\"33936\" data-bs-toggle=\"modal\" data-bs-target=\"#listing-lightbox-v3\">\n            <span data-bs-toggle=\"tooltip\" data-bs-placement=\"top\" title=\"Preview\">\n                <i class=\"houzez-icon icon-expand-3\"><\/i>   \n            <\/span>\n        <\/span><!-- item-tool-favorite -->\n    <\/li><!-- item-tool -->\n        \n        <li class=\"item-tool item-favorite\">\n        <span class=\"add-favorite-js item-tool-favorite text-center\" data-bs-toggle=\"tooltip\" data-bs-placement=\"top\" title=\"Favourite\" data-listid=\"33936\">\n            <i class=\"houzez-icon icon-love-it \"><\/i>\n        <\/span><!-- item-tool-favorite -->\n    <\/li><!-- item-tool -->\n    \n        <li class=\"item-tool item-compare\">\n        <span class=\"houzez_compare compare-33936 item-tool-compare text-center\" data-bs-toggle=\"tooltip\" data-bs-placement=\"top\" title=\"Add to Compare\" data-listing_id=\"33936\" data-listing_image=\"https:\/\/mediterra.group\/wp-content\/uploads\/2025\/07\/girne-esentepe-satilik-daire-453378-1750405601.365-584x438.jpg\">\n            <i class=\"houzez-icon icon-add-circle\"><\/i>\n            <!-- <i class=\"houzez-icon icon-subtract-circle\"><\/i> -->\n        <\/span><!-- item-tool-compare -->\n    <\/li><!-- item-tool -->\n    <\/ul><!-- item-tools -->\n\t\t\t\t<div class=\"listing-image-wrap\">\n\t<div class=\"listing-thumb\">\n\t\t<a target=\"_self\" href=\"https:\/\/mediterra.group\/de\/property\/na-202-brandneue-wohnung-am-mittelmeer\/\" class=\"listing-featured-thumb hover-effect image-wrap\" role=\"link\">\n\t\t\t<img loading=\"lazy\" decoding=\"async\" width=\"584\" height=\"438\" src=\"https:\/\/mediterra.group\/wp-content\/uploads\/2025\/07\/girne-esentepe-satilik-daire-453378-1750405601.365-584x438.jpg\" class=\"img-fluid wp-post-image\" alt=\"\" srcset=\"https:\/\/mediterra.group\/wp-content\/uploads\/2025\/07\/girne-esentepe-satilik-daire-453378-1750405601.365-584x438.jpg 584w, https:\/\/mediterra.group\/wp-content\/uploads\/2025\/07\/girne-esentepe-satilik-daire-453378-1750405601.365.jpg 640w\" sizes=\"(max-width: 584px) 100vw, 584px\" \/>\t\t<\/a><!-- hover-effect -->\n\t<\/div>\n<\/div>\t\t\t\t<div class=\"preview_loader\"><\/div>\n\t\t\t<\/div>\n\t\t\t<div class=\"item-body w-100 flex-grow-1\">\n\t\t\t\t<h2 class=\"item-title mb-2 \">\n\t<a target=\"_self\" href=\"https:\/\/mediterra.group\/de\/property\/na-202-brandneue-wohnung-am-mittelmeer\/\" role=\"link\">NA-202: Brandneue Wohnung am Mittelmeer<\/a>\n<\/h2><!-- item-title -->\t\t\t\t<address class=\"item-address mb-2\"><i class=\"houzez-icon icon-pin me-1\" aria-hidden=\"true\"><\/i><span>Esentepe, Kyrenia, Nordzypern<\/span><\/address>\t\t\t\t\t\t\t\t<ul class=\"item-amenities d-flex flex-wrap align-items-center gap-2 mb-2 item-amenities-with-icons\" role=\"list\">\n\t<li class=\"h-beds d-flex align-items-center me-1\"><i class=\"houzez-icon icon-hotel-double-bed-1 me-2\"><\/i><span class=\"item-amenities-text\">Beds:<\/span> <span class=\"hz-figure\">2<\/span><\/li><li class=\"h-baths d-flex align-items-center me-1\"><i class=\"houzez-icon icon-bathroom-shower-1 me-2\"><\/i><span class=\"item-amenities-text\">Baths:<\/span> <span class=\"hz-figure\">2<\/span><\/li><li class=\"h-area d-flex align-items-center me-1\"><i class=\"houzez-icon icon-ruler-triangle me-2\"><\/i><span class=\"hz-figure me-1\">80m\u00b2<\/span> <span class=\"hz-figure area_postfix\"><\/span><\/li><li class=\"h-type d-flex w-100\" role=\"listitem\"><span>Exklusive Eigenschaften, Mediterra Auswahl, Projekte, Wohnung<\/span><\/li><\/ul>\t\t\t\t<a class=\"btn btn-primary btn-item d-md-none d-xl-flex item-no-footer\" target=\"_self\" href=\"https:\/\/mediterra.group\/de\/property\/na-202-brandneue-wohnung-am-mittelmeer\/\">\n\tEinzelheiten<\/a><!-- btn-item -->\n\t\t\t<\/div>\n\t\t\t\t\t<\/div>\n\t<\/div>\n<\/div><div class=\"item-listing-wrap item-wrap-v1 hz-item-gallery-js hz-map-trigger\" data-hz-id=\"33785\" data-images=\"[{&quot;image&quot;:&quot;https:\\\/\\\/mediterra.group\\\/wp-content\\\/uploads\\\/2025\\\/07\\\/girne-esentepe-satilik-daire-453395-1750407501.4986-584x438.jpg&quot;,&quot;alt&quot;:&quot;&quot;,&quot;width&quot;:584,&quot;height&quot;:438},{&quot;image&quot;:&quot;https:\\\/\\\/mediterra.group\\\/wp-content\\\/uploads\\\/2025\\\/07\\\/girne-esentepe-satilik-daire-453395-1750407501.4986-584x438.jpg&quot;,&quot;alt&quot;:&quot;&quot;,&quot;width&quot;:584,&quot;height&quot;:438},{&quot;image&quot;:&quot;https:\\\/\\\/mediterra.group\\\/wp-content\\\/uploads\\\/2025\\\/07\\\/girne-esentepe-satilik-daire-453378-1750405591.8955-1-584x438.jpg&quot;,&quot;alt&quot;:&quot;&quot;,&quot;width&quot;:584,&quot;height&quot;:438},{&quot;image&quot;:&quot;https:\\\/\\\/mediterra.group\\\/wp-content\\\/uploads\\\/2025\\\/07\\\/girne-esentepe-satilik-daire-453378-1750405593.7366-1-584x438.jpg&quot;,&quot;alt&quot;:&quot;&quot;,&quot;width&quot;:584,&quot;height&quot;:438},{&quot;image&quot;:&quot;https:\\\/\\\/mediterra.group\\\/wp-content\\\/uploads\\\/2025\\\/07\\\/girne-esentepe-satilik-daire-453378-1750405599.981-1-584x438.jpg&quot;,&quot;alt&quot;:&quot;&quot;,&quot;width&quot;:584,&quot;height&quot;:438},{&quot;image&quot;:&quot;https:\\\/\\\/mediterra.group\\\/wp-content\\\/uploads\\\/2025\\\/07\\\/girne-esentepe-satilik-daire-453378-1750405595.3764-1-584x438.jpg&quot;,&quot;alt&quot;:&quot;&quot;,&quot;width&quot;:584,&quot;height&quot;:438},{&quot;image&quot;:&quot;https:\\\/\\\/mediterra.group\\\/wp-content\\\/uploads\\\/2025\\\/07\\\/girne-esentepe-satilik-daire-453395-1750407495.7584-584x438.jpg&quot;,&quot;alt&quot;:&quot;&quot;,&quot;width&quot;:584,&quot;height&quot;:438},{&quot;image&quot;:&quot;https:\\\/\\\/mediterra.group\\\/wp-content\\\/uploads\\\/2025\\\/07\\\/girne-esentepe-satilik-daire-453378-1750405596.9061-1-584x438.jpg&quot;,&quot;alt&quot;:&quot;&quot;,&quot;width&quot;:584,&quot;height&quot;:438},{&quot;image&quot;:&quot;https:\\\/\\\/mediterra.group\\\/wp-content\\\/uploads\\\/2025\\\/07\\\/girne-esentepe-satilik-daire-453378-1750405601.365-1-584x438.jpg&quot;,&quot;alt&quot;:&quot;&quot;,&quot;width&quot;:584,&quot;height&quot;:438},{&quot;image&quot;:&quot;https:\\\/\\\/mediterra.group\\\/wp-content\\\/uploads\\\/2025\\\/07\\\/girne-esentepe-satilik-daire-453378-1750405588.3928-1-584x438.jpg&quot;,&quot;alt&quot;:&quot;&quot;,&quot;width&quot;:584,&quot;height&quot;:438}]\">\n\t<div class=\"item-wrap item-wrap-no-frame h-100\">\n\t\t<div class=\"d-flex flex-column align-items-center h-100\">\n\t\t\t<div class=\"item-header\">\n\t\t\t\t<span class=\"label-featured label me-1\" role=\"status\">Empfohlen<\/span>\t\t\t\t<div class=\"labels-wrap d-flex align-items-center gap-1\" role=\"group\"> \n\n\t<a href=\"https:\/\/mediterra.group\/de\/status\/auserplanmasig\/\" class=\"label-status label status-color-583\">\n\t\t\t\t\tAu\u00dferplanm\u00e4\u00dfig\n\t\t\t\t<\/a><a href=\"https:\/\/mediterra.group\/de\/label\/heises-angebot\/\" class=\"hz-label label label-color-478\">\n\t\t\t\t\tHei\u00dfes Angebot\n\t\t\t\t<\/a>       \n\n<\/div>\n\t\t\t\t<ul class=\"item-price-wrap d-flex flex-column gap-2\" role=\"list\">\n\t<li class=\"item-price\"><span class=\"price\">\u00a3299,000<\/span><\/li><li class=\"item-sub-price\"><span class=\"price\">\u00a32,215<\/span><span class=\"price-postfix\">\/m\u00b2<\/span><\/li><\/ul>\t\t\t\t<ul class=\"item-tools d-flex align-items-center justify-content-center gap-1\">\n        <li class=\"item-tool item-preview\">\n        <span class=\"hz-show-lightbox-js item-tool-preview text-center\" data-listid=\"33785\" data-bs-toggle=\"modal\" data-bs-target=\"#listing-lightbox-v3\">\n            <span data-bs-toggle=\"tooltip\" data-bs-placement=\"top\" title=\"Preview\">\n                <i class=\"houzez-icon icon-expand-3\"><\/i>   \n            <\/span>\n        <\/span><!-- item-tool-favorite -->\n    <\/li><!-- item-tool -->\n        \n        <li class=\"item-tool item-favorite\">\n        <span class=\"add-favorite-js item-tool-favorite text-center\" data-bs-toggle=\"tooltip\" data-bs-placement=\"top\" title=\"Favourite\" data-listid=\"33785\">\n            <i class=\"houzez-icon icon-love-it \"><\/i>\n        <\/span><!-- item-tool-favorite -->\n    <\/li><!-- item-tool -->\n    \n        <li class=\"item-tool item-compare\">\n        <span class=\"houzez_compare compare-33785 item-tool-compare text-center\" data-bs-toggle=\"tooltip\" data-bs-placement=\"top\" title=\"Add to Compare\" data-listing_id=\"33785\" data-listing_image=\"https:\/\/mediterra.group\/wp-content\/uploads\/2025\/07\/girne-esentepe-satilik-daire-453395-1750407501.4986-584x438.jpg\">\n            <i class=\"houzez-icon icon-add-circle\"><\/i>\n            <!-- <i class=\"houzez-icon icon-subtract-circle\"><\/i> -->\n        <\/span><!-- item-tool-compare -->\n    <\/li><!-- item-tool -->\n    <\/ul><!-- item-tools -->\n\t\t\t\t<div class=\"listing-image-wrap\">\n\t<div class=\"listing-thumb\">\n\t\t<a target=\"_self\" href=\"https:\/\/mediterra.group\/de\/property\/na-203-brandneues-apartment-mit-blick-auf-das-meer-und-die-berge\/\" class=\"listing-featured-thumb hover-effect image-wrap\" role=\"link\">\n\t\t\t<img loading=\"lazy\" decoding=\"async\" width=\"584\" height=\"438\" src=\"https:\/\/mediterra.group\/wp-content\/uploads\/2025\/07\/girne-esentepe-satilik-daire-453395-1750407501.4986-584x438.jpg\" class=\"img-fluid wp-post-image\" alt=\"\" srcset=\"https:\/\/mediterra.group\/wp-content\/uploads\/2025\/07\/girne-esentepe-satilik-daire-453395-1750407501.4986-584x438.jpg 584w, https:\/\/mediterra.group\/wp-content\/uploads\/2025\/07\/girne-esentepe-satilik-daire-453395-1750407501.4986.jpg 640w\" sizes=\"(max-width: 584px) 100vw, 584px\" \/>\t\t<\/a><!-- hover-effect -->\n\t<\/div>\n<\/div>\t\t\t\t<div class=\"preview_loader\"><\/div>\n\t\t\t<\/div>\n\t\t\t<div class=\"item-body w-100 flex-grow-1\">\n\t\t\t\t<h2 class=\"item-title mb-2 \">\n\t<a target=\"_self\" href=\"https:\/\/mediterra.group\/de\/property\/na-203-brandneues-apartment-mit-blick-auf-das-meer-und-die-berge\/\" role=\"link\">NA-203: Brandneues Apartment mit Blick auf das Meer und die Berge<\/a>\n<\/h2><!-- item-title -->\t\t\t\t<address class=\"item-address mb-2\"><i class=\"houzez-icon icon-pin me-1\" aria-hidden=\"true\"><\/i><span>Esentepe, Kyrenia, Nordzypern<\/span><\/address>\t\t\t\t\t\t\t\t<ul class=\"item-amenities d-flex flex-wrap align-items-center gap-2 mb-2 item-amenities-with-icons\" role=\"list\">\n\t<li class=\"h-beds d-flex align-items-center me-1\"><i class=\"houzez-icon icon-hotel-double-bed-1 me-2\"><\/i><span class=\"item-amenities-text\">Beds:<\/span> <span class=\"hz-figure\">2<\/span><\/li><li class=\"h-baths d-flex align-items-center me-1\"><i class=\"houzez-icon icon-bathroom-shower-1 me-2\"><\/i><span class=\"item-amenities-text\">Baths:<\/span> <span class=\"hz-figure\">2<\/span><\/li><li class=\"h-area d-flex align-items-center me-1\"><i class=\"houzez-icon icon-ruler-triangle me-2\"><\/i><span class=\"hz-figure me-1\">135m\u00b2<\/span> <span class=\"hz-figure area_postfix\"><\/span><\/li><li class=\"h-type d-flex w-100\" role=\"listitem\"><span>Exklusive Eigenschaften, Mediterra Auswahl, Projekte, Wohnung<\/span><\/li><\/ul>\t\t\t\t<a class=\"btn btn-primary btn-item d-md-none d-xl-flex item-no-footer\" target=\"_self\" href=\"https:\/\/mediterra.group\/de\/property\/na-203-brandneues-apartment-mit-blick-auf-das-meer-und-die-berge\/\">\n\tEinzelheiten<\/a><!-- btn-item -->\n\t\t\t<\/div>\n\t\t\t\t\t<\/div>\n\t<\/div>\n<\/div>                <\/div><!-- carousel-wrap -->\n            <\/div><!-- listing-view grid-view -->\n            \n                    <\/div><!-- property-carousel-module -->\n        \t\t\t\t<\/div>\n\t\t\t\t<\/div>\n\t\t\t\t<\/div>\n\t\t\t\t<\/div>\n\t\t\t\t<\/div>\n\t\t\t\t\t<\/div>\n\t\t\t\t<\/div>\n\t\t\t\t<\/div>\n\t\t","protected":false},"excerpt":{"rendered":"<p>Mediterra Selection Featured Au\u00dferplanm\u00e4\u00dfig \u00a31,450,000 \u00a39,670\/m\u00b2 Au\u00dferplanm\u00e4\u00dfig NV-306: Luxuri\u00f6se 3-Schlafzimmer-Villa mit atemberaubendem Meer- und Bergblick in Edremit \u00a31,450,000 \u00a39,670\/m\u00b2 Edremit, Kyrenia, Nordzypern Beds: 3 Baths: 4 150m\u00b2 m\u00b2 Mediterra Auswahl, Projekte, Villa Details mediterra 1 week ago mediterra 1 week ago Featured Hei\u00dfes Angebot \u00a31,950,000 \u00a35,130\/m\u00b2 Hei\u00dfes Angebot NV-403: Moderne 4-Schlafzimmer-Villa mit Meerblick und privatem [&hellip;]<\/p>\n","protected":false},"author":1,"featured_media":0,"parent":0,"menu_order":0,"comment_status":"closed","ping_status":"closed","template":"template\/template-homepage.php","meta":{"_acf_changed":false,"footnotes":""},"class_list":["post-33367","page","type-page","status-publish","hentry"],"acf":[],"yoast_head":"<!-- This site is optimized with the Yoast SEO plugin v27.5 - https:\/\/yoast.com\/product\/yoast-seo-wordpress\/ -->\n<title>Mediterra Auswahl - Mediterra Group<\/title>\n<meta name=\"robots\" content=\"index, follow, max-snippet:-1, max-image-preview:large, max-video-preview:-1\" \/>\n<link rel=\"canonical\" href=\"https:\/\/mediterra.group\/mediterra-selection\/\" \/>\n<meta property=\"og:locale\" content=\"de_DE\" \/>\n<meta property=\"og:type\" content=\"article\" \/>\n<meta property=\"og:title\" content=\"Mediterra Auswahl - Mediterra Group\" \/>\n<meta property=\"og:description\" content=\"Mediterra Selection Featured Au\u00dferplanm\u00e4\u00dfig \u00a31,450,000 \u00a39,670\/m\u00b2 Au\u00dferplanm\u00e4\u00dfig NV-306: Luxuri\u00f6se 3-Schlafzimmer-Villa mit atemberaubendem Meer- und Bergblick in Edremit \u00a31,450,000 \u00a39,670\/m\u00b2 Edremit, Kyrenia, Nordzypern Beds: 3 Baths: 4 150m\u00b2 m\u00b2 Mediterra Auswahl, Projekte, Villa Details mediterra 1 week ago mediterra 1 week ago Featured Hei\u00dfes Angebot \u00a31,950,000 \u00a35,130\/m\u00b2 Hei\u00dfes Angebot NV-403: Moderne 4-Schlafzimmer-Villa mit Meerblick und privatem [&hellip;]\" \/>\n<meta property=\"og:url\" content=\"https:\/\/mediterra.group\/mediterra-selection\/\" \/>\n<meta property=\"og:site_name\" content=\"Mediterra Group\" \/>\n<meta property=\"article:modified_time\" content=\"2025-07-25T08:40:46+00:00\" \/>\n<meta property=\"og:image\" content=\"https:\/\/mediterra.group\/wp-content\/uploads\/2025\/07\/Ekran-goruntusu-2025-07-17-122900-584x438.png\" \/>\n<meta name=\"twitter:card\" content=\"summary_large_image\" \/>\n<meta name=\"twitter:label1\" content=\"Gesch\u00e4tzte Lesezeit\" \/>\n\t<meta name=\"twitter:data1\" content=\"3\u00a0Minuten\" \/>\n<script type=\"application\/ld+json\" class=\"yoast-schema-graph\">{\"@context\":\"https:\\\/\\\/schema.org\",\"@graph\":[{\"@type\":\"WebPage\",\"@id\":\"https:\\\/\\\/mediterra.group\\\/mediterra-selection\\\/\",\"url\":\"https:\\\/\\\/mediterra.group\\\/mediterra-selection\\\/\",\"name\":\"Mediterra Auswahl - Mediterra Group\",\"isPartOf\":{\"@id\":\"https:\\\/\\\/mediterra.group\\\/ar\\\/#website\"},\"primaryImageOfPage\":{\"@id\":\"https:\\\/\\\/mediterra.group\\\/mediterra-selection\\\/#primaryimage\"},\"image\":{\"@id\":\"https:\\\/\\\/mediterra.group\\\/mediterra-selection\\\/#primaryimage\"},\"thumbnailUrl\":\"https:\\\/\\\/mediterra.group\\\/wp-content\\\/uploads\\\/2025\\\/07\\\/Ekran-goruntusu-2025-07-17-122900-584x438.png\",\"datePublished\":\"2025-07-09T10:50:13+00:00\",\"dateModified\":\"2025-07-25T08:40:46+00:00\",\"breadcrumb\":{\"@id\":\"https:\\\/\\\/mediterra.group\\\/mediterra-selection\\\/#breadcrumb\"},\"inLanguage\":\"de\",\"potentialAction\":[{\"@type\":\"ReadAction\",\"target\":[\"https:\\\/\\\/mediterra.group\\\/mediterra-selection\\\/\"]}]},{\"@type\":\"ImageObject\",\"inLanguage\":\"de\",\"@id\":\"https:\\\/\\\/mediterra.group\\\/mediterra-selection\\\/#primaryimage\",\"url\":\"https:\\\/\\\/mediterra.group\\\/wp-content\\\/uploads\\\/2025\\\/07\\\/Ekran-goruntusu-2025-07-17-122900-584x438.png\",\"contentUrl\":\"https:\\\/\\\/mediterra.group\\\/wp-content\\\/uploads\\\/2025\\\/07\\\/Ekran-goruntusu-2025-07-17-122900-584x438.png\"},{\"@type\":\"BreadcrumbList\",\"@id\":\"https:\\\/\\\/mediterra.group\\\/mediterra-selection\\\/#breadcrumb\",\"itemListElement\":[{\"@type\":\"ListItem\",\"position\":1,\"name\":\"Home\",\"item\":\"https:\\\/\\\/mediterra.group\\\/de\\\/\"},{\"@type\":\"ListItem\",\"position\":2,\"name\":\"Mediterra Auswahl\"}]},{\"@type\":\"WebSite\",\"@id\":\"https:\\\/\\\/mediterra.group\\\/ar\\\/#website\",\"url\":\"https:\\\/\\\/mediterra.group\\\/ar\\\/\",\"name\":\"Mediterra Group\",\"description\":\"\",\"potentialAction\":[{\"@type\":\"SearchAction\",\"target\":{\"@type\":\"EntryPoint\",\"urlTemplate\":\"https:\\\/\\\/mediterra.group\\\/ar\\\/?s={search_term_string}\"},\"query-input\":{\"@type\":\"PropertyValueSpecification\",\"valueRequired\":true,\"valueName\":\"search_term_string\"}}],\"inLanguage\":\"de\"}]}<\/script>\n<!-- \/ Yoast SEO plugin. -->","yoast_head_json":{"title":"Mediterra Auswahl - Mediterra Group","robots":{"index":"index","follow":"follow","max-snippet":"max-snippet:-1","max-image-preview":"max-image-preview:large","max-video-preview":"max-video-preview:-1"},"canonical":"https:\/\/mediterra.group\/mediterra-selection\/","og_locale":"de_DE","og_type":"article","og_title":"Mediterra Auswahl - Mediterra Group","og_description":"Mediterra Selection Featured Au\u00dferplanm\u00e4\u00dfig \u00a31,450,000 \u00a39,670\/m\u00b2 Au\u00dferplanm\u00e4\u00dfig NV-306: Luxuri\u00f6se 3-Schlafzimmer-Villa mit atemberaubendem Meer- und Bergblick in Edremit \u00a31,450,000 \u00a39,670\/m\u00b2 Edremit, Kyrenia, Nordzypern Beds: 3 Baths: 4 150m\u00b2 m\u00b2 Mediterra Auswahl, Projekte, Villa Details mediterra 1 week ago mediterra 1 week ago Featured Hei\u00dfes Angebot \u00a31,950,000 \u00a35,130\/m\u00b2 Hei\u00dfes Angebot NV-403: Moderne 4-Schlafzimmer-Villa mit Meerblick und privatem [&hellip;]","og_url":"https:\/\/mediterra.group\/mediterra-selection\/","og_site_name":"Mediterra Group","article_modified_time":"2025-07-25T08:40:46+00:00","og_image":[{"url":"https:\/\/mediterra.group\/wp-content\/uploads\/2025\/07\/Ekran-goruntusu-2025-07-17-122900-584x438.png","type":"","width":"","height":""}],"twitter_card":"summary_large_image","twitter_misc":{"Gesch\u00e4tzte Lesezeit":"3\u00a0Minuten"},"schema":{"@context":"https:\/\/schema.org","@graph":[{"@type":"WebPage","@id":"https:\/\/mediterra.group\/mediterra-selection\/","url":"https:\/\/mediterra.group\/mediterra-selection\/","name":"Mediterra Auswahl - Mediterra Group","isPartOf":{"@id":"https:\/\/mediterra.group\/ar\/#website"},"primaryImageOfPage":{"@id":"https:\/\/mediterra.group\/mediterra-selection\/#primaryimage"},"image":{"@id":"https:\/\/mediterra.group\/mediterra-selection\/#primaryimage"},"thumbnailUrl":"https:\/\/mediterra.group\/wp-content\/uploads\/2025\/07\/Ekran-goruntusu-2025-07-17-122900-584x438.png","datePublished":"2025-07-09T10:50:13+00:00","dateModified":"2025-07-25T08:40:46+00:00","breadcrumb":{"@id":"https:\/\/mediterra.group\/mediterra-selection\/#breadcrumb"},"inLanguage":"de","potentialAction":[{"@type":"ReadAction","target":["https:\/\/mediterra.group\/mediterra-selection\/"]}]},{"@type":"ImageObject","inLanguage":"de","@id":"https:\/\/mediterra.group\/mediterra-selection\/#primaryimage","url":"https:\/\/mediterra.group\/wp-content\/uploads\/2025\/07\/Ekran-goruntusu-2025-07-17-122900-584x438.png","contentUrl":"https:\/\/mediterra.group\/wp-content\/uploads\/2025\/07\/Ekran-goruntusu-2025-07-17-122900-584x438.png"},{"@type":"BreadcrumbList","@id":"https:\/\/mediterra.group\/mediterra-selection\/#breadcrumb","itemListElement":[{"@type":"ListItem","position":1,"name":"Home","item":"https:\/\/mediterra.group\/de\/"},{"@type":"ListItem","position":2,"name":"Mediterra Auswahl"}]},{"@type":"WebSite","@id":"https:\/\/mediterra.group\/ar\/#website","url":"https:\/\/mediterra.group\/ar\/","name":"Mediterra Group","description":"","potentialAction":[{"@type":"SearchAction","target":{"@type":"EntryPoint","urlTemplate":"https:\/\/mediterra.group\/ar\/?s={search_term_string}"},"query-input":{"@type":"PropertyValueSpecification","valueRequired":true,"valueName":"search_term_string"}}],"inLanguage":"de"}]}},"_links":{"self":[{"href":"https:\/\/mediterra.group\/de\/wp-json\/wp\/v2\/pages\/33367","targetHints":{"allow":["GET"]}}],"collection":[{"href":"https:\/\/mediterra.group\/de\/wp-json\/wp\/v2\/pages"}],"about":[{"href":"https:\/\/mediterra.group\/de\/wp-json\/wp\/v2\/types\/page"}],"author":[{"embeddable":true,"href":"https:\/\/mediterra.group\/de\/wp-json\/wp\/v2\/users\/1"}],"replies":[{"embeddable":true,"href":"https:\/\/mediterra.group\/de\/wp-json\/wp\/v2\/comments?post=33367"}],"version-history":[{"count":3,"href":"https:\/\/mediterra.group\/de\/wp-json\/wp\/v2\/pages\/33367\/revisions"}],"predecessor-version":[{"id":34637,"href":"https:\/\/mediterra.group\/de\/wp-json\/wp\/v2\/pages\/33367\/revisions\/34637"}],"wp:attachment":[{"href":"https:\/\/mediterra.group\/de\/wp-json\/wp\/v2\/media?parent=33367"}],"curies":[{"name":"wp","href":"https:\/\/api.w.org\/{rel}","templated":true}]}}